{"id":6125,"date":"2025-09-23T13:08:11","date_gmt":"2025-09-23T11:08:11","guid":{"rendered":"https:\/\/www.immowelt.de\/immobilienprofis\/?page_id=6125"},"modified":"2026-09-02T14:26:26","modified_gmt":"2026-09-02T12:26:26","slug":"expo-real","status":"publish","type":"page","link":"https:\/\/www.immowelt.de\/immobilienprofis\/expo-real","title":{"rendered":"Expo Real"},"content":{"rendered":"\n<style type=\"text\/css\" data-created_by=\"avia_inline_auto\" id=\"style-css-av-1rl46jh-3cd2eac97fd62fed292a137b1206976e\">\n.avia-section.av-1rl46jh-3cd2eac97fd62fed292a137b1206976e{\nbackground-repeat:no-repeat;\nbackground-image:url(https:\/\/www.immowelt.de\/immobilienprofis\/wp-content\/uploads\/2026\/05\/nyce-immowelt-b2b-hero-bg-1.jpg);\nbackground-position:50% 100%;\nbackground-attachment:scroll;\n}\n<\/style>\n<div id='av_section_1'  class='avia-section av-1rl46jh-3cd2eac97fd62fed292a137b1206976e main_color avia-section-default avia-no-border-styling  avia-builder-el-0  el_before_av_section  avia-builder-el-first  avia-full-stretch avia-bg-style-scroll container_wrap fullsize'  data-section-bg-repeat='stretch'><div class='container av-section-cont-open' ><main  role=\"main\" itemprop=\"mainContentOfPage\"  class='template-page content  av-content-full alpha units'><div class='post-entry post-entry-type-page post-entry-6125'><div class='entry-content-wrapper clearfix'>\n<div  class='flex_column av-mt2qc698-1c3e898ada50174b4d1b4a0dda28a4f4 av_one_fifth  avia-builder-el-1  el_before_av_three_fifth  avia-builder-el-first  first flex_column_div  '     ><\/div><div  class='flex_column av-1q79zhp-8ae1ab8bf41690264fa235a47bcea353 av_three_fifth  avia-builder-el-2  el_after_av_one_fifth  el_before_av_one_fifth  flex_column_div  '     ><section  class='av_textblock_section av-mt2ovube-6cfe55309164205e4a810f15936ffbcc '   itemscope=\"itemscope\" itemtype=\"https:\/\/schema.org\/CreativeWork\" ><div class='avia_textblock'  itemprop=\"text\" ><h5 style=\"text-align: center;\">Nice to meet you at Expo Real 2026<\/h5>\n<\/div><\/section><br \/>\n\n<style type=\"text\/css\" data-created_by=\"avia_inline_auto\" id=\"style-css-av-1onrj1p-881a19b0a7c170361f31df847cf353b0\">\n#top .hr.hr-invisible.av-1onrj1p-881a19b0a7c170361f31df847cf353b0{\nheight:50px;\n}\n<\/style>\n<div  class='hr av-1onrj1p-881a19b0a7c170361f31df847cf353b0 hr-invisible  avia-builder-el-4  el_after_av_textblock  el_before_av_textblock '><span class='hr-inner '><span class=\"hr-inner-style\"><\/span><\/span><\/div><br \/>\n<section  class='av_textblock_section av-mg4xbjeo-0466386e5da2700800bbe46e0b584343 '   itemscope=\"itemscope\" itemtype=\"https:\/\/schema.org\/CreativeWork\" ><div class='avia_textblock'  itemprop=\"text\" ><h1 style=\"text-align: center; padding-bottom: 24px;\"><img loading=\"lazy\" decoding=\"async\" class=\"alignnone wp-image-6587\" src=\"https:\/\/www.immowelt.de\/immobilienprofis\/wp-content\/uploads\/2025\/09\/exporeal_logo_rgb-2-300x241.png\" alt=\"\" width=\"120\" height=\"96\" srcset=\"https:\/\/www.immowelt.de\/immobilienprofis\/wp-content\/uploads\/2025\/09\/exporeal_logo_rgb-2-300x241.png 300w, https:\/\/www.immowelt.de\/immobilienprofis\/wp-content\/uploads\/2025\/09\/exporeal_logo_rgb-2-1030x826.png 1030w, https:\/\/www.immowelt.de\/immobilienprofis\/wp-content\/uploads\/2025\/09\/exporeal_logo_rgb-2-768x616.png 768w, https:\/\/www.immowelt.de\/immobilienprofis\/wp-content\/uploads\/2025\/09\/exporeal_logo_rgb-2-495x400.png 495w, https:\/\/www.immowelt.de\/immobilienprofis\/wp-content\/uploads\/2025\/09\/exporeal_logo_rgb-2-845x684.png 845w, https:\/\/www.immowelt.de\/immobilienprofis\/wp-content\/uploads\/2025\/09\/exporeal_logo_rgb-2-705x565.png 705w, https:\/\/www.immowelt.de\/immobilienprofis\/wp-content\/uploads\/2025\/09\/exporeal_logo_rgb-2.png 1172w\" sizes=\"auto, (max-width: 120px) 100vw, 120px\" \/><\/h1>\n<p style=\"text-align: center; padding-top: 24px;\">\n<\/div><\/section><br \/>\n\n<style type=\"text\/css\" data-created_by=\"avia_inline_auto\" id=\"style-css-av-1ov9wd-1f5fb4f44cf29063f18fe261588e1e0f\">\n#top .hr.hr-invisible.av-1ov9wd-1f5fb4f44cf29063f18fe261588e1e0f{\nmargin-top:px;\nheight:1px;\n}\n<\/style>\n<div  class='hr av-1ov9wd-1f5fb4f44cf29063f18fe261588e1e0f hr-invisible  avia-builder-el-6  el_after_av_textblock  el_before_av_textblock '><span class='hr-inner '><span class=\"hr-inner-style\"><\/span><\/span><\/div><br \/>\n\n<style type=\"text\/css\" data-created_by=\"avia_inline_auto\" id=\"style-css-av-1n199fh-651c4b5314ab0a0e14e24406c743fc83\">\n#top .av_textblock_section.av-1n199fh-651c4b5314ab0a0e14e24406c743fc83 .avia_textblock{\nfont-size:40px;\n}\n\n@media only screen and (min-width: 990px){ \n#top .av_textblock_section.av-1n199fh-651c4b5314ab0a0e14e24406c743fc83 .avia_textblock{\nfont-size:40px;\n}\n}\n\n@media only screen and (min-width: 768px) and (max-width: 989px){ \n#top .av_textblock_section.av-1n199fh-651c4b5314ab0a0e14e24406c743fc83 .avia_textblock{\nfont-size:32px;\n}\n}\n\n@media only screen and (min-width: 480px) and (max-width: 767px){ \n#top .av_textblock_section.av-1n199fh-651c4b5314ab0a0e14e24406c743fc83 .avia_textblock{\nfont-size:20px;\n}\n}\n\n@media only screen and (max-width: 479px){ \n#top .av_textblock_section.av-1n199fh-651c4b5314ab0a0e14e24406c743fc83 .avia_textblock{\nfont-size:16px;\n}\n}\n<\/style>\n<section  class='av_textblock_section av-1n199fh-651c4b5314ab0a0e14e24406c743fc83 '   itemscope=\"itemscope\" itemtype=\"https:\/\/schema.org\/CreativeWork\" ><div class='avia_textblock'  itemprop=\"text\" ><h1 style=\"text-align: center; font-size: 40px; font-weight: 800; line-height: 140%;\">Inserieren Sie nicht irgendwie, irgendwo, irgendwas<\/h1>\n<\/div><\/section><br \/>\n\n<style type=\"text\/css\" data-created_by=\"avia_inline_auto\" id=\"style-css-av-mt2qfkff-f6132b3ceb4f8caf72b5889df6992e50\">\n#top .av_textblock_section.av-mt2qfkff-f6132b3ceb4f8caf72b5889df6992e50 .avia_textblock{\npadding:0 0 0 0;\n}\n\n@media only screen and (min-width: 990px){ \n#top .av_textblock_section.av-mt2qfkff-f6132b3ceb4f8caf72b5889df6992e50 .avia_textblock{\npadding:0 0 24px 0;\n}\n}\n\n@media only screen and (min-width: 480px) and (max-width: 767px){ \n#top .av_textblock_section.av-mt2qfkff-f6132b3ceb4f8caf72b5889df6992e50 .avia_textblock{\npadding:0 0 0 0;\n}\n}\n\n@media only screen and (max-width: 479px){ \n#top .av_textblock_section.av-mt2qfkff-f6132b3ceb4f8caf72b5889df6992e50 .avia_textblock{\npadding:0 0 0 0;\n}\n}\n<\/style>\n<section  class='av_textblock_section av-mt2qfkff-f6132b3ceb4f8caf72b5889df6992e50 '   itemscope=\"itemscope\" itemtype=\"https:\/\/schema.org\/CreativeWork\" ><div class='avia_textblock'  itemprop=\"text\" ><p style=\"text-align: center;\"><strong>Sondern mit dem richtigen Partner: <\/strong>Wir freuen uns, Sie auf der Expo Real am immowelt Stand (Halle B3, Stand 414) begr\u00fc\u00dfen zu d\u00fcrfen.<\/p>\n<\/div><\/section><\/p><\/div><div  class='flex_column av-1lhedgd-bae7b6307e1ede8041513ff86664f462 av_one_fifth  avia-builder-el-9  el_after_av_three_fifth  el_before_av_hr  flex_column_div  '     ><\/div>\n<style type=\"text\/css\" data-created_by=\"avia_inline_auto\" id=\"style-css-av-mg4xl9ac-126a21db1482ae2c10e794cbe234f5ee\">\n#top .hr.hr-invisible.av-mg4xl9ac-126a21db1482ae2c10e794cbe234f5ee{\nheight:50px;\n}\n<\/style>\n<div  class='hr av-mg4xl9ac-126a21db1482ae2c10e794cbe234f5ee hr-invisible  avia-builder-el-10  el_after_av_one_fifth  el_before_av_one_fourth '><span class='hr-inner '><span class=\"hr-inner-style\"><\/span><\/span><\/div>\n<div  class='flex_column av-5mcq3h-fa97eccd652c88dac2abb2cf5ae343f3 av_one_fourth  avia-builder-el-11  el_after_av_hr  el_before_av_one_fourth  first flex_column_div  '     ><\/div><div  class='flex_column av-mg4xo1ca-7d2cae09fef42bb9fd26b6b62c33dad1 av_one_fourth  avia-builder-el-12  el_after_av_one_fourth  el_before_av_one_fourth  flex_column_div av-hide-on-mobile  '     ><div  class='avia-button-wrap av-99zny5-ea8a64c38f1c2c380cd5a364c17ad9b8-wrap avia-button-center  avia-builder-el-13  avia-builder-el-no-sibling '>\n<style type=\"text\/css\" data-created_by=\"avia_inline_auto\" id=\"style-css-av-99zny5-ea8a64c38f1c2c380cd5a364c17ad9b8\">\n#top #wrap_all .avia-button.av-99zny5-ea8a64c38f1c2c380cd5a364c17ad9b8{\nfont-size:16px;\nbackground-color:#ffffff;\nborder-color:#ffffff;\ncolor:#0a0a0a;\ntransition:all 0.4s ease-in-out;\nmargin:16px 0 0 0;\npadding:16px 72px 16px 72px;\n}\n#top #wrap_all .avia-button.av-99zny5-ea8a64c38f1c2c380cd5a364c17ad9b8 .avia-svg-icon svg:first-child{\nfill:#0a0a0a;\nstroke:#0a0a0a;\n}\n<\/style>\n<a href='https:\/\/www.immowelt.de\/immobilienprofis\/expo-real\/#programm'  class='avia-button av-99zny5-ea8a64c38f1c2c380cd5a364c17ad9b8 av-link-btn avia-icon_select-no avia-size-medium avia-position-center'   aria-label=\"Highlights entdecken\"><span class='avia_iconbox_title' >Highlights entdecken<\/span><\/a><\/div><\/div><div  class='flex_column av-40pbl9-6276e350b2b8f45fcd74ed804d70ecea av_one_fourth  avia-builder-el-14  el_after_av_one_fourth  el_before_av_one_fourth  flex_column_div av-hide-on-mobile  '     ><div  class='avia-button-wrap av-1ygs65-2e4a1ca6f5a6ee5e44ba73eb56022281-wrap avia-button-center  avia-builder-el-15  avia-builder-el-no-sibling '>\n<style type=\"text\/css\" data-created_by=\"avia_inline_auto\" id=\"style-css-av-1ygs65-2e4a1ca6f5a6ee5e44ba73eb56022281\">\n#top #wrap_all .avia-button.av-1ygs65-2e4a1ca6f5a6ee5e44ba73eb56022281{\nfont-size:16px;\nbackground-color:#ffffff;\nborder-color:#ffffff;\ncolor:#0a0a0a;\ntransition:all 0.4s ease-in-out;\nmargin:16px 0 0 0;\npadding:16px 72px 16px 72px;\n}\n#top #wrap_all .avia-button.av-1ygs65-2e4a1ca6f5a6ee5e44ba73eb56022281 .avia-svg-icon svg:first-child{\nfill:#0a0a0a;\nstroke:#0a0a0a;\n}\n<\/style>\n<a href='https:\/\/www.immowelt.de\/immobilienprofis\/expo-real\/#kontakt'  class='avia-button av-1ygs65-2e4a1ca6f5a6ee5e44ba73eb56022281 av-link-btn avia-icon_select-no avia-size-large avia-position-center'   aria-label=\"Termin vereinbaren\"><span class='avia_iconbox_title' >Termin vereinbaren<\/span><\/a><\/div><\/div><div  class='flex_column av-1hffj2l-8e3f830dfbc991b219c2905ca9a575ed av_one_fourth  avia-builder-el-16  el_after_av_one_fourth  el_before_av_hr  flex_column_div av-hide-on-mobile  '     ><\/div>\n<style type=\"text\/css\" data-created_by=\"avia_inline_auto\" id=\"style-css-av-1fqqdy5-6e2432cdddee199c9d5f4b221c790c7a\">\n#top .hr.hr-invisible.av-1fqqdy5-6e2432cdddee199c9d5f4b221c790c7a{\nheight:50px;\n}\n<\/style>\n<div  class='hr av-1fqqdy5-6e2432cdddee199c9d5f4b221c790c7a hr-invisible  avia-builder-el-17  el_after_av_one_fourth  avia-builder-el-last '><span class='hr-inner '><span class=\"hr-inner-style\"><\/span><\/span><\/div>\n\n<\/div><\/div><\/main><!-- close content main element --><\/div><\/div><div id='start'  class='avia-section av-dndwt-ae2fd3651c22f7f58482cda2ee52653f main_color avia-section-default avia-no-border-styling  avia-builder-el-18  el_after_av_section  el_before_av_section  avia-bg-style-scroll container_wrap fullsize'  ><div class='container av-section-cont-open' ><div class='template-page content  av-content-full alpha units'><div class='post-entry post-entry-type-page post-entry-6125'><div class='entry-content-wrapper clearfix'>\n<div  class='flex_column av-37qdal-6b505c909e08abe68b91d683d4c5f2f8 av_one_fifth  avia-builder-el-19  el_before_av_three_fifth  avia-builder-el-first  first flex_column_div  '     ><\/div><div  class='flex_column av-9ufh59-f56c1a79bdb7a0436a67c45c139a7a4f av_three_fifth  avia-builder-el-20  el_after_av_one_fifth  el_before_av_one_fifth  flex_column_div  '     ><p><section  class='av_textblock_section av-mfwgq5un-f1a7ccfecb31960a70381b724c87b28d '   itemscope=\"itemscope\" itemtype=\"https:\/\/schema.org\/CreativeWork\" ><div class='avia_textblock'  itemprop=\"text\" ><p>Es ist wieder soweit: Die EXPO REAL 2026 steht vor der T\u00fcr. Wir m\u00f6chten Sie einladen, uns vor Ort zu treffen, um in einem pers\u00f6nlichen Gespr\u00e4ch \u00fcber Ihre Ziele zu sprechen.<\/p>\n<\/div><\/section><br \/>\n<section  class='av_textblock_section av-mfwgudgf-9d716053323182f4a10d741efd6ffc99 '   itemscope=\"itemscope\" itemtype=\"https:\/\/schema.org\/CreativeWork\" ><div class='avia_textblock'  itemprop=\"text\" ><p>Seit \u00fcber 35 Jahren verstehen wir uns als Partner der Profis. Wir begleiten Sie von der Akquise bis zur erfolgreichen Vermarktung und sorgen mit unserer Expertise f\u00fcr mehr Traffic, Anfragen und eine schnellere Vermarktung Ihrer Objekte.<\/p>\n<\/div><\/section><br \/>\n<section  class='av_textblock_section av-mfwgv5wr-8756c59e4084ea0a3340af4ac7903ef9 '   itemscope=\"itemscope\" itemtype=\"https:\/\/schema.org\/CreativeWork\" ><div class='avia_textblock'  itemprop=\"text\" ><p>Lassen Sie uns gemeinsam mehr bewegen: f\u00fcr Ihre Sichtbarkeit, Reichweite und Ihren Erfolg. Kommen Sie gerne am immowelt Stand vorbei \u2013 unser Team freut sich auf Sie.<\/p>\n<\/div><\/section><\/p><\/div><div  class='flex_column av-ubwor1-b570bb035444603f76319e76a9dd05e4 av_one_fifth  avia-builder-el-24  el_after_av_three_fifth  el_before_av_one_third  flex_column_div  '     ><\/div><div  class='flex_column av-1chi4xp-dc49a01cc157fddad92b748aa23278a4 av_one_third  avia-builder-el-25  el_after_av_one_fifth  el_before_av_one_third  first flex_column_div av-hide-on-mobile  column-top-margin'     ><\/div><div  class='flex_column av-gyzgt-21b41ba3722715fb78b79ef8919129df av_one_third  avia-builder-el-26  el_after_av_one_third  el_before_av_one_third  flex_column_div av-hide-on-mobile  column-top-margin'     ><div  class='avia-button-wrap av-mt2qzfaw-875b1c1bb9f38377d7a7d6a393f483ac-wrap avia-button-center  avia-builder-el-27  avia-builder-el-no-sibling '>\n<style type=\"text\/css\" data-created_by=\"avia_inline_auto\" id=\"style-css-av-mt2qzfaw-875b1c1bb9f38377d7a7d6a393f483ac\">\n#top #wrap_all .avia-button.av-mt2qzfaw-875b1c1bb9f38377d7a7d6a393f483ac{\nfont-size:16px;\nbackground-color:#ffcc00;\nborder-color:#ffcc00;\ncolor:#0a0a0a;\ntransition:all 0.4s ease-in-out;\nmargin:16px 0 0 0;\npadding:16px 72px 16px 72px;\n}\n#top #wrap_all .avia-button.av-mt2qzfaw-875b1c1bb9f38377d7a7d6a393f483ac .avia-svg-icon svg:first-child{\nfill:#0a0a0a;\nstroke:#0a0a0a;\n}\n<\/style>\n<a href='https:\/\/www.immowelt.de\/immobilienprofis\/expo-real\/#kontakt'  class='avia-button av-mt2qzfaw-875b1c1bb9f38377d7a7d6a393f483ac av-link-btn avia-icon_select-no avia-size-large avia-position-center'   aria-label=\"Termin vereinbaren\"><span class='avia_iconbox_title' >Termin vereinbaren<\/span><\/a><\/div><\/div><div  class='flex_column av-18z6dst-2852fa3371acda093de6d517b10cca33 av_one_third  avia-builder-el-28  el_after_av_one_third  el_before_av_hr  flex_column_div av-hide-on-mobile  column-top-margin'     ><\/div>\n<style type=\"text\/css\" data-created_by=\"avia_inline_auto\" id=\"style-css-av-1fpwdp9-d572862b7a03fec240d397b37f1cd3ba\">\n#top .hr.hr-invisible.av-1fpwdp9-d572862b7a03fec240d397b37f1cd3ba{\nheight:50px;\n}\n<\/style>\n<div  class='hr av-1fpwdp9-d572862b7a03fec240d397b37f1cd3ba hr-invisible  avia-builder-el-29  el_after_av_one_third  avia-builder-el-last '><span class='hr-inner '><span class=\"hr-inner-style\"><\/span><\/span><\/div>\n\n<\/div><\/div><\/div><!-- close content main div --><\/div><\/div>\n<style type=\"text\/css\" data-created_by=\"avia_inline_auto\" id=\"style-css-av-mfwjnskk-4f855b70f2d171440b16a375f410e2cc\">\n.avia-section.av-mfwjnskk-4f855b70f2d171440b16a375f410e2cc{\nbackground-color:rgba(255,218,73,0.27);\nbackground-image:unset;\n}\n<\/style>\n<div id='programm'  class='avia-section av-mfwjnskk-4f855b70f2d171440b16a375f410e2cc main_color avia-section-default avia-no-border-styling  avia-builder-el-30  el_after_av_section  el_before_av_section  avia-bg-style-fixed container_wrap fullsize'  ><div class='container av-section-cont-open' ><div class='template-page content  av-content-full alpha units'><div class='post-entry post-entry-type-page post-entry-6125'><div class='entry-content-wrapper clearfix'>\n<div  class='flex_column av-1c556f1-11c18bec08425dd2b760df0aab77af60 av_one_fourth  avia-builder-el-31  el_before_av_one_half  avia-builder-el-first  first flex_column_div  '     ><\/div><div  class='flex_column av-1b0gmnh-c7689c2d194c647b21f345fe1ac6c09b av_one_half  avia-builder-el-32  el_after_av_one_fourth  el_before_av_one_fourth  flex_column_div  '     ><style type=\"text\/css\" data-created_by=\"avia_inline_auto\" id=\"style-css-av-mfwgw0ph-0a00392dd2bd0bb7469af4db8780644b\">\n#top .av_textblock_section.av-mfwgw0ph-0a00392dd2bd0bb7469af4db8780644b .avia_textblock{\ntext-align:center;\n}\n<\/style>\n<section  class='av_textblock_section av-mfwgw0ph-0a00392dd2bd0bb7469af4db8780644b '   itemscope=\"itemscope\" itemtype=\"https:\/\/schema.org\/CreativeWork\" ><div class='avia_textblock'  itemprop=\"text\" ><h2>Das erwartet Sie<\/h2>\n<\/div><\/section><\/div><div  class='flex_column av-18xg0fh-c24006ffa1c50e13a58a6151ab066bf2 av_one_fourth  avia-builder-el-34  el_after_av_one_half  el_before_av_one_full  flex_column_div  '     ><\/div><div  class='flex_column av-182pm6l-19cdfe85c93adbc8da583aa204c88bfc av_one_full  avia-builder-el-35  el_after_av_one_fourth  el_before_av_one_full  first flex_column_div  column-top-margin'     ><style type=\"text\/css\" data-created_by=\"avia_inline_auto\" id=\"style-css-av-16tavvh-bf467bbdcee45817a67625e09ff496f8\">\n.avia-image-container.av-16tavvh-bf467bbdcee45817a67625e09ff496f8 img.avia_image{\nbox-shadow:none;\n}\n.avia-image-container.av-16tavvh-bf467bbdcee45817a67625e09ff496f8 .av-image-caption-overlay-center{\ncolor:#ffffff;\n}\n<\/style>\n<div  class='avia-image-container av-16tavvh-bf467bbdcee45817a67625e09ff496f8 av-styling- avia-align-center  avia-builder-el-36  avia-builder-el-no-sibling '   itemprop=\"image\" itemscope=\"itemscope\" itemtype=\"https:\/\/schema.org\/ImageObject\" ><div class=\"avia-image-container-inner\"><div class=\"avia-image-overlay-wrap\"><img decoding=\"async\" fetchpriority=\"high\" class='wp-image-1088 avia-img-lazy-loading-not-1088 avia_image ' src=\"https:\/\/www.immowelt.de\/immobilienprofis\/wp-content\/uploads\/2025\/04\/lottie-immowelt-arrow-36x36.png\" alt='' title='lottie-immowelt-arrow'  height=\"36\" width=\"36\"  itemprop=\"thumbnailUrl\" srcset=\"https:\/\/www.immowelt.de\/immobilienprofis\/wp-content\/uploads\/2025\/04\/lottie-immowelt-arrow-36x36.png 36w, https:\/\/www.immowelt.de\/immobilienprofis\/wp-content\/uploads\/2025\/04\/lottie-immowelt-arrow-300x300.png 300w, https:\/\/www.immowelt.de\/immobilienprofis\/wp-content\/uploads\/2025\/04\/lottie-immowelt-arrow-80x80.png 80w, https:\/\/www.immowelt.de\/immobilienprofis\/wp-content\/uploads\/2025\/04\/lottie-immowelt-arrow-180x180.png 180w, https:\/\/www.immowelt.de\/immobilienprofis\/wp-content\/uploads\/2025\/04\/lottie-immowelt-arrow.png 447w\" sizes=\"(max-width: 36px) 100vw, 36px\" \/><\/div><\/div><\/div><\/div><div  class='flex_column av-14j4f8t-34230e2bd466edea34aa6e90650043c4 av_one_full  avia-builder-el-37  el_after_av_one_full  avia-builder-el-last  first flex_column_div  column-top-margin'     ><style type=\"text\/css\" data-created_by=\"avia_inline_auto\" id=\"style-css-av-13k74wd-564d8963679f2867db5abf71f3c862f6\">\n#top .avia-icon-list-container.av-13k74wd-564d8963679f2867db5abf71f3c862f6 .iconlist_icon{\ncolor:#000000;\n}\n#top .avia-icon-list-container.av-13k74wd-564d8963679f2867db5abf71f3c862f6 .iconlist_icon svg:first-child{\nstroke:#000000;\nfill:#000000;\n}\n#top #wrap_all .avia-icon-list-container.av-13k74wd-564d8963679f2867db5abf71f3c862f6 .av_iconlist_title{\ncolor:#000000;\n}\n.avia-icon-list-container.av-13k74wd-564d8963679f2867db5abf71f3c862f6 .iconlist_content{\ncolor:#000000;\n}\n<\/style>\n<div  class='avia-icon-list-container av-13k74wd-564d8963679f2867db5abf71f3c862f6  avia-builder-el-38  avia-builder-el-no-sibling  iw-box'><ul class='avia-icon-list avia_animate_when_almost_visible avia-icon-list-left av-iconlist-big av-13k74wd-564d8963679f2867db5abf71f3c862f6'>\n<li><div class='iconlist_icon av-xv3ipp-698b0652d514c90bf33f39e75c372e0f avia-font-iw-icons avia-iconfont avia-font-iw-icons'><span class='av-icon-char' data-av_icon='\ue965' data-av_iconfont='iw-icons' aria-hidden=\"true\"><\/span><\/div><article class=\"article-icon-entry \"  itemscope=\"itemscope\" itemtype=\"https:\/\/schema.org\/CreativeWork\" ><div class=\"iconlist_content_wrap\"><header class=\"entry-content-header\" aria-label=\"Icon: Lernen Sie unser Team kennen\"><h4 class='av_iconlist_title iconlist_title  av_inherit_color'  itemprop=\"headline\" >Lernen Sie unser Team kennen<\/h4><\/header><div class='iconlist_content av_inherit_color'  itemprop=\"text\" ><p>Unser Team freut sich, Sie am immowelt Stand begr\u00fc\u00dfen zu d\u00fcrfen. Sie finden uns in Halle B3, Stand <span style=\"font-weight: 400;\">414<\/span>.<\/p>\n<\/div><\/div><footer class=\"entry-footer\"><\/footer><\/article><div class=\"iconlist-timeline\"><\/div><\/li>\n<li><div class='iconlist_icon av-10wtx7x-131231ca54d3e0700b03026cab156e0f avia-font-iw-icons avia-iconfont avia-font-iw-icons'><span class='av-icon-char' data-av_icon='\ue976' data-av_iconfont='iw-icons' aria-hidden=\"true\"><\/span><\/div><article class=\"article-icon-entry \"  itemscope=\"itemscope\" itemtype=\"https:\/\/schema.org\/CreativeWork\" ><div class=\"iconlist_content_wrap\"><header class=\"entry-content-header\" aria-label=\"Icon: immowelt caf\u00e9\"><h4 class='av_iconlist_title iconlist_title  av_inherit_color'  itemprop=\"headline\" >immowelt caf\u00e9<\/h4><\/header><div class='iconlist_content av_inherit_color'  itemprop=\"text\" ><p>Energie-Kick f\u00fcr Ihren Erfolg: Starten Sie am immowelt Stand mit bestem Barista-Kaffee in den Tag. In entspannter Atmosph\u00e4re ins Gespr\u00e4ch kommen, neue Impulse sammeln und frische Energie f\u00fcr Ihr Business tanken.<\/p>\n<\/div><\/div><footer class=\"entry-footer\"><\/footer><\/article><div class=\"iconlist-timeline\"><\/div><\/li>\n<li><div class='iconlist_icon av-zjty4t-6b27b87f9d1207194643a96ce8117119 avia-font-iw-icons avia-iconfont avia-font-iw-icons'><span class='av-icon-char' data-av_icon='\uea19' data-av_iconfont='iw-icons' aria-hidden=\"true\"><\/span><\/div><article class=\"article-icon-entry \"  itemscope=\"itemscope\" itemtype=\"https:\/\/schema.org\/CreativeWork\" ><div class=\"iconlist_content_wrap\"><header class=\"entry-content-header\" aria-label=\"Icon: Interaktive Erlebniswelt\"><h4 class='av_iconlist_title iconlist_title  av_inherit_color'  itemprop=\"headline\" >Interaktive Erlebniswelt<\/h4><\/header><div class='iconlist_content av_inherit_color'  itemprop=\"text\" ><p data-path-to-node=\"3,0,0\">Vereinbaren Sie einen Termin, erkunden Sie unser Angebot vor Ort und sichern Sie sich bei Ihrem Standbesuch die Chance auf t\u00e4gliche Gewinne.<\/p>\n<\/div><\/div><footer class=\"entry-footer\"><\/footer><\/article><div class=\"iconlist-timeline\"><\/div><\/li>\n<\/ul><\/div><\/div>\n\n<\/div><\/div><\/div><!-- close content main div --><\/div><\/div><div id='angebote'  class='avia-section av-6ehvv1-e5cd62a53335e2ebc14d741bdbe9eeb6 main_color avia-section-large avia-no-border-styling  avia-builder-el-39  el_after_av_section  el_before_av_section  avia-bg-style-scroll container_wrap fullsize'  ><div class='container av-section-cont-open' ><div class='template-page content  av-content-full alpha units'><div class='post-entry post-entry-type-page post-entry-6125'><div class='entry-content-wrapper clearfix'>\n<div  class='flex_column av-1q9c58t-155b1322d7726d068a70640f46cb7c33 av_one_fifth  avia-builder-el-40  el_before_av_three_fifth  avia-builder-el-first  first flex_column_div  '     ><\/div><div  class='flex_column av-1o6a10d-66a6d676ba2cde4339fb63e1faba6e8f av_three_fifth  avia-builder-el-41  el_after_av_one_fifth  el_before_av_one_fifth  flex_column_div  '     ><p>\n<style type=\"text\/css\" data-created_by=\"avia_inline_auto\" id=\"style-css-av-1mu1x0d-c544bce296040803e97950e7b0533d7c\">\n#top .hr.av-1mu1x0d-c544bce296040803e97950e7b0533d7c{\nmargin-top:30px;\nmargin-bottom:30px;\n}\n.hr.av-1mu1x0d-c544bce296040803e97950e7b0533d7c .hr-inner{\nwidth:50px;\nborder-color:#ffffff;\n}\n<\/style>\n<div  class='hr av-1mu1x0d-c544bce296040803e97950e7b0533d7c hr-custom  avia-builder-el-42  el_before_av_textblock  avia-builder-el-first  av-small-hide av-mini-hide hr-center hr-icon-no'><span class='hr-inner inner-border-av-border-thin'><span class=\"hr-inner-style\"><\/span><\/span><\/div><br \/>\n\n<style type=\"text\/css\" data-created_by=\"avia_inline_auto\" id=\"style-css-av-1lql3bh-3c9084ad90a49984d0622572fbcda4a0\">\n#top .av_textblock_section.av-1lql3bh-3c9084ad90a49984d0622572fbcda4a0 .avia_textblock{\ncolor:#ffcc00;\n}\n<\/style>\n<section  class='av_textblock_section av-1lql3bh-3c9084ad90a49984d0622572fbcda4a0 '   itemscope=\"itemscope\" itemtype=\"https:\/\/schema.org\/CreativeWork\" ><div class='avia_textblock av_inherit_color'  itemprop=\"text\" ><p style=\"text-align: center;\"><strong>immowelt Profi-Angebote<\/strong><\/p>\n<div id=\"gtx-trans\" style=\"position: absolute; left: 167px; top: -11.4062px;\">\n<div class=\"gtx-trans-icon\"><\/div>\n<\/div>\n<\/div><\/section><br \/>\n<section  class='av_textblock_section av-1jwzrlp-357e0e290ef1c9e7a5c4bde7570b87a1 '   itemscope=\"itemscope\" itemtype=\"https:\/\/schema.org\/CreativeWork\" ><div class='avia_textblock'  itemprop=\"text\" ><h2 style=\"text-align: center;\">Unsere Top-Produkte f\u00fcr mehr Reichweite<\/h2>\n<p class=\"\" style=\"text-align: center;\" data-start=\"468\" data-end=\"661\">Egal ob Makler, Projektentwickler oder Bautr\u00e4ger: Unsere Angebote unterst\u00fctzen Sie gezielt bei Akquise, Vermarktung und Markenaufbau. <span style=\"text-align: center;\">Wir beraten Sie gerne, welche Angebote am besten zu Ihrem Gesch\u00e4ft passen. Sprechen Sie uns au\u00dferdem gern auf unser <strong>exklusives Messe-Angebot zur Expo Real 2026<\/strong>\u00a0an.<\/span><\/p>\n<\/div><\/section><br \/>\n\n<style type=\"text\/css\" data-created_by=\"avia_inline_auto\" id=\"style-css-av-1hv0not-4f64bca4d298c1884d810a0f865c3124\">\n.avia-image-container.av-1hv0not-4f64bca4d298c1884d810a0f865c3124 img.avia_image{\nbox-shadow:none;\n}\n.avia-image-container.av-1hv0not-4f64bca4d298c1884d810a0f865c3124 .av-image-caption-overlay-center{\ncolor:#ffffff;\n}\n<\/style>\n<div  class='avia-image-container av-1hv0not-4f64bca4d298c1884d810a0f865c3124 av-styling- avia-align-center  avia-builder-el-45  el_after_av_textblock  avia-builder-el-last '   itemprop=\"image\" itemscope=\"itemscope\" itemtype=\"https:\/\/schema.org\/ImageObject\" ><div class=\"avia-image-container-inner\"><div class=\"avia-image-overlay-wrap\"><img decoding=\"async\" fetchpriority=\"high\" class='wp-image-1088 avia-img-lazy-loading-not-1088 avia_image ' src=\"https:\/\/www.immowelt.de\/immobilienprofis\/wp-content\/uploads\/2025\/04\/lottie-immowelt-arrow-36x36.png\" alt='' title='lottie-immowelt-arrow'  height=\"36\" width=\"36\"  itemprop=\"thumbnailUrl\" srcset=\"https:\/\/www.immowelt.de\/immobilienprofis\/wp-content\/uploads\/2025\/04\/lottie-immowelt-arrow-36x36.png 36w, https:\/\/www.immowelt.de\/immobilienprofis\/wp-content\/uploads\/2025\/04\/lottie-immowelt-arrow-300x300.png 300w, https:\/\/www.immowelt.de\/immobilienprofis\/wp-content\/uploads\/2025\/04\/lottie-immowelt-arrow-80x80.png 80w, https:\/\/www.immowelt.de\/immobilienprofis\/wp-content\/uploads\/2025\/04\/lottie-immowelt-arrow-180x180.png 180w, https:\/\/www.immowelt.de\/immobilienprofis\/wp-content\/uploads\/2025\/04\/lottie-immowelt-arrow.png 447w\" sizes=\"(max-width: 36px) 100vw, 36px\" \/><\/div><\/div><\/div><\/p><\/div><div  class='flex_column av-1g8aw0d-dadc11cddf5ddb04344fbc0475951643 av_one_fifth  avia-builder-el-46  el_after_av_three_fifth  el_before_av_one_half  flex_column_div  '     ><\/div><div class='flex_column_table av-1dv9z3x-fac556871b7224d9d8caae4d14af9f0a sc-av_one_half av-equal-height-column-flextable'>\n<style type=\"text\/css\" data-created_by=\"avia_inline_auto\" id=\"style-css-av-1dv9z3x-fac556871b7224d9d8caae4d14af9f0a\">\n@keyframes av_boxShadowEffect_av-1dv9z3x-fac556871b7224d9d8caae4d14af9f0a-column {\n0%   { box-shadow:  0 0 0 0 #c6c6c6; opacity: 1; }\n100% { box-shadow:  0 0 8px 0 #c6c6c6; opacity: 1; }\n}\n.flex_column.av-1dv9z3x-fac556871b7224d9d8caae4d14af9f0a{\nwidth:49%;\nmargin-left:0;\nbox-shadow: 0 0 8px 0 #c6c6c6;\nborder-radius:16px 16px 16px 16px;\npadding:0 0 0 0;\n}\n#top .flex_column_table.av-equal-height-column-flextable.av-1dv9z3x-fac556871b7224d9d8caae4d14af9f0a .av-flex-placeholder{\nwidth:2%;\n}\n<\/style>\n<div  class='flex_column av-1dv9z3x-fac556871b7224d9d8caae4d14af9f0a av_one_half  avia-builder-el-47  el_after_av_one_fifth  el_before_av_one_half  first flex_column_table_cell av-equal-height-column av-align-top shadow-not-animated av-zero-column-padding  column-top-margin'     ><style type=\"text\/css\" data-created_by=\"avia_inline_auto\" id=\"style-css-av-1d46yst-b817644b0115e741a511d6e64c3c7917\">\n#top .av_textblock_section.av-1d46yst-b817644b0115e741a511d6e64c3c7917 .avia_textblock{\ncolor:#6e6e7c;\n}\n<\/style>\n<section  class='av_textblock_section av-1d46yst-b817644b0115e741a511d6e64c3c7917 '   itemscope=\"itemscope\" itemtype=\"https:\/\/schema.org\/CreativeWork\" ><div class='avia_textblock av_inherit_color'  itemprop=\"text\" ><h3><img loading=\"lazy\" decoding=\"async\" class=\"alignnone wp-image-1795 size-full\" src=\"https:\/\/www.immowelt.de\/immobilienprofis\/wp-content\/uploads\/2025\/05\/immowelt-angebot-next-level.png\" alt=\"\" width=\"1687\" height=\"1002\" srcset=\"https:\/\/www.immowelt.de\/immobilienprofis\/wp-content\/uploads\/2025\/05\/immowelt-angebot-next-level.png 1687w, https:\/\/www.immowelt.de\/immobilienprofis\/wp-content\/uploads\/2025\/05\/immowelt-angebot-next-level-300x178.png 300w, https:\/\/www.immowelt.de\/immobilienprofis\/wp-content\/uploads\/2025\/05\/immowelt-angebot-next-level-1030x612.png 1030w, https:\/\/www.immowelt.de\/immobilienprofis\/wp-content\/uploads\/2025\/05\/immowelt-angebot-next-level-768x456.png 768w, https:\/\/www.immowelt.de\/immobilienprofis\/wp-content\/uploads\/2025\/05\/immowelt-angebot-next-level-1536x912.png 1536w, https:\/\/www.immowelt.de\/immobilienprofis\/wp-content\/uploads\/2025\/05\/immowelt-angebot-next-level-1500x891.png 1500w, https:\/\/www.immowelt.de\/immobilienprofis\/wp-content\/uploads\/2025\/05\/immowelt-angebot-next-level-705x419.png 705w\" sizes=\"auto, (max-width: 1687px) 100vw, 1687px\" \/><\/h3>\n<\/div><\/section><br \/>\n\n<style type=\"text\/css\" data-created_by=\"avia_inline_auto\" id=\"style-css-av-1ap5tl9-70012a34091e8cdcb97e617d7f340e7e\">\n#top .av_textblock_section.av-1ap5tl9-70012a34091e8cdcb97e617d7f340e7e .avia_textblock{\ncolor:#6e6e7c;\n}\n<\/style>\n<section  class='av_textblock_section av-1ap5tl9-70012a34091e8cdcb97e617d7f340e7e '   itemscope=\"itemscope\" itemtype=\"https:\/\/schema.org\/CreativeWork\" ><div class='avia_textblock av_inherit_color'  itemprop=\"text\" ><div style=\"padding: 20px 20px 20px 20px;\">\n<h3 style=\"font-size: 18px;\">immo Next Level<\/h3>\n<p><strong>F\u00fcr jeden Immobilienmakler das passende Paket.<\/strong><\/p>\n<p>W\u00e4hlen Sie aus drei Paketen das passende f\u00fcr Ihre Akquise, Vermarktung und Ihr Branding. Jetzt mit neuem Objekt-Design f\u00fcr maximale Sichtbarkeit.<\/p>\n<p><a style=\"color: #007c8a; font-size: 1em; text-decoration: none;\" href=\"https:\/\/aktion.immowelt.de\/next-level\/de\/\"><strong> Mehr erfahren\u00a0<\/strong><br \/>\n<\/a><\/p>\n<\/div>\n<\/div><\/section><\/p><\/div><div class='av-flex-placeholder'><\/div>\n<style type=\"text\/css\" data-created_by=\"avia_inline_auto\" id=\"style-css-av-19nnarh-0c29a4b344dc7632b1438d69e183d9ae\">\n@keyframes av_boxShadowEffect_av-19nnarh-0c29a4b344dc7632b1438d69e183d9ae-column {\n0%   { box-shadow:  0 0 0 0 #c6c6c6; opacity: 1; }\n100% { box-shadow:  0 0 8px 0 #c6c6c6; opacity: 1; }\n}\n.flex_column.av-19nnarh-0c29a4b344dc7632b1438d69e183d9ae{\nwidth:49%;\nmargin-left:0;\nbox-shadow: 0 0 8px 0 #c6c6c6;\nborder-radius:16px 16px 16px 16px;\npadding:0 0 0 0;\n}\n#top .flex_column_table.av-equal-height-column-flextable.av-19nnarh-0c29a4b344dc7632b1438d69e183d9ae .av-flex-placeholder{\nwidth:2%;\n}\n<\/style>\n<div  class='flex_column av-19nnarh-0c29a4b344dc7632b1438d69e183d9ae av_one_half  avia-builder-el-50  el_after_av_one_half  el_before_av_hr  flex_column_table_cell av-equal-height-column av-align-top shadow-not-animated av-zero-column-padding  column-top-margin'     ><style type=\"text\/css\" data-created_by=\"avia_inline_auto\" id=\"style-css-av-187jvbx-efa46c3518e7ec37de11956abd192b38\">\n#top .av_textblock_section.av-187jvbx-efa46c3518e7ec37de11956abd192b38 .avia_textblock{\ncolor:#6e6e7c;\n}\n<\/style>\n<section  class='av_textblock_section av-187jvbx-efa46c3518e7ec37de11956abd192b38 '   itemscope=\"itemscope\" itemtype=\"https:\/\/schema.org\/CreativeWork\" ><div class='avia_textblock av_inherit_color'  itemprop=\"text\" ><h3><img loading=\"lazy\" decoding=\"async\" class=\"alignnone wp-image-2190 size-full\" src=\"https:\/\/www.immowelt.de\/immobilienprofis\/wp-content\/uploads\/2025\/05\/immowelt-new-builds-kachel-real.png\" alt=\"\" width=\"651\" height=\"388\" srcset=\"https:\/\/www.immowelt.de\/immobilienprofis\/wp-content\/uploads\/2025\/05\/immowelt-new-builds-kachel-real.png 651w, https:\/\/www.immowelt.de\/immobilienprofis\/wp-content\/uploads\/2025\/05\/immowelt-new-builds-kachel-real-300x179.png 300w\" sizes=\"auto, (max-width: 651px) 100vw, 651px\" \/><\/h3>\n<\/div><\/section><br \/>\n\n<style type=\"text\/css\" data-created_by=\"avia_inline_auto\" id=\"style-css-av-16todzh-113236d50349250a6508f870817a28ec\">\n#top .av_textblock_section.av-16todzh-113236d50349250a6508f870817a28ec .avia_textblock{\ncolor:#6e6e7c;\n}\n<\/style>\n<section  class='av_textblock_section av-16todzh-113236d50349250a6508f870817a28ec '   itemscope=\"itemscope\" itemtype=\"https:\/\/schema.org\/CreativeWork\" ><div class='avia_textblock av_inherit_color'  itemprop=\"text\" ><div style=\"padding: 20px 20px 20px 20px;\">\n<h3 style=\"font-size: 18px;\">Neubauwelt<\/h3>\n<p style=\"text-align: left;\"><strong>Die ideale L\u00f6sung f\u00fcr Bautr\u00e4ger.<\/strong><\/p>\n<p>Mit der Neubauwelt erreichen Sie fr\u00fchzeitig potenzielle K\u00e4ufer und profitieren von der pers\u00f6nlichen Begleitung durch unser Expertenteam f\u00fcr Neubauvermarktung.<\/p>\n<p><a style=\"color: #007c8a; font-size: 1em; text-decoration: none;\" href=\"https:\/\/aktion.immowelt.de\/neubauwelt\/\"><strong> Mehr erfahren\u00a0<\/strong><br \/>\n<\/a><\/p>\n<\/div>\n<\/div><\/section><\/p><\/div><\/div><!--close column table wrapper. Autoclose: 1 -->\n<style type=\"text\/css\" data-created_by=\"avia_inline_auto\" id=\"style-css-av-ru0nu5-34cb6025cb7dc90691ed4b942919577b\">\n#top .hr.hr-invisible.av-ru0nu5-34cb6025cb7dc90691ed4b942919577b{\nheight:30px;\n}\n<\/style>\n<div  class='hr av-ru0nu5-34cb6025cb7dc90691ed4b942919577b hr-invisible  avia-builder-el-53  el_after_av_one_half  el_before_av_one_half '><span class='hr-inner '><span class=\"hr-inner-style\"><\/span><\/span><\/div>\n<div class='flex_column_table av-2lyz4t-f75c2c026323d8a78fc125137f5bfeb0 sc-av_one_half av-mobile-columns-flex av-columns-reverse av-equal-height-column-flextable'><div  class='flex_column av-2lyz4t-f75c2c026323d8a78fc125137f5bfeb0 av_one_half  avia-builder-el-54  el_after_av_hr  el_before_av_one_half  first flex_column_table_cell av-equal-height-column av-align-middle  '     ><section  class='av_textblock_section av-mfwifk1z-c999085e613be6bd6b83becf2dbcd328 '   itemscope=\"itemscope\" itemtype=\"https:\/\/schema.org\/CreativeWork\" ><div class='avia_textblock'  itemprop=\"text\" ><h3>Immobilien-Leads<\/h3>\n<p style=\"text-align: left;\"><strong>Mit hochwertigen Kontakten zu mehr Auftr\u00e4gen.<\/strong><\/p>\n<p class=\"\" data-start=\"164\" data-end=\"394\">immowelt bringt Sie mit potenziellen Verkaufsinteressenten in Ihrer Region zusammen. Qualifiziert, digital und ohne Kaltakquise.<\/p>\n<\/div><\/section><br \/>\n<div  class='avia-button-wrap av-mfwift9l-a5c4dd6676a6687c8b05d88e95f6f7f4-wrap avia_animated_button av-animated-when-visible-95 pop-up avia-button-left  avia-builder-el-56  el_after_av_textblock  el_before_av_textblock '>\n<style type=\"text\/css\" data-created_by=\"avia_inline_auto\" id=\"style-css-av-mfwift9l-a5c4dd6676a6687c8b05d88e95f6f7f4\">\n#top #wrap_all .avia-button.av-mfwift9l-a5c4dd6676a6687c8b05d88e95f6f7f4{\nfont-size:16px;\nbackground-color:#ffcc01;\nborder-color:#ffcc01;\ncolor:#0a0a0a;\ntransition:all 0.4s ease-in-out;\nmargin:16px 0 0 0;\npadding:16px 72px 16px 72px;\n}\n#top #wrap_all .avia-button.av-mfwift9l-a5c4dd6676a6687c8b05d88e95f6f7f4 .avia-svg-icon svg:first-child{\nfill:#0a0a0a;\nstroke:#0a0a0a;\n}\n<\/style>\n<a href='https:\/\/www.immowelt.de\/immobilienprofis\/leads'  class='avia-button av-mfwift9l-a5c4dd6676a6687c8b05d88e95f6f7f4 av-link-btn avia-icon_select-no avia-size-large avia-position-left'   aria-label=\"Mehr erfahren\"><span class='avia_iconbox_title' >Mehr erfahren<\/span><\/a><\/div><br \/>\n\n<style type=\"text\/css\" data-created_by=\"avia_inline_auto\" id=\"style-css-av-noz7z1-8bd593e5b8cbbac0c1adf6427695fc4f\">\n#top .av_textblock_section.av-noz7z1-8bd593e5b8cbbac0c1adf6427695fc4f .avia_textblock{\nfont-size:12px;\n}\n<\/style>\n<section  class='av_textblock_section av-noz7z1-8bd593e5b8cbbac0c1adf6427695fc4f '   itemscope=\"itemscope\" itemtype=\"https:\/\/schema.org\/CreativeWork\" ><div class='avia_textblock'  itemprop=\"text\" ><p style=\"font-size: 14px;\">Sprechen Sie uns auf unser exklusives Messe-Angebot an<\/p>\n<\/div><\/section><br \/>\n\n<style type=\"text\/css\" data-created_by=\"avia_inline_auto\" id=\"style-css-av-mckw7h-683e10e0adbea59fc7a77173b3f31533\">\n#top .hr.hr-invisible.av-mckw7h-683e10e0adbea59fc7a77173b3f31533{\nheight:30px;\n}\n<\/style>\n<div  class='hr av-mckw7h-683e10e0adbea59fc7a77173b3f31533 hr-invisible  avia-builder-el-58  el_after_av_textblock  avia-builder-el-last '><span class='hr-inner '><span class=\"hr-inner-style\"><\/span><\/span><\/div><\/p><\/div><div class='av-flex-placeholder'><\/div><div  class='flex_column av-kbzxul-552adb7ee38400dfdcd6b1cb6ad61768 av_one_half  avia-builder-el-59  el_after_av_one_half  el_before_av_hr  flex_column_table_cell av-equal-height-column av-align-middle  '     ><style type=\"text\/css\" data-created_by=\"avia_inline_auto\" id=\"style-css-av-mfwiey75-ea1d791a4488ad0a3b3586db89373ea2\">\n.avia-image-container.av-mfwiey75-ea1d791a4488ad0a3b3586db89373ea2 img.avia_image{\nbox-shadow:none;\n}\n.avia-image-container.av-mfwiey75-ea1d791a4488ad0a3b3586db89373ea2 .av-image-caption-overlay-center{\ncolor:#ffffff;\n}\n<\/style>\n<div  class='avia-image-container av-mfwiey75-ea1d791a4488ad0a3b3586db89373ea2 av-styling- avia-align-center  avia-builder-el-60  avia-builder-el-no-sibling '   itemprop=\"image\" itemscope=\"itemscope\" itemtype=\"https:\/\/schema.org\/ImageObject\" ><div class=\"avia-image-container-inner\"><div class=\"avia-image-overlay-wrap\"><img decoding=\"async\" fetchpriority=\"high\" class='wp-image-2151 avia-img-lazy-loading-not-2151 avia_image ' src=\"https:\/\/www.immowelt.de\/immobilienprofis\/wp-content\/uploads\/2025\/05\/immowelt-seller-leads-mockup-705x558.png\" alt='' title='immowelt-seller-leads-mockup'  height=\"558\" width=\"705\"  itemprop=\"thumbnailUrl\" srcset=\"https:\/\/www.immowelt.de\/immobilienprofis\/wp-content\/uploads\/2025\/05\/immowelt-seller-leads-mockup-705x558.png 705w, https:\/\/www.immowelt.de\/immobilienprofis\/wp-content\/uploads\/2025\/05\/immowelt-seller-leads-mockup-300x238.png 300w, https:\/\/www.immowelt.de\/immobilienprofis\/wp-content\/uploads\/2025\/05\/immowelt-seller-leads-mockup-1030x816.png 1030w, https:\/\/www.immowelt.de\/immobilienprofis\/wp-content\/uploads\/2025\/05\/immowelt-seller-leads-mockup-768x608.png 768w, https:\/\/www.immowelt.de\/immobilienprofis\/wp-content\/uploads\/2025\/05\/immowelt-seller-leads-mockup.png 1441w\" sizes=\"(max-width: 705px) 100vw, 705px\" \/><\/div><\/div><\/div><\/div><\/div><!--close column table wrapper. Autoclose: 1 -->\n<style type=\"text\/css\" data-created_by=\"avia_inline_auto\" id=\"style-css-av-6wbwt-dd180c5f5d2e1dadc988f41d229ec9bf\">\n#top .hr.hr-invisible.av-6wbwt-dd180c5f5d2e1dadc988f41d229ec9bf{\nheight:30px;\n}\n<\/style>\n<div  class='hr av-6wbwt-dd180c5f5d2e1dadc988f41d229ec9bf hr-invisible  avia-builder-el-61  el_after_av_one_half  el_before_av_hr '><span class='hr-inner '><span class=\"hr-inner-style\"><\/span><\/span><\/div>\n\n<style type=\"text\/css\" data-created_by=\"avia_inline_auto\" id=\"style-css-av-gwekdp-fe1eb881cafc8a1e58e62286c5aabeb8\">\n#top .hr.hr-invisible.av-gwekdp-fe1eb881cafc8a1e58e62286c5aabeb8{\nheight:30px;\n}\n<\/style>\n<div  class='hr av-gwekdp-fe1eb881cafc8a1e58e62286c5aabeb8 hr-invisible  avia-builder-el-62  el_after_av_hr  el_before_av_one_half '><span class='hr-inner '><span class=\"hr-inner-style\"><\/span><\/span><\/div>\n<div  class='flex_column av-1nfem5-bc3433c1c24f76428e10e5e4841866d6 av_one_half  avia-builder-el-63  el_after_av_hr  el_before_av_one_half  first flex_column_div  '     ><style type=\"text\/css\" data-created_by=\"avia_inline_auto\" id=\"style-css-av-mfwi9f7c-a89c6d36cc8e0c0d1be3a19d845653c1\">\n.avia-image-container.av-mfwi9f7c-a89c6d36cc8e0c0d1be3a19d845653c1 img.avia_image{\nbox-shadow:none;\n}\n.avia-image-container.av-mfwi9f7c-a89c6d36cc8e0c0d1be3a19d845653c1 .av-image-caption-overlay-center{\ncolor:#ffffff;\n}\n<\/style>\n<div  class='avia-image-container av-mfwi9f7c-a89c6d36cc8e0c0d1be3a19d845653c1 av-styling- avia-align-center  avia-builder-el-64  avia-builder-el-no-sibling '   itemprop=\"image\" itemscope=\"itemscope\" itemtype=\"https:\/\/schema.org\/ImageObject\" ><div class=\"avia-image-container-inner\"><div class=\"avia-image-overlay-wrap\"><img decoding=\"async\" fetchpriority=\"high\" class='wp-image-6120 avia-img-lazy-loading-not-6120 avia_image ' src=\"https:\/\/www.immowelt.de\/immobilienprofis\/wp-content\/uploads\/2025\/09\/immo-insights-podcast.png\" alt='' title='immo-insights-podcast'  height=\"412\" width=\"998\"  itemprop=\"thumbnailUrl\" srcset=\"https:\/\/www.immowelt.de\/immobilienprofis\/wp-content\/uploads\/2025\/09\/immo-insights-podcast.png 998w, https:\/\/www.immowelt.de\/immobilienprofis\/wp-content\/uploads\/2025\/09\/immo-insights-podcast-300x124.png 300w, https:\/\/www.immowelt.de\/immobilienprofis\/wp-content\/uploads\/2025\/09\/immo-insights-podcast-768x317.png 768w, https:\/\/www.immowelt.de\/immobilienprofis\/wp-content\/uploads\/2025\/09\/immo-insights-podcast-705x291.png 705w\" sizes=\"(max-width: 998px) 100vw, 998px\" \/><\/div><\/div><\/div><\/div><div  class='flex_column av-bihwd9-b33989dc7e0fe52ddf2e802f196a11d3 av_one_half  avia-builder-el-65  el_after_av_one_half  el_before_av_hr  flex_column_div  '     ><p>\n<style type=\"text\/css\" data-created_by=\"avia_inline_auto\" id=\"style-css-av-9f77hp-f0ccdeedcee72614728e92b5232a49ca\">\n#top .hr.hr-invisible.av-9f77hp-f0ccdeedcee72614728e92b5232a49ca{\nheight:30px;\n}\n<\/style>\n<div  class='hr av-9f77hp-f0ccdeedcee72614728e92b5232a49ca hr-invisible  avia-builder-el-66  el_before_av_textblock  avia-builder-el-first '><span class='hr-inner '><span class=\"hr-inner-style\"><\/span><\/span><\/div><br \/>\n<section  class='av_textblock_section av-7m6o8d-edccd23bf85aac0e68f09958617c56b8 '   itemscope=\"itemscope\" itemtype=\"https:\/\/schema.org\/CreativeWork\" ><div class='avia_textblock'  itemprop=\"text\" ><h3 style=\"text-align: left;\">Der immowelt Podcast<\/h3>\n<p><b>Monatlich neue Folgen \u2013 \u00fcberall, wo es Podcasts gibt.<\/b><\/p>\n<p style=\"text-align: left;\">Direkt am immowelt Stand tritt unser Podcast Moderator Harald Greising mit spannenden Pers\u00f6nlichkeiten aus der Immobilienbranche in den Dialog. Monatlich gibt es Impulse und Insights f\u00fcr Immobilienprofis auf die Ohren.<\/p>\n<\/div><\/section><br \/>\n<div  class='avia-button-wrap av-mfxzq2bd-6ffe3919946de329646b253542314b09-wrap avia_animated_button av-animated-when-visible-95 pop-up avia-button-left  avia-builder-el-68  el_after_av_textblock  avia-builder-el-last '>\n<style type=\"text\/css\" data-created_by=\"avia_inline_auto\" id=\"style-css-av-mfxzq2bd-6ffe3919946de329646b253542314b09\">\n#top #wrap_all .avia-button.av-mfxzq2bd-6ffe3919946de329646b253542314b09{\nfont-size:16px;\nbackground-color:#ffcc01;\nborder-color:#ffcc01;\ncolor:#0a0a0a;\ntransition:all 0.4s ease-in-out;\nmargin:16px 0 0 0;\npadding:16px 72px 16px 72px;\n}\n#top #wrap_all .avia-button.av-mfxzq2bd-6ffe3919946de329646b253542314b09 .avia-svg-icon svg:first-child{\nfill:#0a0a0a;\nstroke:#0a0a0a;\n}\n<\/style>\n<a href='https:\/\/www.immowelt-impuls.de\/podcast\/'  class='avia-button av-mfxzq2bd-6ffe3919946de329646b253542314b09 av-link-btn avia-icon_select-no avia-size-large avia-position-left'  target=\"_blank\"  rel=\"noopener noreferrer\"  aria-label=\"Mehr erfahren\"><span class='avia_iconbox_title' >Mehr erfahren<\/span><\/a><\/div><\/p><\/div>\n<style type=\"text\/css\" data-created_by=\"avia_inline_auto\" id=\"style-css-av-wney25-3b9e0eee74f66bfcace7ef54c465df70\">\n#top .hr.hr-invisible.av-wney25-3b9e0eee74f66bfcace7ef54c465df70{\nheight:30px;\n}\n<\/style>\n<div  class='hr av-wney25-3b9e0eee74f66bfcace7ef54c465df70 hr-invisible  avia-builder-el-69  el_after_av_one_half  avia-builder-el-last '><span class='hr-inner '><span class=\"hr-inner-style\"><\/span><\/span><\/div>\n\n<\/div><\/div><\/div><!-- close content main div --><\/div><\/div>\n<style type=\"text\/css\" data-created_by=\"avia_inline_auto\" id=\"style-css-av-204ia65-4408e91725d5a3f5cb09dc88bc94ed16\">\n.avia-section.av-204ia65-4408e91725d5a3f5cb09dc88bc94ed16{\nbackground-repeat:no-repeat;\nbackground-image:url(https:\/\/www.immowelt.de\/immobilienprofis\/wp-content\/uploads\/2026\/05\/nyce-immowelt-b2b-hero-bg-1.jpg);\nbackground-position:50% 100%;\nbackground-attachment:scroll;\n}\n<\/style>\n<div id='av_section_5'  class='avia-section av-204ia65-4408e91725d5a3f5cb09dc88bc94ed16 main_color avia-section-default avia-no-border-styling  avia-builder-el-70  el_after_av_section  el_before_av_hr  avia-full-stretch avia-bg-style-scroll container_wrap fullsize'  data-section-bg-repeat='stretch'><div class='container av-section-cont-open' ><div class='template-page content  av-content-full alpha units'><div class='post-entry post-entry-type-page post-entry-6125'><div class='entry-content-wrapper clearfix'>\n<div  class='flex_column av-1ydn4el-3c39bd004cb17c5b74cdc03bafb931f7 av_one_fifth  avia-builder-el-71  el_before_av_three_fifth  avia-builder-el-first  first flex_column_div  '     ><\/div><div  class='flex_column av-1vz1mgt-083320a784e34ee42aacfd7d6ac4f7b1 av_three_fifth  avia-builder-el-72  el_after_av_one_fifth  el_before_av_one_fifth  flex_column_div  '     ><style type=\"text\/css\" data-created_by=\"avia_inline_auto\" id=\"style-css-av-mtb98l6y-331b40793ec9e0ad199401a93ee945eb\">\n#top .av_textblock_section.av-mtb98l6y-331b40793ec9e0ad199401a93ee945eb .avia_textblock{\ncolor:#000000;\n}\n<\/style>\n<section  class='av_textblock_section av-mtb98l6y-331b40793ec9e0ad199401a93ee945eb '   itemscope=\"itemscope\" itemtype=\"https:\/\/schema.org\/CreativeWork\" ><div class='avia_textblock av_inherit_color'  itemprop=\"text\" ><p style=\"text-align: center;\"><strong>Ihre 3 Vorteile durch die Kampagne<\/strong><\/p>\n<\/div><\/section><br \/>\n\n<style type=\"text\/css\" data-created_by=\"avia_inline_auto\" id=\"style-css-av-mtb95ejc-161ba20815817f63d6c83f092af7c039\">\n#top .av_textblock_section.av-mtb95ejc-161ba20815817f63d6c83f092af7c039 .avia_textblock{\npadding:0 50px 0 50px;\n}\n\n@media only screen and (min-width: 768px) and (max-width: 989px){ \n#top .av_textblock_section.av-mtb95ejc-161ba20815817f63d6c83f092af7c039 .avia_textblock{\npadding:0 0 0 0;\n}\n}\n\n@media only screen and (min-width: 480px) and (max-width: 767px){ \n#top .av_textblock_section.av-mtb95ejc-161ba20815817f63d6c83f092af7c039 .avia_textblock{\npadding:0 0 0 0;\n}\n}\n\n@media only screen and (max-width: 479px){ \n#top .av_textblock_section.av-mtb95ejc-161ba20815817f63d6c83f092af7c039 .avia_textblock{\npadding:0 0 0 0;\n}\n}\n<\/style>\n<section  class='av_textblock_section av-mtb95ejc-161ba20815817f63d6c83f092af7c039 '   itemscope=\"itemscope\" itemtype=\"https:\/\/schema.org\/CreativeWork\" ><div class='avia_textblock'  itemprop=\"text\" ><h2 style=\"text-align: center; font-size: 40px;\">Wenn der Spot l\u00e4uft, l\u00e4uft Ihr Gesch\u00e4ft<\/h2>\n<p class=\"\" style=\"text-align: center;\" data-start=\"468\" data-end=\"661\">Ab sofort l\u00e4uft der neue immowelt Spot auf den gr\u00f6\u00dften Kan\u00e4len Deutschlands. So werden Ihre Objekte genau dann gefunden, wenn gesucht wird.<\/p>\n<\/div><\/section><br \/>\n\n<style type=\"text\/css\" data-created_by=\"avia_inline_auto\" id=\"style-css-av-1uxmbdp-6b54509d6fcc043b3e71fb444b0c552c\">\n#top .hr.hr-invisible.av-1uxmbdp-6b54509d6fcc043b3e71fb444b0c552c{\nheight:70px;\n}\n<\/style>\n<div  class='hr av-1uxmbdp-6b54509d6fcc043b3e71fb444b0c552c hr-invisible  avia-builder-el-75  el_after_av_textblock  avia-builder-el-last '><span class='hr-inner '><span class=\"hr-inner-style\"><\/span><\/span><\/div><\/p><\/div><div  class='flex_column av-1thuw1p-12fddb400d7f2d2b22654bafe8c964ec av_one_fifth  avia-builder-el-76  el_after_av_three_fifth  el_before_av_codeblock  flex_column_div  '     ><\/div>\n\n<style type=\"text\/css\" data-created_by=\"avia_inline_auto\" id=\"style-css-av-1rcron1-9f2fa849c74b5c773559e3e33b7c8c91\">\n.avia-image-container.av-1rcron1-9f2fa849c74b5c773559e3e33b7c8c91 img.avia_image{\nbox-shadow:none;\n}\n.avia-image-container.av-1rcron1-9f2fa849c74b5c773559e3e33b7c8c91 .av-image-caption-overlay-center{\ncolor:#ffffff;\n}\n<\/style>\n<div  class='avia-image-container av-1rcron1-9f2fa849c74b5c773559e3e33b7c8c91 av-styling- avia-align-center  avia-builder-el-78  el_after_av_codeblock  avia-builder-el-last '   itemprop=\"image\" itemscope=\"itemscope\" itemtype=\"https:\/\/schema.org\/ImageObject\" ><div class=\"avia-image-container-inner\"><div class=\"avia-image-overlay-wrap\"><img decoding=\"async\" fetchpriority=\"high\" class='wp-image-1088 avia-img-lazy-loading-not-1088 avia_image ' src=\"https:\/\/www.immowelt.de\/immobilienprofis\/wp-content\/uploads\/2025\/04\/lottie-immowelt-arrow-36x36.png\" alt='' title='lottie-immowelt-arrow'  height=\"36\" width=\"36\"  itemprop=\"thumbnailUrl\" srcset=\"https:\/\/www.immowelt.de\/immobilienprofis\/wp-content\/uploads\/2025\/04\/lottie-immowelt-arrow-36x36.png 36w, https:\/\/www.immowelt.de\/immobilienprofis\/wp-content\/uploads\/2025\/04\/lottie-immowelt-arrow-300x300.png 300w, https:\/\/www.immowelt.de\/immobilienprofis\/wp-content\/uploads\/2025\/04\/lottie-immowelt-arrow-80x80.png 80w, https:\/\/www.immowelt.de\/immobilienprofis\/wp-content\/uploads\/2025\/04\/lottie-immowelt-arrow-180x180.png 180w, https:\/\/www.immowelt.de\/immobilienprofis\/wp-content\/uploads\/2025\/04\/lottie-immowelt-arrow.png 447w\" sizes=\"(max-width: 36px) 100vw, 36px\" \/><\/div><\/div><\/div>\n<\/div><\/div><\/div><!-- close content main div --><\/div><\/div><div id='after_section_5'  class='main_color av_default_container_wrap container_wrap fullsize'  ><div class='container av-section-cont-open' ><div class='template-page content  av-content-full alpha units'><div class='post-entry post-entry-type-page post-entry-6125'><div class='entry-content-wrapper clearfix'>\n\n<style type=\"text\/css\" data-created_by=\"avia_inline_auto\" id=\"style-css-av-1pv3vvx-0d05d5bc1e37e3cd772a7406139214f7\">\n#top .hr.hr-invisible.av-1pv3vvx-0d05d5bc1e37e3cd772a7406139214f7{\nheight:70px;\n}\n<\/style>\n<div  class='hr av-1pv3vvx-0d05d5bc1e37e3cd772a7406139214f7 hr-invisible  avia-builder-el-79  el_after_av_section  el_before_av_hr  avia-builder-el-first '><span class='hr-inner '><span class=\"hr-inner-style\"><\/span><\/span><\/div>\n\n<style type=\"text\/css\" data-created_by=\"avia_inline_auto\" id=\"style-css-av-1oxaw5p-0a9cc1ddc1c3b0e148bc0ee19610cd57\">\n#top .hr.hr-invisible.av-1oxaw5p-0a9cc1ddc1c3b0e148bc0ee19610cd57{\nheight:70px;\n}\n<\/style>\n<div  class='hr av-1oxaw5p-0a9cc1ddc1c3b0e148bc0ee19610cd57 hr-invisible  avia-builder-el-80  el_after_av_hr  el_before_av_one_third '><span class='hr-inner '><span class=\"hr-inner-style\"><\/span><\/span><\/div>\n\n<style type=\"text\/css\" data-created_by=\"avia_inline_auto\" id=\"style-css-av-1nexswt-1d211e4ed0bbd5142a6760a8979af529\">\n@keyframes av_boxShadowEffect_av-1nexswt-1d211e4ed0bbd5142a6760a8979af529-column {\n0%   { box-shadow:  0 0 0 0 #c6c6c6; opacity: 1; }\n100% { box-shadow:  0 0 8px 0 #c6c6c6; opacity: 1; }\n}\n.flex_column.av-1nexswt-1d211e4ed0bbd5142a6760a8979af529{\nwidth:30.6666666667%;\nbox-shadow: 0 0 8px 0 #c6c6c6;\nborder-radius:16px 16px 16px 16px;\npadding:0 0 0 0;\n}\n<\/style>\n<div  class='flex_column av-1nexswt-1d211e4ed0bbd5142a6760a8979af529 av_one_third  avia-builder-el-81  el_after_av_hr  el_before_av_one_third  first flex_column_div shadow-not-animated av-zero-column-padding  '     ><style type=\"text\/css\" data-created_by=\"avia_inline_auto\" id=\"style-css-av-1kmhrfx-6bd6c4660320828f3ccce9df2df893bc\">\n#top .av_textblock_section.av-1kmhrfx-6bd6c4660320828f3ccce9df2df893bc .avia_textblock{\ncolor:#6e6e7c;\n}\n<\/style>\n<section  class='av_textblock_section av-1kmhrfx-6bd6c4660320828f3ccce9df2df893bc '   itemscope=\"itemscope\" itemtype=\"https:\/\/schema.org\/CreativeWork\" ><div class='avia_textblock av_inherit_color'  itemprop=\"text\" ><h3><img loading=\"lazy\" decoding=\"async\" class=\"alignnone size-full wp-image-10687\" src=\"https:\/\/www.immowelt.de\/immobilienprofis\/wp-content\/uploads\/2026\/08\/immowelt-b2b-vorteil-1-KI-5.png\" alt=\"\" width=\"630\" height=\"355\" srcset=\"https:\/\/www.immowelt.de\/immobilienprofis\/wp-content\/uploads\/2026\/08\/immowelt-b2b-vorteil-1-KI-5.png 630w, https:\/\/www.immowelt.de\/immobilienprofis\/wp-content\/uploads\/2026\/08\/immowelt-b2b-vorteil-1-KI-5-300x169.png 300w\" sizes=\"auto, (max-width: 630px) 100vw, 630px\" \/><\/h3>\n<\/div><\/section><br \/>\n\n<style type=\"text\/css\" data-created_by=\"avia_inline_auto\" id=\"style-css-av-1ish7vx-53228984196fa148b7f83b80c33708df\">\n#top .av_textblock_section.av-1ish7vx-53228984196fa148b7f83b80c33708df .avia_textblock{\ncolor:#6e6e7c;\n}\n<\/style>\n<section  class='av_textblock_section av-1ish7vx-53228984196fa148b7f83b80c33708df '   itemscope=\"itemscope\" itemtype=\"https:\/\/schema.org\/CreativeWork\" ><div class='avia_textblock av_inherit_color'  itemprop=\"text\" ><div style=\"padding: 20px 20px 20px 20px;\">\n<h3 style=\"font-size: 14px; color: #b5b1b1;\">Vorteil 1<\/h3>\n<p style=\"text-align: left; color: #303038; font-size: 18px;\"><strong>Ihre Zielgruppe ist auf immowelt<\/strong><\/p>\n<p>Durch den neuen Spot werden es t\u00e4glich mehr Visits. Eigent\u00fcmer und Suchende sind gerade besonders aktiv.<\/p>\n<\/div>\n<\/div><\/section><\/p><\/div>\n\n<style type=\"text\/css\" data-created_by=\"avia_inline_auto\" id=\"style-css-av-1h7wlzh-3bd17f9b8d9b07c351d625ebe1e00fb1\">\n@keyframes av_boxShadowEffect_av-1h7wlzh-3bd17f9b8d9b07c351d625ebe1e00fb1-column {\n0%   { box-shadow:  0 0 0 0 #c6c6c6; opacity: 1; }\n100% { box-shadow:  0 0 8px 0 #c6c6c6; opacity: 1; }\n}\n.flex_column.av-1h7wlzh-3bd17f9b8d9b07c351d625ebe1e00fb1{\nwidth:30.6666666667%;\nmargin-left:4%;\nbox-shadow: 0 0 8px 0 #c6c6c6;\nborder-radius:16px 16px 16px 16px;\npadding:0 0 0 0;\n}\n<\/style>\n<div  class='flex_column av-1h7wlzh-3bd17f9b8d9b07c351d625ebe1e00fb1 av_one_third  avia-builder-el-84  el_after_av_one_third  el_before_av_one_third  flex_column_div shadow-not-animated av-zero-column-padding  '     ><style type=\"text\/css\" data-created_by=\"avia_inline_auto\" id=\"style-css-av-1fmbkct-7a3f02a084117239bd1787f02a189dbd\">\n#top .av_textblock_section.av-1fmbkct-7a3f02a084117239bd1787f02a189dbd .avia_textblock{\ncolor:#6e6e7c;\n}\n<\/style>\n<section  class='av_textblock_section av-1fmbkct-7a3f02a084117239bd1787f02a189dbd '   itemscope=\"itemscope\" itemtype=\"https:\/\/schema.org\/CreativeWork\" ><div class='avia_textblock av_inherit_color'  itemprop=\"text\" ><h3><img loading=\"lazy\" decoding=\"async\" class=\"alignnone size-full wp-image-10690\" src=\"https:\/\/www.immowelt.de\/immobilienprofis\/wp-content\/uploads\/2026\/08\/immowelt-b2b-vorteil-2-KI-5.png\" alt=\"\" width=\"630\" height=\"355\" srcset=\"https:\/\/www.immowelt.de\/immobilienprofis\/wp-content\/uploads\/2026\/08\/immowelt-b2b-vorteil-2-KI-5.png 630w, https:\/\/www.immowelt.de\/immobilienprofis\/wp-content\/uploads\/2026\/08\/immowelt-b2b-vorteil-2-KI-5-300x169.png 300w\" sizes=\"auto, (max-width: 630px) 100vw, 630px\" \/><\/h3>\n<\/div><\/section><br \/>\n\n<style type=\"text\/css\" data-created_by=\"avia_inline_auto\" id=\"style-css-av-1ey0v5p-a26e89868d8770fbba8452943df66a7c\">\n#top .av_textblock_section.av-1ey0v5p-a26e89868d8770fbba8452943df66a7c .avia_textblock{\ncolor:#6e6e7c;\n}\n<\/style>\n<section  class='av_textblock_section av-1ey0v5p-a26e89868d8770fbba8452943df66a7c '   itemscope=\"itemscope\" itemtype=\"https:\/\/schema.org\/CreativeWork\" ><div class='avia_textblock av_inherit_color'  itemprop=\"text\" ><div style=\"padding: 20px 20px 20px 20px;\">\n<h3 style=\"font-size: 14px; color: #b5b1b1;\">Vorteil 2<\/h3>\n<p style=\"text-align: left; color: #303038; font-size: 18px;\"><strong>Gr\u00f6\u00dfere Sichtbarkeit Ihrer Inserate<\/strong><\/p>\n<p>Wer jetzt vorne in der Suchergebnisliste steht, wird gefunden. Wer seine Inserate optimiert, wird geklickt.<\/p>\n<\/div>\n<\/div><\/section><\/p><\/div>\n\n<style type=\"text\/css\" data-created_by=\"avia_inline_auto\" id=\"style-css-av-1cpkzm5-df5eb10692cb4b80b58cb31d3c7523c6\">\n@keyframes av_boxShadowEffect_av-1cpkzm5-df5eb10692cb4b80b58cb31d3c7523c6-column {\n0%   { box-shadow:  0 0 0 0 #c6c6c6; opacity: 1; }\n100% { box-shadow:  0 0 8px 0 #c6c6c6; opacity: 1; }\n}\n.flex_column.av-1cpkzm5-df5eb10692cb4b80b58cb31d3c7523c6{\nwidth:30.6666666667%;\nmargin-left:4%;\nbox-shadow: 0 0 8px 0 #c6c6c6;\nborder-radius:16px 16px 16px 16px;\npadding:0 0 0 0;\n}\n<\/style>\n<div  class='flex_column av-1cpkzm5-df5eb10692cb4b80b58cb31d3c7523c6 av_one_third  avia-builder-el-87  el_after_av_one_third  el_before_av_hr  flex_column_div shadow-not-animated av-zero-column-padding  '     ><style type=\"text\/css\" data-created_by=\"avia_inline_auto\" id=\"style-css-av-1bddb1p-cecd12a2826ffbb253ca9eee0dc9792c\">\n#top .av_textblock_section.av-1bddb1p-cecd12a2826ffbb253ca9eee0dc9792c .avia_textblock{\ncolor:#6e6e7c;\n}\n<\/style>\n<section  class='av_textblock_section av-1bddb1p-cecd12a2826ffbb253ca9eee0dc9792c '   itemscope=\"itemscope\" itemtype=\"https:\/\/schema.org\/CreativeWork\" ><div class='avia_textblock av_inherit_color'  itemprop=\"text\" ><h3><img loading=\"lazy\" decoding=\"async\" class=\"alignnone size-full wp-image-10689\" src=\"https:\/\/www.immowelt.de\/immobilienprofis\/wp-content\/uploads\/2026\/08\/immowelt-b2b-vorteil-3-KI-5.png\" alt=\"\" width=\"630\" height=\"356\" srcset=\"https:\/\/www.immowelt.de\/immobilienprofis\/wp-content\/uploads\/2026\/08\/immowelt-b2b-vorteil-3-KI-5.png 630w, https:\/\/www.immowelt.de\/immobilienprofis\/wp-content\/uploads\/2026\/08\/immowelt-b2b-vorteil-3-KI-5-300x170.png 300w\" sizes=\"auto, (max-width: 630px) 100vw, 630px\" \/><\/h3>\n<\/div><\/section><br \/>\n\n<style type=\"text\/css\" data-created_by=\"avia_inline_auto\" id=\"style-css-av-1a4w85p-5d72f57b42e304da7e00bb7dc1680e74\">\n#top .av_textblock_section.av-1a4w85p-5d72f57b42e304da7e00bb7dc1680e74 .avia_textblock{\ncolor:#6e6e7c;\n}\n<\/style>\n<section  class='av_textblock_section av-1a4w85p-5d72f57b42e304da7e00bb7dc1680e74 '   itemscope=\"itemscope\" itemtype=\"https:\/\/schema.org\/CreativeWork\" ><div class='avia_textblock av_inherit_color'  itemprop=\"text\" ><div style=\"padding: 20px 20px 20px 20px;\">\n<h3 style=\"font-size: 14px; color: #b5b1b1;\">Vorteil 3<\/h3>\n<p style=\"text-align: left; color: #303038; font-size: 18px;\"><strong>Steigerung Ihrer Anfragen<\/strong><\/p>\n<p>Der Markt spielt Ihnen in die Karten: 43 % mehr K\u00e4uferkontakte in 2025 im Vergleich zum Vorjahr. ****<\/p>\n<\/div>\n<\/div><\/section><\/p><\/div>\n\n<style type=\"text\/css\" data-created_by=\"avia_inline_auto\" id=\"style-css-av-17phku5-9f360c2bf30375573c1c6f55e1a9d943\">\n#top .hr.hr-invisible.av-17phku5-9f360c2bf30375573c1c6f55e1a9d943{\nheight:70px;\n}\n<\/style>\n<div  class='hr av-17phku5-9f360c2bf30375573c1c6f55e1a9d943 hr-invisible  avia-builder-el-90  el_after_av_one_third  el_before_av_one_third '><span class='hr-inner '><span class=\"hr-inner-style\"><\/span><\/span><\/div>\n<div  class='flex_column av-47k8h9-1f87e5b98130656e3dcde9d425808990 av_one_third  avia-builder-el-91  el_after_av_hr  el_before_av_one_third  first flex_column_div  '     ><style type=\"text\/css\" data-created_by=\"avia_inline_auto\" id=\"style-css-av-4487hp-b816f0d53bc4b77a27261d7cce7c5c62\">\n#top .av_textblock_section.av-4487hp-b816f0d53bc4b77a27261d7cce7c5c62 .avia_textblock{\ncolor:#303038;\n}\n<\/style>\n<section  class='av_textblock_section av-4487hp-b816f0d53bc4b77a27261d7cce7c5c62 '   itemscope=\"itemscope\" itemtype=\"https:\/\/schema.org\/CreativeWork\" ><div class='avia_textblock av_inherit_color'  itemprop=\"text\" ><div style=\"padding: 20px 0px 0px 0px; text-align: center;\">\n<h3 style=\"font-size: 40px;\"><span style=\"font-size: 60px;\">1. Platz<\/span><\/h3>\n<p style=\"font-size: 1.1em;\">Immobilienportal Gesamtsieger 2026 von ntv *<\/p>\n<\/div>\n<\/div><\/section><\/div>\n<div  class='flex_column av-131i4i5-9286da0681752313117bd70e524088a6 av_one_third  avia-builder-el-93  el_after_av_one_third  el_before_av_one_third  flex_column_div  '     ><style type=\"text\/css\" data-created_by=\"avia_inline_auto\" id=\"style-css-av-11u7wtp-fce96c1a26744372edcf24cef5212a23\">\n#top .av_textblock_section.av-11u7wtp-fce96c1a26744372edcf24cef5212a23 .avia_textblock{\ncolor:#303038;\n}\n<\/style>\n<section  class='av_textblock_section av-11u7wtp-fce96c1a26744372edcf24cef5212a23 '   itemscope=\"itemscope\" itemtype=\"https:\/\/schema.org\/CreativeWork\" ><div class='avia_textblock av_inherit_color'  itemprop=\"text\" ><div style=\"padding: 20px 0px 0px 0px; text-align: center;\">\n<h3 style=\"font-size: 40px;\">+<span style=\"font-size: 60px;\">20.400<\/span><\/h3>\n<p style=\"font-size: 1.1em;\">Immobilienprofis als Partner (Stand 04\/2026) **<\/p>\n<\/div>\n<\/div><\/section><\/div>\n<div  class='flex_column av-zsmqgd-f4f00c7a51a5e5be3e62379430e7fb20 av_one_third  avia-builder-el-95  el_after_av_one_third  el_before_av_hr  flex_column_div  '     ><style type=\"text\/css\" data-created_by=\"avia_inline_auto\" id=\"style-css-av-3dxpf1-29274c6ad4251100b0a2478bf19a3bb4\">\n#top .av_textblock_section.av-3dxpf1-29274c6ad4251100b0a2478bf19a3bb4 .avia_textblock{\npadding:0 50px 0 50px;\ncolor:#303038;\n}\n\n@media only screen and (min-width: 768px) and (max-width: 989px){ \n#top .av_textblock_section.av-3dxpf1-29274c6ad4251100b0a2478bf19a3bb4 .avia_textblock{\npadding:0 0 0 0;\n}\n}\n\n@media only screen and (min-width: 480px) and (max-width: 767px){ \n#top .av_textblock_section.av-3dxpf1-29274c6ad4251100b0a2478bf19a3bb4 .avia_textblock{\npadding:0 50px 0 50px;\n}\n}\n\n@media only screen and (max-width: 479px){ \n#top .av_textblock_section.av-3dxpf1-29274c6ad4251100b0a2478bf19a3bb4 .avia_textblock{\npadding:0 20px 0 20px;\n}\n}\n<\/style>\n<section  class='av_textblock_section av-3dxpf1-29274c6ad4251100b0a2478bf19a3bb4 '   itemscope=\"itemscope\" itemtype=\"https:\/\/schema.org\/CreativeWork\" ><div class='avia_textblock av_inherit_color'  itemprop=\"text\" ><div style=\"padding: 20px 0px 0px 0px; text-align: center;\">\n<h3 style=\"line-height: 40px; font-size: 22px;\">\u00fcber <span style=\"font-size: 60px;\">\u2154<\/span><\/h3>\n<p style=\"font-size: 1.1em;\">finden immowelt sympathischer als andere Portale ***<\/p>\n<\/div>\n<\/div><\/section><\/div>\n\n<style type=\"text\/css\" data-created_by=\"avia_inline_auto\" id=\"style-css-av-2l5m19-d10df59f431e772ad7fc93c18bc8f45a\">\n#top .hr.av-2l5m19-d10df59f431e772ad7fc93c18bc8f45a{\nmargin-top:30px;\nmargin-bottom:30px;\n}\n.hr.av-2l5m19-d10df59f431e772ad7fc93c18bc8f45a .hr-inner{\nwidth:50px;\n}\n<\/style>\n<div  class='hr av-2l5m19-d10df59f431e772ad7fc93c18bc8f45a hr-custom  avia-builder-el-97  el_after_av_one_third  el_before_av_section  avia-builder-el-last  hr-center hr-icon-no'><span class='hr-inner inner-border-av-border-none'><span class=\"hr-inner-style\"><\/span><\/span><\/div>\n<\/div><\/div><\/div><!-- close content main div --><\/div><\/div>\n<style type=\"text\/css\" data-created_by=\"avia_inline_auto\" id=\"style-css-av-u3ih4d-67611297043bd451b1d4432c0ccdf406\">\n.avia-section.av-u3ih4d-67611297043bd451b1d4432c0ccdf406{\nbackground-color:#fdf6d5;\nbackground-image:url(https:\/\/www.immowelt.de\/immobilienprofis\/wp-content\/uploads\/2026\/05\/immowelt-b2b-lp-schritte-bg-pattern.png);\nbackground-repeat:no-repeat;\nbackground-position:0% 0%;\nbackground-attachment:scroll;\n}\n<\/style>\n<div id='av_section_6'  class='avia-section av-u3ih4d-67611297043bd451b1d4432c0ccdf406 main_color avia-section-no-padding avia-no-border-styling  avia-builder-el-98  el_after_av_hr  el_before_av_section  avia-bg-style-scroll container_wrap fullsize'  data-section-bg-repeat='no-repeat'><div class='container av-section-cont-open' ><div class='template-page content  av-content-full alpha units'><div class='post-entry post-entry-type-page post-entry-6125'><div class='entry-content-wrapper clearfix'>\n\n<style type=\"text\/css\" data-created_by=\"avia_inline_auto\" id=\"style-css-av-tpwi8d-ef87c095ff6fd1fbe44210a78f3b58dd\">\n#top .hr.av-tpwi8d-ef87c095ff6fd1fbe44210a78f3b58dd{\nmargin-top:30px;\nmargin-bottom:30px;\n}\n.hr.av-tpwi8d-ef87c095ff6fd1fbe44210a78f3b58dd .hr-inner{\nwidth:50px;\n}\n<\/style>\n<div  class='hr av-tpwi8d-ef87c095ff6fd1fbe44210a78f3b58dd hr-custom  avia-builder-el-99  el_before_av_one_fourth  avia-builder-el-first  hr-center hr-icon-no'><span class='hr-inner inner-border-av-border-none'><span class=\"hr-inner-style\"><\/span><\/span><\/div>\n<div  class='flex_column av-qnnvv1-aad20e718a413880691a260f4ac73077 av_one_fourth  avia-builder-el-100  el_after_av_hr  el_before_av_one_half  first flex_column_div  '     ><\/div><div  class='flex_column av-pyf3t9-c90788eadaf035a7356d38f92bc3d9f7 av_one_half  avia-builder-el-101  el_after_av_one_fourth  el_before_av_one_fourth  flex_column_div  '     ><section  class='av_textblock_section av-mtb99mxe-383458edbeb53b8787724b0a324acb02 '   itemscope=\"itemscope\" itemtype=\"https:\/\/schema.org\/CreativeWork\" ><div class='avia_textblock'  itemprop=\"text\" ><h2 style=\"text-align: center;\">So funktioniert\u2019s<\/h2>\n<p style=\"text-align: center;\">In nur 3 Schritten zu Ihrem pers\u00f6nlichen Gespr\u00e4chsslot und exklusiven Vorteilen auf der EXPO REAL.<\/p>\n<\/div><\/section><\/div><div  class='flex_column av-ndp225-36dec92c95d1d277c2d910f961831244 av_one_fourth  avia-builder-el-103  el_after_av_one_half  el_before_av_one_third  flex_column_div  '     ><\/div><div  class='flex_column av-mc3j7h-dcefd9478bb7bc59f1278da709ac7cbd av_one_third  avia-builder-el-104  el_after_av_one_fourth  el_before_av_one_third  first flex_column_div  column-top-margin'     ><p>\n<style type=\"text\/css\" data-created_by=\"avia_inline_auto\" id=\"style-css-av-kd78hp-82f18ad8c0e5c2e71b415201ff0c3c34\">\n.avia-image-container.av-kd78hp-82f18ad8c0e5c2e71b415201ff0c3c34 img.avia_image{\nbox-shadow:none;\n}\n.avia-image-container.av-kd78hp-82f18ad8c0e5c2e71b415201ff0c3c34 .av-image-caption-overlay-center{\ncolor:#ffffff;\n}\n<\/style>\n<div  class='avia-image-container av-kd78hp-82f18ad8c0e5c2e71b415201ff0c3c34 av-styling- avia-align-center  avia-builder-el-105  el_before_av_textblock  avia-builder-el-first '   itemprop=\"image\" itemscope=\"itemscope\" itemtype=\"https:\/\/schema.org\/ImageObject\" ><div class=\"avia-image-container-inner\"><div class=\"avia-image-overlay-wrap\"><img decoding=\"async\" fetchpriority=\"high\" class='wp-image-1063 avia-img-lazy-loading-not-1063 avia_image ' src=\"https:\/\/www.immowelt.de\/immobilienprofis\/wp-content\/uploads\/2025\/04\/immowelt-schritt-icon-1-80x80.png\" alt='' title='immowelt-schritt-icon-1'  height=\"80\" width=\"80\"  itemprop=\"thumbnailUrl\" srcset=\"https:\/\/www.immowelt.de\/immobilienprofis\/wp-content\/uploads\/2025\/04\/immowelt-schritt-icon-1-80x80.png 80w, https:\/\/www.immowelt.de\/immobilienprofis\/wp-content\/uploads\/2025\/04\/immowelt-schritt-icon-1-36x36.png 36w\" sizes=\"(max-width: 80px) 100vw, 80px\" \/><\/div><\/div><\/div><br \/>\n<section  class='av_textblock_section av-mtb99wpv-e8dde39c015fbac732bb7fbd42034b2f '   itemscope=\"itemscope\" itemtype=\"https:\/\/schema.org\/CreativeWork\" ><div class='avia_textblock'  itemprop=\"text\" ><div style=\"padding: 20px 0px 0px 0px; text-align: center;\">\n<h3 style=\"font-size: 18px;\">Wunschtermin reservieren<\/h3>\n<p style=\"font-size: 1.1em;\">F\u00fcllen Sie das kurze Formular aus und sicher Sie sich Ihren pers\u00f6nlichen Messe-Slot.<\/p>\n<\/div>\n<div id=\"gtx-trans\" style=\"position: absolute; left: 198px; top: 56.75px;\">\n<div class=\"gtx-trans-icon\"><\/div>\n<\/div>\n<\/div><\/section><\/p><\/div><div  class='flex_column av-1wmjwt-e4ec34796404b9758db4c995eeaeb6c6 av_one_third  avia-builder-el-107  el_after_av_one_third  el_before_av_one_third  flex_column_div  column-top-margin'     ><p>\n<style type=\"text\/css\" data-created_by=\"avia_inline_auto\" id=\"style-css-av-hnxfod-45f2f6989808745677ede1d727a6a756\">\n.avia-image-container.av-hnxfod-45f2f6989808745677ede1d727a6a756 img.avia_image{\nbox-shadow:none;\n}\n.avia-image-container.av-hnxfod-45f2f6989808745677ede1d727a6a756 .av-image-caption-overlay-center{\ncolor:#ffffff;\n}\n<\/style>\n<div  class='avia-image-container av-hnxfod-45f2f6989808745677ede1d727a6a756 av-styling- avia-align-center  avia-builder-el-108  el_before_av_textblock  avia-builder-el-first '   itemprop=\"image\" itemscope=\"itemscope\" itemtype=\"https:\/\/schema.org\/ImageObject\" ><div class=\"avia-image-container-inner\"><div class=\"avia-image-overlay-wrap\"><img decoding=\"async\" fetchpriority=\"high\" class='wp-image-1070 avia-img-lazy-loading-not-1070 avia_image ' src=\"https:\/\/www.immowelt.de\/immobilienprofis\/wp-content\/uploads\/2025\/04\/immowelt-schritt-icon-2-80x80.png\" alt='' title='immowelt-schritt-icon-2'  height=\"80\" width=\"80\"  itemprop=\"thumbnailUrl\" srcset=\"https:\/\/www.immowelt.de\/immobilienprofis\/wp-content\/uploads\/2025\/04\/immowelt-schritt-icon-2-80x80.png 80w, https:\/\/www.immowelt.de\/immobilienprofis\/wp-content\/uploads\/2025\/04\/immowelt-schritt-icon-2-36x36.png 36w\" sizes=\"(max-width: 80px) 100vw, 80px\" \/><\/div><\/div><\/div><br \/>\n<section  class='av_textblock_section av-mtb9a49m-d49334093cfbfce7eb70d8957459844f '   itemscope=\"itemscope\" itemtype=\"https:\/\/schema.org\/CreativeWork\" ><div class='avia_textblock'  itemprop=\"text\" ><div style=\"padding: 20px 0px 0px 0px; text-align: center;\">\n<h3 style=\"font-size: 18px;\">Stand besuchen<\/h3>\n<p style=\"font-size: 1.1em;\">Besuchen Sie uns am Stand, genie\u00dfen Sie einen entspannten Kaffee und tauschen Sie sich vor Ort mit unseren Experten aus.<\/p>\n<\/div>\n<div id=\"gtx-trans\" style=\"position: absolute; left: 310px; top: 105.75px;\">\n<div class=\"gtx-trans-icon\"><\/div>\n<\/div>\n<\/div><\/section><\/p><\/div><div  class='flex_column av-f8z2rx-37b3b60a9392c32e61f9a7b604810112 av_one_third  avia-builder-el-110  el_after_av_one_third  el_before_av_one_fourth  flex_column_div  column-top-margin'     ><p>\n<style type=\"text\/css\" data-created_by=\"avia_inline_auto\" id=\"style-css-av-dl80i5-fc40a5f23804a109ef38a8ab32cd3cc0\">\n.avia-image-container.av-dl80i5-fc40a5f23804a109ef38a8ab32cd3cc0 img.avia_image{\nbox-shadow:none;\n}\n.avia-image-container.av-dl80i5-fc40a5f23804a109ef38a8ab32cd3cc0 .av-image-caption-overlay-center{\ncolor:#ffffff;\n}\n<\/style>\n<div  class='avia-image-container av-dl80i5-fc40a5f23804a109ef38a8ab32cd3cc0 av-styling- avia-align-center  avia-builder-el-111  el_before_av_textblock  avia-builder-el-first '   itemprop=\"image\" itemscope=\"itemscope\" itemtype=\"https:\/\/schema.org\/ImageObject\" ><div class=\"avia-image-container-inner\"><div class=\"avia-image-overlay-wrap\"><img decoding=\"async\" fetchpriority=\"high\" class='wp-image-1071 avia-img-lazy-loading-not-1071 avia_image ' src=\"https:\/\/www.immowelt.de\/immobilienprofis\/wp-content\/uploads\/2025\/04\/immowelt-schritt-icon-3-80x80.png\" alt='' title='immowelt-schritt-icon-3'  height=\"80\" width=\"80\"  itemprop=\"thumbnailUrl\" srcset=\"https:\/\/www.immowelt.de\/immobilienprofis\/wp-content\/uploads\/2025\/04\/immowelt-schritt-icon-3-80x80.png 80w, https:\/\/www.immowelt.de\/immobilienprofis\/wp-content\/uploads\/2025\/04\/immowelt-schritt-icon-3-36x36.png 36w\" sizes=\"(max-width: 80px) 100vw, 80px\" \/><\/div><\/div><\/div><br \/>\n<section  class='av_textblock_section av-mtbd01ww-31683fbef5cd03108e085530b860b49c '   itemscope=\"itemscope\" itemtype=\"https:\/\/schema.org\/CreativeWork\" ><div class='avia_textblock'  itemprop=\"text\" ><div style=\"padding: 20px 0px 0px 0px; text-align: center;\">\n<h3 style=\"font-size: 18px;\">Gemeinsam durchstarten<\/h3>\n<p style=\"font-size: 1.1em;\">Lassen Sie sich individuell beraten, entdecken Sie Angebote und Neuheiten und nutzen Sie Ihre Gewinnchance vor Ort.<\/p>\n<\/div>\n<\/div><\/section><\/p><\/div><div  class='flex_column av-cz1txp-31694e7b6593634b9c01c5e893f6d266 av_one_fourth  avia-builder-el-113  el_after_av_one_third  el_before_av_one_half  first flex_column_div  column-top-margin'     ><\/div><div  class='flex_column av-ab11hp-670824f1f0347ab444122635323aa74e av_one_half  avia-builder-el-114  el_after_av_one_fourth  el_before_av_one_fourth  flex_column_div  column-top-margin'     ><div  class='avia-button-wrap av-8tllnx-090dc16457016eb1c33cb4038a5072e0-wrap avia-button-center  avia-builder-el-115  avia-builder-el-no-sibling '>\n<style type=\"text\/css\" data-created_by=\"avia_inline_auto\" id=\"style-css-av-8tllnx-090dc16457016eb1c33cb4038a5072e0\">\n#top #wrap_all .avia-button.av-8tllnx-090dc16457016eb1c33cb4038a5072e0{\nfont-size:16px;\nbackground-color:#ffffff;\nborder-color:#ffffff;\ncolor:#0a0a0a;\ntransition:all 0.4s ease-in-out;\nmargin:16px 0 0 0;\npadding:16px 72px 16px 72px;\n}\n#top #wrap_all .avia-button.av-8tllnx-090dc16457016eb1c33cb4038a5072e0 .avia-svg-icon svg:first-child{\nfill:#0a0a0a;\nstroke:#0a0a0a;\n}\n<\/style>\n<a href='https:\/\/www.immowelt.de\/immobilienprofis\/expo-real\/#kontakt'  class='avia-button av-8tllnx-090dc16457016eb1c33cb4038a5072e0 av-link-btn avia-icon_select-no avia-size-large avia-position-center'   aria-label=\"Termin vereinbaren\"><span class='avia_iconbox_title' >Termin vereinbaren<\/span><\/a><\/div><\/div><div  class='flex_column av-7epwb1-d93f8219001e803907bafc99d5c08a59 av_one_fourth  avia-builder-el-116  el_after_av_one_half  el_before_av_hr  flex_column_div  column-top-margin'     ><\/div>\n<style type=\"text\/css\" data-created_by=\"avia_inline_auto\" id=\"style-css-av-65hlh9-d134b2e7f65bd0d3b62511ac2c5a4805\">\n#top .hr.av-65hlh9-d134b2e7f65bd0d3b62511ac2c5a4805{\nmargin-top:30px;\nmargin-bottom:30px;\n}\n.hr.av-65hlh9-d134b2e7f65bd0d3b62511ac2c5a4805 .hr-inner{\nwidth:50px;\n}\n<\/style>\n<div  class='hr av-65hlh9-d134b2e7f65bd0d3b62511ac2c5a4805 hr-custom  avia-builder-el-117  el_after_av_one_fourth  avia-builder-el-last  hr-center hr-icon-no'><span class='hr-inner inner-border-av-border-none'><span class=\"hr-inner-style\"><\/span><\/span><\/div>\n\n<\/div><\/div><\/div><!-- close content main div --><\/div><\/div>\n<style type=\"text\/css\" data-created_by=\"avia_inline_auto\" id=\"style-css-av-tm5h4d-247e36693bc3a979982cfcd3ca3da833\">\n.avia-section.av-tm5h4d-247e36693bc3a979982cfcd3ca3da833{\nbackground-color:#f7f7f8;\nbackground-image:unset;\n}\n<\/style>\n<div id='anrufmanager'  class='avia-section av-tm5h4d-247e36693bc3a979982cfcd3ca3da833 main_color avia-section-huge avia-no-border-styling  avia-builder-el-118  el_after_av_section  el_before_av_section  av-small-hide av-mini-hide avia-bg-style-scroll container_wrap fullsize'  ><div class='container av-section-cont-open' ><div class='template-page content  av-content-full alpha units'><div class='post-entry post-entry-type-page post-entry-6125'><div class='entry-content-wrapper clearfix'>\n<div  class='flex_column av-rcb0l9-a0980231eee95defe9565fa24aa89b34 av_one_fourth  avia-builder-el-119  el_before_av_one_half  avia-builder-el-first  first flex_column_div  '     ><\/div><div  class='flex_column av-phd1bx-a13a35557f8809d692e50d589d5d47f2 av_one_half  avia-builder-el-120  el_after_av_one_fourth  el_before_av_one_fourth  flex_column_div  '     ><p>\n<style type=\"text\/css\" data-created_by=\"avia_inline_auto\" id=\"style-css-av-mt2tamyh-a428101d3b87229284a5b2f7696d20c0\">\n#top .av_textblock_section.av-mt2tamyh-a428101d3b87229284a5b2f7696d20c0 .avia_textblock{\ncolor:#000000;\ntext-align:center;\n}\n<\/style>\n<section  class='av_textblock_section av-mt2tamyh-a428101d3b87229284a5b2f7696d20c0 '   itemscope=\"itemscope\" itemtype=\"https:\/\/schema.org\/CreativeWork\" ><div class='avia_textblock av_inherit_color'  itemprop=\"text\" ><p><strong>Von Profis f\u00fcr Profis<\/strong><\/p>\n<\/div><\/section><br \/>\n\n<style type=\"text\/css\" data-created_by=\"avia_inline_auto\" id=\"style-css-av-mfwju7tc-ef02aec48a4a9635f4a33e30fbd1f487\">\n#top .av_textblock_section.av-mfwju7tc-ef02aec48a4a9635f4a33e30fbd1f487 .avia_textblock{\ntext-align:center;\n}\n<\/style>\n<section  class='av_textblock_section av-mfwju7tc-ef02aec48a4a9635f4a33e30fbd1f487 '   itemscope=\"itemscope\" itemtype=\"https:\/\/schema.org\/CreativeWork\" ><div class='avia_textblock'  itemprop=\"text\" ><h2>Unser Team auf der Expo Real<\/h2>\n<\/div><\/section><\/p><\/div><div  class='flex_column av-ngmict-e6698df1a9546d6ebcf3ce8f0aad3091 av_one_fourth  avia-builder-el-123  el_after_av_one_half  el_before_av_hr  flex_column_div  '     ><\/div>\n<style type=\"text\/css\" data-created_by=\"avia_inline_auto\" id=\"style-css-av-mt2t3lt6-4db1b68140b7a54df104143bff74ff09\">\n#top .hr.hr-invisible.av-mt2t3lt6-4db1b68140b7a54df104143bff74ff09{\nheight:70px;\n}\n<\/style>\n<div  class='hr av-mt2t3lt6-4db1b68140b7a54df104143bff74ff09 hr-invisible  avia-builder-el-124  el_after_av_one_fourth  el_before_av_textblock '><span class='hr-inner '><span class=\"hr-inner-style\"><\/span><\/span><\/div>\n\n<style type=\"text\/css\" data-created_by=\"avia_inline_auto\" id=\"style-css-av-mt2t58gd-4a97e77349c46df17a1d5054ef153de7\">\n#top .av_textblock_section.av-mt2t58gd-4a97e77349c46df17a1d5054ef153de7 .avia_textblock{\ncolor:#ffcc01;\ntext-align:center;\n}\n<\/style>\n<section  class='av_textblock_section av-mt2t58gd-4a97e77349c46df17a1d5054ef153de7 '   itemscope=\"itemscope\" itemtype=\"https:\/\/schema.org\/CreativeWork\" ><div class='avia_textblock av_inherit_color'  itemprop=\"text\" ><p><strong>Management Team<\/strong><\/p>\n<\/div><\/section>\n<div  class='flex_column av-17aylod-6140558ab107c10946cc2430e8cae960 av_one_fifth  avia-builder-el-126  el_after_av_textblock  el_before_av_one_fifth  first flex_column_div  column-top-margin'     ><\/div><div  class='flex_column av-16wmhfh-dafe0011e545d3ca770c3202404d8efc av_one_fifth  avia-builder-el-127  el_after_av_one_fifth  el_before_av_one_fifth  flex_column_div  column-top-margin'     ><p>\n<style type=\"text\/css\" data-created_by=\"avia_inline_auto\" id=\"style-css-av-mt2r99l1-c275816370aa968f9044176676a4bce6\">\n.avia-image-container.av-mt2r99l1-c275816370aa968f9044176676a4bce6 img.avia_image{\nbox-shadow:none;\n}\n.avia-image-container.av-mt2r99l1-c275816370aa968f9044176676a4bce6 .av-image-caption-overlay-center{\ncolor:#ffffff;\n}\n<\/style>\n<div  class='avia-image-container av-mt2r99l1-c275816370aa968f9044176676a4bce6 av-styling-circle avia-align-center  avia-builder-el-128  el_before_av_textblock  avia-builder-el-first '   itemprop=\"image\" itemscope=\"itemscope\" itemtype=\"https:\/\/schema.org\/ImageObject\" ><div class=\"avia-image-container-inner\"><div class=\"avia-image-overlay-wrap\"><img decoding=\"async\" fetchpriority=\"high\" class='wp-image-11101 avia-img-lazy-loading-not-11101 avia_image ' src=\"https:\/\/www.immowelt.de\/immobilienprofis\/wp-content\/uploads\/2026\/08\/Design-ohne-Titel-3-300x300.png\" alt='' title='Design ohne Titel (3)'  height=\"300\" width=\"300\"  itemprop=\"thumbnailUrl\" srcset=\"https:\/\/www.immowelt.de\/immobilienprofis\/wp-content\/uploads\/2026\/08\/Design-ohne-Titel-3-300x300.png 300w, https:\/\/www.immowelt.de\/immobilienprofis\/wp-content\/uploads\/2026\/08\/Design-ohne-Titel-3-80x80.png 80w, https:\/\/www.immowelt.de\/immobilienprofis\/wp-content\/uploads\/2026\/08\/Design-ohne-Titel-3-768x768.png 768w, https:\/\/www.immowelt.de\/immobilienprofis\/wp-content\/uploads\/2026\/08\/Design-ohne-Titel-3-36x36.png 36w, https:\/\/www.immowelt.de\/immobilienprofis\/wp-content\/uploads\/2026\/08\/Design-ohne-Titel-3-180x180.png 180w, https:\/\/www.immowelt.de\/immobilienprofis\/wp-content\/uploads\/2026\/08\/Design-ohne-Titel-3-705x705.png 705w, https:\/\/www.immowelt.de\/immobilienprofis\/wp-content\/uploads\/2026\/08\/Design-ohne-Titel-3.png 1000w\" sizes=\"(max-width: 300px) 100vw, 300px\" \/><\/div><\/div><\/div><br \/>\n<section  class='av_textblock_section av-mt2r5hv8-16ab6327e7de74d368036ed2a16d51cf '   itemscope=\"itemscope\" itemtype=\"https:\/\/schema.org\/CreativeWork\" ><div class='avia_textblock'  itemprop=\"text\" ><p style=\"text-align: center;\"><strong>Theo Mseka<br \/>\n<\/strong>Chief Executive Officer<\/p>\n<\/div><\/section><\/p><\/div><div  class='flex_column av-2jomkr1-66f783564c74d68bbf708a557ff604ca av_one_fifth  avia-builder-el-130  el_after_av_one_fifth  el_before_av_one_fifth  flex_column_div  column-top-margin'     ><p>\n<style type=\"text\/css\" data-created_by=\"avia_inline_auto\" id=\"style-css-av-2ifaugt-43d92ca147480b1b2701dffe5930a3ad\">\n.avia-image-container.av-2ifaugt-43d92ca147480b1b2701dffe5930a3ad img.avia_image{\nbox-shadow:none;\n}\n.avia-image-container.av-2ifaugt-43d92ca147480b1b2701dffe5930a3ad .av-image-caption-overlay-center{\ncolor:#ffffff;\n}\n<\/style>\n<div  class='avia-image-container av-2ifaugt-43d92ca147480b1b2701dffe5930a3ad av-styling-circle avia-align-center  avia-builder-el-131  el_before_av_textblock  avia-builder-el-first '   itemprop=\"image\" itemscope=\"itemscope\" itemtype=\"https:\/\/schema.org\/ImageObject\" ><div class=\"avia-image-container-inner\"><div class=\"avia-image-overlay-wrap\"><img decoding=\"async\" fetchpriority=\"high\" class='wp-image-6152 avia-img-lazy-loading-not-6152 avia_image ' src=\"https:\/\/www.immowelt.de\/immobilienprofis\/wp-content\/uploads\/2025\/09\/robert-wagner-immowelt.png\" alt='' title='robert-wagner-immowelt'  height=\"500\" width=\"500\"  itemprop=\"thumbnailUrl\" srcset=\"https:\/\/www.immowelt.de\/immobilienprofis\/wp-content\/uploads\/2025\/09\/robert-wagner-immowelt.png 500w, https:\/\/www.immowelt.de\/immobilienprofis\/wp-content\/uploads\/2025\/09\/robert-wagner-immowelt-300x300.png 300w, https:\/\/www.immowelt.de\/immobilienprofis\/wp-content\/uploads\/2025\/09\/robert-wagner-immowelt-80x80.png 80w, https:\/\/www.immowelt.de\/immobilienprofis\/wp-content\/uploads\/2025\/09\/robert-wagner-immowelt-36x36.png 36w, https:\/\/www.immowelt.de\/immobilienprofis\/wp-content\/uploads\/2025\/09\/robert-wagner-immowelt-180x180.png 180w\" sizes=\"(max-width: 500px) 100vw, 500px\" \/><\/div><\/div><\/div><br \/>\n<section  class='av_textblock_section av-mfwgyss3-edc13ce01b85f4007142c0aa48c77c63 '   itemscope=\"itemscope\" itemtype=\"https:\/\/schema.org\/CreativeWork\" ><div class='avia_textblock'  itemprop=\"text\" ><p style=\"text-align: center;\"><strong>Robert Wagner<br \/>\n<\/strong>Chief Operating Officer<\/p>\n<\/div><\/section><\/p><\/div><div  class='flex_column av-14bn065-d93919f313deb1239bbbfb8253c01f07 av_one_fifth  avia-builder-el-133  el_after_av_one_fifth  el_before_av_one_fifth  flex_column_div  column-top-margin'     ><p>\n<style type=\"text\/css\" data-created_by=\"avia_inline_auto\" id=\"style-css-av-mt2rfi1o-b52719e7f7b38a693d056633c946c058\">\n.avia-image-container.av-mt2rfi1o-b52719e7f7b38a693d056633c946c058 img.avia_image{\nbox-shadow:none;\n}\n.avia-image-container.av-mt2rfi1o-b52719e7f7b38a693d056633c946c058 .av-image-caption-overlay-center{\ncolor:#ffffff;\n}\n<\/style>\n<div  class='avia-image-container av-mt2rfi1o-b52719e7f7b38a693d056633c946c058 av-styling-circle avia-align-center  avia-builder-el-134  el_before_av_textblock  avia-builder-el-first '   itemprop=\"image\" itemscope=\"itemscope\" itemtype=\"https:\/\/schema.org\/ImageObject\" ><div class=\"avia-image-container-inner\"><div class=\"avia-image-overlay-wrap\"><img decoding=\"async\" fetchpriority=\"high\" class='wp-image-11104 avia-img-lazy-loading-not-11104 avia_image ' src=\"https:\/\/www.immowelt.de\/immobilienprofis\/wp-content\/uploads\/2026\/08\/Design-ohne-Titel-6-300x300.png\" alt='' title='Design ohne Titel (6)'  height=\"300\" width=\"300\"  itemprop=\"thumbnailUrl\" srcset=\"https:\/\/www.immowelt.de\/immobilienprofis\/wp-content\/uploads\/2026\/08\/Design-ohne-Titel-6-300x300.png 300w, https:\/\/www.immowelt.de\/immobilienprofis\/wp-content\/uploads\/2026\/08\/Design-ohne-Titel-6-80x80.png 80w, https:\/\/www.immowelt.de\/immobilienprofis\/wp-content\/uploads\/2026\/08\/Design-ohne-Titel-6-768x768.png 768w, https:\/\/www.immowelt.de\/immobilienprofis\/wp-content\/uploads\/2026\/08\/Design-ohne-Titel-6-36x36.png 36w, https:\/\/www.immowelt.de\/immobilienprofis\/wp-content\/uploads\/2026\/08\/Design-ohne-Titel-6-180x180.png 180w, https:\/\/www.immowelt.de\/immobilienprofis\/wp-content\/uploads\/2026\/08\/Design-ohne-Titel-6-705x705.png 705w, https:\/\/www.immowelt.de\/immobilienprofis\/wp-content\/uploads\/2026\/08\/Design-ohne-Titel-6.png 1000w\" sizes=\"(max-width: 300px) 100vw, 300px\" \/><\/div><\/div><\/div><br \/>\n<section  class='av_textblock_section av-mt2rf51k-252e92058ace6cfb84ad1f940b63c8f5 '   itemscope=\"itemscope\" itemtype=\"https:\/\/schema.org\/CreativeWork\" ><div class='avia_textblock'  itemprop=\"text\" ><p style=\"text-align: center;\"><strong>Frida Elisson<br \/>\n<\/strong>Chief Marketing Officer<\/p>\n<\/div><\/section><\/p><\/div><div  class='flex_column av-1371o59-04d8beda5e4893132aee96b89651dea7 av_one_fifth  avia-builder-el-136  el_after_av_one_fifth  el_before_av_hr  flex_column_div  column-top-margin'     ><\/div>\n<style type=\"text\/css\" data-created_by=\"avia_inline_auto\" id=\"style-css-av-mt2t3qp4-e873f2353657d79ceb7664c032307f20\">\n#top .hr.hr-invisible.av-mt2t3qp4-e873f2353657d79ceb7664c032307f20{\nheight:70px;\n}\n<\/style>\n<div  class='hr av-mt2t3qp4-e873f2353657d79ceb7664c032307f20 hr-invisible  avia-builder-el-137  el_after_av_one_fifth  el_before_av_textblock '><span class='hr-inner '><span class=\"hr-inner-style\"><\/span><\/span><\/div>\n\n<style type=\"text\/css\" data-created_by=\"avia_inline_auto\" id=\"style-css-av-mt2t5k1g-7380fb96e56beaafeb0ec822c345c7e2\">\n#top .av_textblock_section.av-mt2t5k1g-7380fb96e56beaafeb0ec822c345c7e2 .avia_textblock{\ncolor:#ffcc01;\ntext-align:center;\n}\n<\/style>\n<section  class='av_textblock_section av-mt2t5k1g-7380fb96e56beaafeb0ec822c345c7e2 '   itemscope=\"itemscope\" itemtype=\"https:\/\/schema.org\/CreativeWork\" ><div class='avia_textblock av_inherit_color'  itemprop=\"text\" ><p><strong>Sales Team<\/strong><\/p>\n<\/div><\/section>\n<div  class='flex_column av-2h7trvh-93dcfc572022cbd48ef56c8a27dacd63 av_one_fifth  avia-builder-el-139  el_after_av_textblock  el_before_av_one_fifth  first flex_column_div  column-top-margin'     ><p>\n<style type=\"text\/css\" data-created_by=\"avia_inline_auto\" id=\"style-css-av-2fbt7q5-05deb51cd3f126ed111aa9dacdf00d73\">\n.avia-image-container.av-2fbt7q5-05deb51cd3f126ed111aa9dacdf00d73 img.avia_image{\nbox-shadow:none;\n}\n.avia-image-container.av-2fbt7q5-05deb51cd3f126ed111aa9dacdf00d73 .av-image-caption-overlay-center{\ncolor:#ffffff;\n}\n<\/style>\n<div  class='avia-image-container av-2fbt7q5-05deb51cd3f126ed111aa9dacdf00d73 av-styling-circle avia-align-center  avia-builder-el-140  el_before_av_textblock  avia-builder-el-first '   itemprop=\"image\" itemscope=\"itemscope\" itemtype=\"https:\/\/schema.org\/ImageObject\" ><div class=\"avia-image-container-inner\"><div class=\"avia-image-overlay-wrap\"><img decoding=\"async\" fetchpriority=\"high\" class='wp-image-11105 avia-img-lazy-loading-not-11105 avia_image ' src=\"https:\/\/www.immowelt.de\/immobilienprofis\/wp-content\/uploads\/2026\/08\/Design-ohne-Titel-5-300x300.png\" alt='' title='Design ohne Titel (5)'  height=\"300\" width=\"300\"  itemprop=\"thumbnailUrl\" srcset=\"https:\/\/www.immowelt.de\/immobilienprofis\/wp-content\/uploads\/2026\/08\/Design-ohne-Titel-5-300x300.png 300w, https:\/\/www.immowelt.de\/immobilienprofis\/wp-content\/uploads\/2026\/08\/Design-ohne-Titel-5-80x80.png 80w, https:\/\/www.immowelt.de\/immobilienprofis\/wp-content\/uploads\/2026\/08\/Design-ohne-Titel-5-768x768.png 768w, https:\/\/www.immowelt.de\/immobilienprofis\/wp-content\/uploads\/2026\/08\/Design-ohne-Titel-5-36x36.png 36w, https:\/\/www.immowelt.de\/immobilienprofis\/wp-content\/uploads\/2026\/08\/Design-ohne-Titel-5-180x180.png 180w, https:\/\/www.immowelt.de\/immobilienprofis\/wp-content\/uploads\/2026\/08\/Design-ohne-Titel-5-705x705.png 705w, https:\/\/www.immowelt.de\/immobilienprofis\/wp-content\/uploads\/2026\/08\/Design-ohne-Titel-5.png 1000w\" sizes=\"(max-width: 300px) 100vw, 300px\" \/><\/div><\/div><\/div><br \/>\n<section  class='av_textblock_section av-mfwgzcwj-ccead518b0da877f52ff59413ff2a0a2 '   itemscope=\"itemscope\" itemtype=\"https:\/\/schema.org\/CreativeWork\" ><div class='avia_textblock'  itemprop=\"text\" ><p style=\"text-align: center;\"><strong>Maximilian B\u00e4hr<br \/>\n<\/strong>Senior Director Sales<\/p>\n<\/div><\/section><\/p><\/div><div  class='flex_column av-mw5mkt-6c5fe4680bb9872b679cc1bb1e3f203b av_one_fifth  avia-builder-el-142  el_after_av_one_fifth  el_before_av_one_fifth  flex_column_div  column-top-margin'     ><p>\n<style type=\"text\/css\" data-created_by=\"avia_inline_auto\" id=\"style-css-av-k2sku5-53236ebf7b94a7bad6513e0644e88278\">\n.avia-image-container.av-k2sku5-53236ebf7b94a7bad6513e0644e88278 img.avia_image{\nbox-shadow:none;\n}\n.avia-image-container.av-k2sku5-53236ebf7b94a7bad6513e0644e88278 .av-image-caption-overlay-center{\ncolor:#ffffff;\n}\n<\/style>\n<div  class='avia-image-container av-k2sku5-53236ebf7b94a7bad6513e0644e88278 av-styling-circle avia-align-center  avia-builder-el-143  el_before_av_textblock  avia-builder-el-first '   itemprop=\"image\" itemscope=\"itemscope\" itemtype=\"https:\/\/schema.org\/ImageObject\" ><div class=\"avia-image-container-inner\"><div class=\"avia-image-overlay-wrap\"><img decoding=\"async\" fetchpriority=\"high\" class='wp-image-6263 avia-img-lazy-loading-not-6263 avia_image ' src=\"https:\/\/www.immowelt.de\/immobilienprofis\/wp-content\/uploads\/2025\/09\/nils-hoehme-immowelt.png\" alt='' title='nils-hoehme-immowelt'  height=\"500\" width=\"500\"  itemprop=\"thumbnailUrl\" srcset=\"https:\/\/www.immowelt.de\/immobilienprofis\/wp-content\/uploads\/2025\/09\/nils-hoehme-immowelt.png 500w, https:\/\/www.immowelt.de\/immobilienprofis\/wp-content\/uploads\/2025\/09\/nils-hoehme-immowelt-300x300.png 300w, https:\/\/www.immowelt.de\/immobilienprofis\/wp-content\/uploads\/2025\/09\/nils-hoehme-immowelt-80x80.png 80w, https:\/\/www.immowelt.de\/immobilienprofis\/wp-content\/uploads\/2025\/09\/nils-hoehme-immowelt-36x36.png 36w, https:\/\/www.immowelt.de\/immobilienprofis\/wp-content\/uploads\/2025\/09\/nils-hoehme-immowelt-180x180.png 180w\" sizes=\"(max-width: 500px) 100vw, 500px\" \/><\/div><\/div><\/div><br \/>\n<section  class='av_textblock_section av-jibp25-bd16a68416fe23b8b54e5fd9e09d9645 '   itemscope=\"itemscope\" itemtype=\"https:\/\/schema.org\/CreativeWork\" ><div class='avia_textblock'  itemprop=\"text\" ><p style=\"text-align: center;\"><strong>Nils H\u00f6hme<br \/>\n<\/strong>Head of Sales &#8211; Lead Business<\/p>\n<\/div><\/section><\/p><\/div><div  class='flex_column av-29wllwd-c36cf71029b905acce3fea51726e447d av_one_fifth  avia-builder-el-145  el_after_av_one_fifth  el_before_av_one_fifth  flex_column_div  column-top-margin'     ><p>\n<style type=\"text\/css\" data-created_by=\"avia_inline_auto\" id=\"style-css-av-mfwh3tez-f7105d76f344c5390fddc55c86cd5679\">\n.avia-image-container.av-mfwh3tez-f7105d76f344c5390fddc55c86cd5679 img.avia_image{\nbox-shadow:none;\n}\n.avia-image-container.av-mfwh3tez-f7105d76f344c5390fddc55c86cd5679 .av-image-caption-overlay-center{\ncolor:#ffffff;\n}\n<\/style>\n<div  class='avia-image-container av-mfwh3tez-f7105d76f344c5390fddc55c86cd5679 av-styling-circle avia-align-center  avia-builder-el-146  el_before_av_textblock  avia-builder-el-first '   itemprop=\"image\" itemscope=\"itemscope\" itemtype=\"https:\/\/schema.org\/ImageObject\" ><div class=\"avia-image-container-inner\"><div class=\"avia-image-overlay-wrap\"><img decoding=\"async\" fetchpriority=\"high\" class='wp-image-6265 avia-img-lazy-loading-not-6265 avia_image ' src=\"https:\/\/www.immowelt.de\/immobilienprofis\/wp-content\/uploads\/2025\/09\/sebastian-laetzsch-immowelt.png\" alt='' title='sebastian-laetzsch-immowelt'  height=\"500\" width=\"500\"  itemprop=\"thumbnailUrl\" srcset=\"https:\/\/www.immowelt.de\/immobilienprofis\/wp-content\/uploads\/2025\/09\/sebastian-laetzsch-immowelt.png 500w, https:\/\/www.immowelt.de\/immobilienprofis\/wp-content\/uploads\/2025\/09\/sebastian-laetzsch-immowelt-300x300.png 300w, https:\/\/www.immowelt.de\/immobilienprofis\/wp-content\/uploads\/2025\/09\/sebastian-laetzsch-immowelt-80x80.png 80w, https:\/\/www.immowelt.de\/immobilienprofis\/wp-content\/uploads\/2025\/09\/sebastian-laetzsch-immowelt-36x36.png 36w, https:\/\/www.immowelt.de\/immobilienprofis\/wp-content\/uploads\/2025\/09\/sebastian-laetzsch-immowelt-180x180.png 180w\" sizes=\"(max-width: 500px) 100vw, 500px\" \/><\/div><\/div><\/div><br \/>\n<section  class='av_textblock_section av-28y1tnx-5029912b0ee7b7cd971ad699ad9be4f1 '   itemscope=\"itemscope\" itemtype=\"https:\/\/schema.org\/CreativeWork\" ><div class='avia_textblock'  itemprop=\"text\" ><p style=\"text-align: center;\"><strong>Sebastian L\u00e4tzsch<br \/>\n<\/strong>Head of Coaching &#038; Consulting<\/p>\n<\/div><\/section><\/p><\/div><div  class='flex_column av-2cqn39p-b5bba6a4b2bf52c70b72a8989e87a16d av_one_fifth  avia-builder-el-148  el_after_av_one_fifth  el_before_av_one_fifth  flex_column_div  column-top-margin'     ><p>\n<style type=\"text\/css\" data-created_by=\"avia_inline_auto\" id=\"style-css-av-2buh1gd-12ff6d3e49202476c381598f77782f3a\">\n.avia-image-container.av-2buh1gd-12ff6d3e49202476c381598f77782f3a img.avia_image{\nbox-shadow:none;\n}\n.avia-image-container.av-2buh1gd-12ff6d3e49202476c381598f77782f3a .av-image-caption-overlay-center{\ncolor:#ffffff;\n}\n<\/style>\n<div  class='avia-image-container av-2buh1gd-12ff6d3e49202476c381598f77782f3a av-styling-circle avia-align-center  avia-builder-el-149  el_before_av_textblock  avia-builder-el-first '   itemprop=\"image\" itemscope=\"itemscope\" itemtype=\"https:\/\/schema.org\/ImageObject\" ><div class=\"avia-image-container-inner\"><div class=\"avia-image-overlay-wrap\"><img decoding=\"async\" fetchpriority=\"high\" class='wp-image-6262 avia-img-lazy-loading-not-6262 avia_image ' src=\"https:\/\/www.immowelt.de\/immobilienprofis\/wp-content\/uploads\/2025\/09\/maximilian-oboth-immowelt.png\" alt='' title='maximilian-oboth-immowelt'  height=\"500\" width=\"500\"  itemprop=\"thumbnailUrl\" srcset=\"https:\/\/www.immowelt.de\/immobilienprofis\/wp-content\/uploads\/2025\/09\/maximilian-oboth-immowelt.png 500w, https:\/\/www.immowelt.de\/immobilienprofis\/wp-content\/uploads\/2025\/09\/maximilian-oboth-immowelt-300x300.png 300w, https:\/\/www.immowelt.de\/immobilienprofis\/wp-content\/uploads\/2025\/09\/maximilian-oboth-immowelt-80x80.png 80w, https:\/\/www.immowelt.de\/immobilienprofis\/wp-content\/uploads\/2025\/09\/maximilian-oboth-immowelt-36x36.png 36w, https:\/\/www.immowelt.de\/immobilienprofis\/wp-content\/uploads\/2025\/09\/maximilian-oboth-immowelt-180x180.png 180w\" sizes=\"(max-width: 500px) 100vw, 500px\" \/><\/div><\/div><\/div><br \/>\n<section  class='av_textblock_section av-mfwgzml5-2cdb5490719dc873460a00f79468a571 '   itemscope=\"itemscope\" itemtype=\"https:\/\/schema.org\/CreativeWork\" ><div class='avia_textblock'  itemprop=\"text\" ><p style=\"text-align: center;\"><strong>Maximilian Oboth<br \/>\n<\/strong>Head of Sales &#8211; National Key Accounts &#038; Developer<\/p>\n<\/div><\/section><\/p><\/div><div  class='flex_column av-h0z6b1-2ca733b944dfe27f0ee1f4f67d400ebc av_one_fifth  avia-builder-el-151  el_after_av_one_fifth  el_before_av_one_fifth  flex_column_div  column-top-margin'     ><p>\n<style type=\"text\/css\" data-created_by=\"avia_inline_auto\" id=\"style-css-av-mfwop8rr-31e68d47f183840c4c28b19addf1d85e\">\n.avia-image-container.av-mfwop8rr-31e68d47f183840c4c28b19addf1d85e img.avia_image{\nbox-shadow:none;\n}\n.avia-image-container.av-mfwop8rr-31e68d47f183840c4c28b19addf1d85e .av-image-caption-overlay-center{\ncolor:#ffffff;\n}\n<\/style>\n<div  class='avia-image-container av-mfwop8rr-31e68d47f183840c4c28b19addf1d85e av-styling-circle avia-align-center  avia-builder-el-152  el_before_av_textblock  avia-builder-el-first '   itemprop=\"image\" itemscope=\"itemscope\" itemtype=\"https:\/\/schema.org\/ImageObject\" ><div class=\"avia-image-container-inner\"><div class=\"avia-image-overlay-wrap\"><img decoding=\"async\" fetchpriority=\"high\" class='wp-image-6308 avia-img-lazy-loading-not-6308 avia_image ' src=\"https:\/\/www.immowelt.de\/immobilienprofis\/wp-content\/uploads\/2025\/09\/sinah-molinari-immowelt.png\" alt='' title='sinah-molinari-immowelt'  height=\"500\" width=\"500\"  itemprop=\"thumbnailUrl\" srcset=\"https:\/\/www.immowelt.de\/immobilienprofis\/wp-content\/uploads\/2025\/09\/sinah-molinari-immowelt.png 500w, https:\/\/www.immowelt.de\/immobilienprofis\/wp-content\/uploads\/2025\/09\/sinah-molinari-immowelt-300x300.png 300w, https:\/\/www.immowelt.de\/immobilienprofis\/wp-content\/uploads\/2025\/09\/sinah-molinari-immowelt-80x80.png 80w, https:\/\/www.immowelt.de\/immobilienprofis\/wp-content\/uploads\/2025\/09\/sinah-molinari-immowelt-36x36.png 36w, https:\/\/www.immowelt.de\/immobilienprofis\/wp-content\/uploads\/2025\/09\/sinah-molinari-immowelt-180x180.png 180w\" sizes=\"(max-width: 500px) 100vw, 500px\" \/><\/div><\/div><\/div><br \/>\n<section  class='av_textblock_section av-mfwoocvj-c2c26b644bf3f3da5fc47b577a2a9ce3 '   itemscope=\"itemscope\" itemtype=\"https:\/\/schema.org\/CreativeWork\" ><div class='avia_textblock'  itemprop=\"text\" ><p style=\"text-align: center;\"><strong>Sinah Molinari<br \/>\n<\/strong>Head of Field Sales S\u00fcd &#038; West<\/p>\n<\/div><\/section><\/p><\/div><div  class='flex_column av-apxm5-30d2b70c73dcb66a0845c55784c9413d av_one_fifth  avia-builder-el-154  el_after_av_one_fifth  el_before_av_one_fifth  first flex_column_div  column-top-margin'     ><p>\n<style type=\"text\/css\" data-created_by=\"avia_inline_auto\" id=\"style-css-av-msin9vph-f7e46d6d0478ee1018742a06da8b87ae\">\n.avia-image-container.av-msin9vph-f7e46d6d0478ee1018742a06da8b87ae img.avia_image{\nbox-shadow:none;\n}\n.avia-image-container.av-msin9vph-f7e46d6d0478ee1018742a06da8b87ae .av-image-caption-overlay-center{\ncolor:#ffffff;\n}\n<\/style>\n<div  class='avia-image-container av-msin9vph-f7e46d6d0478ee1018742a06da8b87ae av-styling-circle avia-align-center  avia-builder-el-155  el_before_av_textblock  avia-builder-el-first '   itemprop=\"image\" itemscope=\"itemscope\" itemtype=\"https:\/\/schema.org\/ImageObject\" ><div class=\"avia-image-container-inner\"><div class=\"avia-image-overlay-wrap\"><img decoding=\"async\" fetchpriority=\"high\" class='wp-image-10759 avia-img-lazy-loading-not-10759 avia_image ' src=\"https:\/\/www.immowelt.de\/immobilienprofis\/wp-content\/uploads\/2026\/08\/Design-ohne-Titel-2-300x300.png\" alt='' title='Design ohne Titel (2)'  height=\"300\" width=\"300\"  itemprop=\"thumbnailUrl\" srcset=\"https:\/\/www.immowelt.de\/immobilienprofis\/wp-content\/uploads\/2026\/08\/Design-ohne-Titel-2-300x300.png 300w, https:\/\/www.immowelt.de\/immobilienprofis\/wp-content\/uploads\/2026\/08\/Design-ohne-Titel-2-80x80.png 80w, https:\/\/www.immowelt.de\/immobilienprofis\/wp-content\/uploads\/2026\/08\/Design-ohne-Titel-2-768x768.png 768w, https:\/\/www.immowelt.de\/immobilienprofis\/wp-content\/uploads\/2026\/08\/Design-ohne-Titel-2-36x36.png 36w, https:\/\/www.immowelt.de\/immobilienprofis\/wp-content\/uploads\/2026\/08\/Design-ohne-Titel-2-180x180.png 180w, https:\/\/www.immowelt.de\/immobilienprofis\/wp-content\/uploads\/2026\/08\/Design-ohne-Titel-2-705x705.png 705w, https:\/\/www.immowelt.de\/immobilienprofis\/wp-content\/uploads\/2026\/08\/Design-ohne-Titel-2.png 1000w\" sizes=\"(max-width: 300px) 100vw, 300px\" \/><\/div><\/div><\/div><br \/>\n<section  class='av_textblock_section av-msin4mcy-7ff56bb81f2586ca79e469bc25a7d2bb '   itemscope=\"itemscope\" itemtype=\"https:\/\/schema.org\/CreativeWork\" ><div class='avia_textblock'  itemprop=\"text\" ><p style=\"text-align: center;\"><strong>Derik Kampeter<br \/>\n<\/strong>Head of Field Sales Nord &#038; Ost<\/p>\n<\/div><\/section><\/p><\/div><div  class='flex_column av-11p5319-243f86ac5692317d326955a866be0780 av_one_fifth  avia-builder-el-157  el_after_av_one_fifth  el_before_av_one_fifth  flex_column_div  column-top-margin'     ><p>\n<style type=\"text\/css\" data-created_by=\"avia_inline_auto\" id=\"style-css-av-mt2rkxae-cff51dcba5e90d2631db0fcf2777b086\">\n.avia-image-container.av-mt2rkxae-cff51dcba5e90d2631db0fcf2777b086 img.avia_image{\nbox-shadow:none;\n}\n.avia-image-container.av-mt2rkxae-cff51dcba5e90d2631db0fcf2777b086 .av-image-caption-overlay-center{\ncolor:#ffffff;\n}\n<\/style>\n<div  class='avia-image-container av-mt2rkxae-cff51dcba5e90d2631db0fcf2777b086 av-styling-circle avia-align-center  avia-builder-el-158  el_before_av_textblock  avia-builder-el-first '   itemprop=\"image\" itemscope=\"itemscope\" itemtype=\"https:\/\/schema.org\/ImageObject\" ><div class=\"avia-image-container-inner\"><div class=\"avia-image-overlay-wrap\"><img decoding=\"async\" fetchpriority=\"high\" class='wp-image-11108 avia-img-lazy-loading-not-11108 avia_image ' src=\"https:\/\/www.immowelt.de\/immobilienprofis\/wp-content\/uploads\/2026\/08\/Design-ohne-Titel-7-300x300.png\" alt='' title='Design ohne Titel (7)'  height=\"300\" width=\"300\"  itemprop=\"thumbnailUrl\" srcset=\"https:\/\/www.immowelt.de\/immobilienprofis\/wp-content\/uploads\/2026\/08\/Design-ohne-Titel-7-300x300.png 300w, https:\/\/www.immowelt.de\/immobilienprofis\/wp-content\/uploads\/2026\/08\/Design-ohne-Titel-7-80x80.png 80w, https:\/\/www.immowelt.de\/immobilienprofis\/wp-content\/uploads\/2026\/08\/Design-ohne-Titel-7-768x768.png 768w, https:\/\/www.immowelt.de\/immobilienprofis\/wp-content\/uploads\/2026\/08\/Design-ohne-Titel-7-36x36.png 36w, https:\/\/www.immowelt.de\/immobilienprofis\/wp-content\/uploads\/2026\/08\/Design-ohne-Titel-7-180x180.png 180w, https:\/\/www.immowelt.de\/immobilienprofis\/wp-content\/uploads\/2026\/08\/Design-ohne-Titel-7-705x705.png 705w, https:\/\/www.immowelt.de\/immobilienprofis\/wp-content\/uploads\/2026\/08\/Design-ohne-Titel-7.png 1000w\" sizes=\"(max-width: 300px) 100vw, 300px\" \/><\/div><\/div><\/div><br \/>\n<section  class='av_textblock_section av-mt2rhkmc-0ed908553bd3f18c2003f9247f1ecc46 '   itemscope=\"itemscope\" itemtype=\"https:\/\/schema.org\/CreativeWork\" ><div class='avia_textblock'  itemprop=\"text\" ><p style=\"text-align: center;\"><strong>Sebastian Reichert<br \/>\n<\/strong>Head of Sales \u00d6sterreich<\/p>\n<\/div><\/section><\/p><\/div><div  class='flex_column av-cunv7h-3d51e597984201e8d903d68ca022f678 av_one_fifth  avia-builder-el-160  el_after_av_one_fifth  el_before_av_one_fifth  flex_column_div  column-top-margin'     ><p>\n<style type=\"text\/css\" data-created_by=\"avia_inline_auto\" id=\"style-css-av-mfwnjbv2-f95d0ec6d335e641e72d4b373e3ae7dd\">\n.avia-image-container.av-mfwnjbv2-f95d0ec6d335e641e72d4b373e3ae7dd img.avia_image{\nbox-shadow:none;\n}\n.avia-image-container.av-mfwnjbv2-f95d0ec6d335e641e72d4b373e3ae7dd .av-image-caption-overlay-center{\ncolor:#ffffff;\n}\n<\/style>\n<div  class='avia-image-container av-mfwnjbv2-f95d0ec6d335e641e72d4b373e3ae7dd av-styling-circle avia-align-center  avia-builder-el-161  el_before_av_textblock  avia-builder-el-first '   itemprop=\"image\" itemscope=\"itemscope\" itemtype=\"https:\/\/schema.org\/ImageObject\" ><div class=\"avia-image-container-inner\"><div class=\"avia-image-overlay-wrap\"><img decoding=\"async\" fetchpriority=\"high\" class='wp-image-6270 avia-img-lazy-loading-not-6270 avia_image ' src=\"https:\/\/www.immowelt.de\/immobilienprofis\/wp-content\/uploads\/2025\/09\/stefan-iglesias-immowelt.png\" alt='' title='stefan-iglesias-immowelt'  height=\"500\" width=\"500\"  itemprop=\"thumbnailUrl\" srcset=\"https:\/\/www.immowelt.de\/immobilienprofis\/wp-content\/uploads\/2025\/09\/stefan-iglesias-immowelt.png 500w, https:\/\/www.immowelt.de\/immobilienprofis\/wp-content\/uploads\/2025\/09\/stefan-iglesias-immowelt-300x300.png 300w, https:\/\/www.immowelt.de\/immobilienprofis\/wp-content\/uploads\/2025\/09\/stefan-iglesias-immowelt-80x80.png 80w, https:\/\/www.immowelt.de\/immobilienprofis\/wp-content\/uploads\/2025\/09\/stefan-iglesias-immowelt-36x36.png 36w, https:\/\/www.immowelt.de\/immobilienprofis\/wp-content\/uploads\/2025\/09\/stefan-iglesias-immowelt-180x180.png 180w\" sizes=\"(max-width: 500px) 100vw, 500px\" \/><\/div><\/div><\/div><br \/>\n<section  class='av_textblock_section av-mfwkuosv-b5b1658f48a1d45568f4faffdc1c4a0c '   itemscope=\"itemscope\" itemtype=\"https:\/\/schema.org\/CreativeWork\" ><div class='avia_textblock'  itemprop=\"text\" ><p style=\"text-align: center;\"><strong>Stefan Iglesias<br \/>\n<\/strong>Expert Lead &#8211; Strategic Key Accounts<\/p>\n<\/div><\/section><\/p><\/div><div  class='flex_column av-zocmm5-a44858470cc8a0835b33198c9c0ea684 av_one_fifth  avia-builder-el-163  el_after_av_one_fifth  el_before_av_one_fifth  flex_column_div  column-top-margin'     ><p>\n<style type=\"text\/css\" data-created_by=\"avia_inline_auto\" id=\"style-css-av-mt2s1hzc-d6eb83613cfaffe6b1032dec64f7d8cf\">\n.avia-image-container.av-mt2s1hzc-d6eb83613cfaffe6b1032dec64f7d8cf img.avia_image{\nbox-shadow:none;\n}\n.avia-image-container.av-mt2s1hzc-d6eb83613cfaffe6b1032dec64f7d8cf .av-image-caption-overlay-center{\ncolor:#ffffff;\n}\n<\/style>\n<div  class='avia-image-container av-mt2s1hzc-d6eb83613cfaffe6b1032dec64f7d8cf av-styling-circle avia-align-center  avia-builder-el-164  el_before_av_textblock  avia-builder-el-first '   itemprop=\"image\" itemscope=\"itemscope\" itemtype=\"https:\/\/schema.org\/ImageObject\" ><div class=\"avia-image-container-inner\"><div class=\"avia-image-overlay-wrap\"><img decoding=\"async\" fetchpriority=\"high\" class='wp-image-11116 avia-img-lazy-loading-not-11116 avia_image ' src=\"https:\/\/www.immowelt.de\/immobilienprofis\/wp-content\/uploads\/2026\/08\/Design-ohne-Titel-10-300x300.png\" alt='' title='Design ohne Titel (10)'  height=\"300\" width=\"300\"  itemprop=\"thumbnailUrl\" srcset=\"https:\/\/www.immowelt.de\/immobilienprofis\/wp-content\/uploads\/2026\/08\/Design-ohne-Titel-10-300x300.png 300w, https:\/\/www.immowelt.de\/immobilienprofis\/wp-content\/uploads\/2026\/08\/Design-ohne-Titel-10-80x80.png 80w, https:\/\/www.immowelt.de\/immobilienprofis\/wp-content\/uploads\/2026\/08\/Design-ohne-Titel-10-768x768.png 768w, https:\/\/www.immowelt.de\/immobilienprofis\/wp-content\/uploads\/2026\/08\/Design-ohne-Titel-10-36x36.png 36w, https:\/\/www.immowelt.de\/immobilienprofis\/wp-content\/uploads\/2026\/08\/Design-ohne-Titel-10-180x180.png 180w, https:\/\/www.immowelt.de\/immobilienprofis\/wp-content\/uploads\/2026\/08\/Design-ohne-Titel-10-705x705.png 705w, https:\/\/www.immowelt.de\/immobilienprofis\/wp-content\/uploads\/2026\/08\/Design-ohne-Titel-10.png 1000w\" sizes=\"(max-width: 300px) 100vw, 300px\" \/><\/div><\/div><\/div><br \/>\n<section  class='av_textblock_section av-mt2rvpau-5cf27232911e5026aef407b1288662fd '   itemscope=\"itemscope\" itemtype=\"https:\/\/schema.org\/CreativeWork\" ><div class='avia_textblock'  itemprop=\"text\" ><p style=\"text-align: center;\"><strong>Francesco Caci<br \/>\n<\/strong>Senior Strategic Key Account Manager<\/p>\n<\/div><\/section><\/p><\/div><div  class='flex_column av-yh9hkd-4757448a178bfd6e80f62825d2c67918 av_one_fifth  avia-builder-el-166  el_after_av_one_fifth  el_before_av_one_fifth  flex_column_div  column-top-margin'     ><p>\n<style type=\"text\/css\" data-created_by=\"avia_inline_auto\" id=\"style-css-av-mt2s7p0h-8138db06fc37f8ef54f61d95ca154a5b\">\n.avia-image-container.av-mt2s7p0h-8138db06fc37f8ef54f61d95ca154a5b img.avia_image{\nbox-shadow:none;\n}\n.avia-image-container.av-mt2s7p0h-8138db06fc37f8ef54f61d95ca154a5b .av-image-caption-overlay-center{\ncolor:#ffffff;\n}\n<\/style>\n<div  class='avia-image-container av-mt2s7p0h-8138db06fc37f8ef54f61d95ca154a5b av-styling-circle avia-align-center  avia-builder-el-167  el_before_av_textblock  avia-builder-el-first '   itemprop=\"image\" itemscope=\"itemscope\" itemtype=\"https:\/\/schema.org\/ImageObject\" ><div class=\"avia-image-container-inner\"><div class=\"avia-image-overlay-wrap\"><img decoding=\"async\" fetchpriority=\"high\" class='wp-image-11120 avia-img-lazy-loading-not-11120 avia_image ' src=\"https:\/\/www.immowelt.de\/immobilienprofis\/wp-content\/uploads\/2026\/08\/Andre-Kemper-300x300.png\" alt='' title='Andre Kemper'  height=\"300\" width=\"300\"  itemprop=\"thumbnailUrl\" srcset=\"https:\/\/www.immowelt.de\/immobilienprofis\/wp-content\/uploads\/2026\/08\/Andre-Kemper-300x300.png 300w, https:\/\/www.immowelt.de\/immobilienprofis\/wp-content\/uploads\/2026\/08\/Andre-Kemper-1030x1030.png 1030w, https:\/\/www.immowelt.de\/immobilienprofis\/wp-content\/uploads\/2026\/08\/Andre-Kemper-80x80.png 80w, https:\/\/www.immowelt.de\/immobilienprofis\/wp-content\/uploads\/2026\/08\/Andre-Kemper-768x768.png 768w, https:\/\/www.immowelt.de\/immobilienprofis\/wp-content\/uploads\/2026\/08\/Andre-Kemper-1536x1536.png 1536w, https:\/\/www.immowelt.de\/immobilienprofis\/wp-content\/uploads\/2026\/08\/Andre-Kemper-2048x2048.png 2048w, https:\/\/www.immowelt.de\/immobilienprofis\/wp-content\/uploads\/2026\/08\/Andre-Kemper-36x36.png 36w, https:\/\/www.immowelt.de\/immobilienprofis\/wp-content\/uploads\/2026\/08\/Andre-Kemper-180x180.png 180w, https:\/\/www.immowelt.de\/immobilienprofis\/wp-content\/uploads\/2026\/08\/Andre-Kemper-1500x1500.png 1500w, https:\/\/www.immowelt.de\/immobilienprofis\/wp-content\/uploads\/2026\/08\/Andre-Kemper-705x705.png 705w\" sizes=\"(max-width: 300px) 100vw, 300px\" \/><\/div><\/div><\/div><br \/>\n<section  class='av_textblock_section av-mt2rw9lu-5b46c6e82c938a03e532f036ffae3c5e '   itemscope=\"itemscope\" itemtype=\"https:\/\/schema.org\/CreativeWork\" ><div class='avia_textblock'  itemprop=\"text\" ><p style=\"text-align: center;\"><strong>Andre Kemper<br \/>\n<\/strong>Senior Key Account Manager &#8211; New Builds<\/p>\n<\/div><\/section><\/p><\/div><div  class='flex_column av-wb6pal-01a60542347e29cf7105f9a4a0292237 av_one_fifth  avia-builder-el-169  el_after_av_one_fifth  el_before_av_one_fifth  first flex_column_div  column-top-margin'     ><p>\n<style type=\"text\/css\" data-created_by=\"avia_inline_auto\" id=\"style-css-av-mt2s5iap-0d62616b1eddc84f29ee332a1610720b\">\n.avia-image-container.av-mt2s5iap-0d62616b1eddc84f29ee332a1610720b img.avia_image{\nbox-shadow:none;\n}\n.avia-image-container.av-mt2s5iap-0d62616b1eddc84f29ee332a1610720b .av-image-caption-overlay-center{\ncolor:#ffffff;\n}\n<\/style>\n<div  class='avia-image-container av-mt2s5iap-0d62616b1eddc84f29ee332a1610720b av-styling-circle avia-align-center  avia-builder-el-170  el_before_av_textblock  avia-builder-el-first '   itemprop=\"image\" itemscope=\"itemscope\" itemtype=\"https:\/\/schema.org\/ImageObject\" ><div class=\"avia-image-container-inner\"><div class=\"avia-image-overlay-wrap\"><img decoding=\"async\" fetchpriority=\"high\" class='wp-image-11118 avia-img-lazy-loading-not-11118 avia_image ' src=\"https:\/\/www.immowelt.de\/immobilienprofis\/wp-content\/uploads\/2026\/08\/Design-ohne-Titel-11-300x300.png\" alt='' title='Design ohne Titel (11)'  height=\"300\" width=\"300\"  itemprop=\"thumbnailUrl\" srcset=\"https:\/\/www.immowelt.de\/immobilienprofis\/wp-content\/uploads\/2026\/08\/Design-ohne-Titel-11-300x300.png 300w, https:\/\/www.immowelt.de\/immobilienprofis\/wp-content\/uploads\/2026\/08\/Design-ohne-Titel-11-80x80.png 80w, https:\/\/www.immowelt.de\/immobilienprofis\/wp-content\/uploads\/2026\/08\/Design-ohne-Titel-11-768x768.png 768w, https:\/\/www.immowelt.de\/immobilienprofis\/wp-content\/uploads\/2026\/08\/Design-ohne-Titel-11-36x36.png 36w, https:\/\/www.immowelt.de\/immobilienprofis\/wp-content\/uploads\/2026\/08\/Design-ohne-Titel-11-180x180.png 180w, https:\/\/www.immowelt.de\/immobilienprofis\/wp-content\/uploads\/2026\/08\/Design-ohne-Titel-11-705x705.png 705w, https:\/\/www.immowelt.de\/immobilienprofis\/wp-content\/uploads\/2026\/08\/Design-ohne-Titel-11.png 1000w\" sizes=\"(max-width: 300px) 100vw, 300px\" \/><\/div><\/div><\/div><br \/>\n<section  class='av_textblock_section av-mt2rxm4m-aa1aabda82e4d290d6beb0e8898ebd9f '   itemscope=\"itemscope\" itemtype=\"https:\/\/schema.org\/CreativeWork\" ><div class='avia_textblock'  itemprop=\"text\" ><p style=\"text-align: center;\"><strong>Okan Costuna<br \/>\n<\/strong>Regional Key Account Manager &#8211; Developer &#8211; S\u00fcd<\/p>\n<\/div><\/section><\/p><\/div><div  class='flex_column av-u0onzx-a1df570c33012d73b23659bb2ccd1d0d av_one_fifth  avia-builder-el-172  el_after_av_one_fifth  el_before_av_one_fifth  flex_column_div  column-top-margin'     ><p>\n<style type=\"text\/css\" data-created_by=\"avia_inline_auto\" id=\"style-css-av-mt2sbymf-28b3200a7424b5246333c2651d2b89bf\">\n.avia-image-container.av-mt2sbymf-28b3200a7424b5246333c2651d2b89bf img.avia_image{\nbox-shadow:none;\n}\n.avia-image-container.av-mt2sbymf-28b3200a7424b5246333c2651d2b89bf .av-image-caption-overlay-center{\ncolor:#ffffff;\n}\n<\/style>\n<div  class='avia-image-container av-mt2sbymf-28b3200a7424b5246333c2651d2b89bf av-styling-circle avia-align-center  avia-builder-el-173  el_before_av_textblock  avia-builder-el-first '   itemprop=\"image\" itemscope=\"itemscope\" itemtype=\"https:\/\/schema.org\/ImageObject\" ><div class=\"avia-image-container-inner\"><div class=\"avia-image-overlay-wrap\"><img decoding=\"async\" fetchpriority=\"high\" class='wp-image-11121 avia-img-lazy-loading-not-11121 avia_image ' src=\"https:\/\/www.immowelt.de\/immobilienprofis\/wp-content\/uploads\/2026\/08\/Design-ohne-Titel-12-300x300.png\" alt='' title='Design ohne Titel (12)'  height=\"300\" width=\"300\"  itemprop=\"thumbnailUrl\" srcset=\"https:\/\/www.immowelt.de\/immobilienprofis\/wp-content\/uploads\/2026\/08\/Design-ohne-Titel-12-300x300.png 300w, https:\/\/www.immowelt.de\/immobilienprofis\/wp-content\/uploads\/2026\/08\/Design-ohne-Titel-12-80x80.png 80w, https:\/\/www.immowelt.de\/immobilienprofis\/wp-content\/uploads\/2026\/08\/Design-ohne-Titel-12-768x768.png 768w, https:\/\/www.immowelt.de\/immobilienprofis\/wp-content\/uploads\/2026\/08\/Design-ohne-Titel-12-36x36.png 36w, https:\/\/www.immowelt.de\/immobilienprofis\/wp-content\/uploads\/2026\/08\/Design-ohne-Titel-12-180x180.png 180w, https:\/\/www.immowelt.de\/immobilienprofis\/wp-content\/uploads\/2026\/08\/Design-ohne-Titel-12-705x705.png 705w, https:\/\/www.immowelt.de\/immobilienprofis\/wp-content\/uploads\/2026\/08\/Design-ohne-Titel-12.png 1000w\" sizes=\"(max-width: 300px) 100vw, 300px\" \/><\/div><\/div><\/div><br \/>\n<section  class='av_textblock_section av-mt2sa6zn-681a7731c7c1f4d0c390b77d7f20cbaa '   itemscope=\"itemscope\" itemtype=\"https:\/\/schema.org\/CreativeWork\" ><div class='avia_textblock'  itemprop=\"text\" ><p style=\"text-align: center;\"><strong>Attila Akyuez<br \/>\n<\/strong>Regional Key Account Manager &#8211; Makler &#8211; S\u00fcd<\/p>\n<\/div><\/section><\/p><\/div><div  class='flex_column av-tefwu5-0bf6a43187262e1d8bcaf76024a844ea av_one_fifth  avia-builder-el-175  el_after_av_one_fifth  el_before_av_one_fifth  flex_column_div  column-top-margin'     ><p>\n<style type=\"text\/css\" data-created_by=\"avia_inline_auto\" id=\"style-css-av-mt2st46m-60a73d3984cd7344b88584643b3e2212\">\n.avia-image-container.av-mt2st46m-60a73d3984cd7344b88584643b3e2212 img.avia_image{\nbox-shadow:none;\n}\n.avia-image-container.av-mt2st46m-60a73d3984cd7344b88584643b3e2212 .av-image-caption-overlay-center{\ncolor:#ffffff;\n}\n<\/style>\n<div  class='avia-image-container av-mt2st46m-60a73d3984cd7344b88584643b3e2212 av-styling-circle avia-align-center  avia-builder-el-176  el_before_av_textblock  avia-builder-el-first '   itemprop=\"image\" itemscope=\"itemscope\" itemtype=\"https:\/\/schema.org\/ImageObject\" ><div class=\"avia-image-container-inner\"><div class=\"avia-image-overlay-wrap\"><img decoding=\"async\" fetchpriority=\"high\" class='wp-image-11132 avia-img-lazy-loading-not-11132 avia_image ' src=\"https:\/\/www.immowelt.de\/immobilienprofis\/wp-content\/uploads\/2026\/08\/Immowelt-Logo-Removal-1-300x300.png\" alt='' title='Immowelt Logo Removal (1)'  height=\"300\" width=\"300\"  itemprop=\"thumbnailUrl\" srcset=\"https:\/\/www.immowelt.de\/immobilienprofis\/wp-content\/uploads\/2026\/08\/Immowelt-Logo-Removal-1-300x300.png 300w, https:\/\/www.immowelt.de\/immobilienprofis\/wp-content\/uploads\/2026\/08\/Immowelt-Logo-Removal-1-80x80.png 80w, https:\/\/www.immowelt.de\/immobilienprofis\/wp-content\/uploads\/2026\/08\/Immowelt-Logo-Removal-1-768x768.png 768w, https:\/\/www.immowelt.de\/immobilienprofis\/wp-content\/uploads\/2026\/08\/Immowelt-Logo-Removal-1-36x36.png 36w, https:\/\/www.immowelt.de\/immobilienprofis\/wp-content\/uploads\/2026\/08\/Immowelt-Logo-Removal-1-180x180.png 180w, https:\/\/www.immowelt.de\/immobilienprofis\/wp-content\/uploads\/2026\/08\/Immowelt-Logo-Removal-1-705x705.png 705w, https:\/\/www.immowelt.de\/immobilienprofis\/wp-content\/uploads\/2026\/08\/Immowelt-Logo-Removal-1.png 1000w\" sizes=\"(max-width: 300px) 100vw, 300px\" \/><\/div><\/div><\/div><br \/>\n<section  class='av_textblock_section av-mt2sqoo2-6b4962c8bd0202a4dc1c57238b54ed58 '   itemscope=\"itemscope\" itemtype=\"https:\/\/schema.org\/CreativeWork\" ><div class='avia_textblock'  itemprop=\"text\" ><p style=\"text-align: center;\"><strong>Philip Rieger<br \/>\n<\/strong>Senior Regional Key Account Manager &#8211; Makler &#8211; Nord<\/p>\n<\/div><\/section><\/p><\/div><div  class='flex_column av-rdzo8d-3bb51189d09b0da982c93db35b8c5be9 av_one_fifth  avia-builder-el-178  el_after_av_one_fifth  el_before_av_one_fifth  flex_column_div  column-top-margin'     ><p>\n<style type=\"text\/css\" data-created_by=\"avia_inline_auto\" id=\"style-css-av-mt2shkox-192e9fbc65f15b11c2814e8c6f0e684a\">\n.avia-image-container.av-mt2shkox-192e9fbc65f15b11c2814e8c6f0e684a img.avia_image{\nbox-shadow:none;\n}\n.avia-image-container.av-mt2shkox-192e9fbc65f15b11c2814e8c6f0e684a .av-image-caption-overlay-center{\ncolor:#ffffff;\n}\n<\/style>\n<div  class='avia-image-container av-mt2shkox-192e9fbc65f15b11c2814e8c6f0e684a av-styling-circle avia-align-center  avia-builder-el-179  el_before_av_textblock  avia-builder-el-first '   itemprop=\"image\" itemscope=\"itemscope\" itemtype=\"https:\/\/schema.org\/ImageObject\" ><div class=\"avia-image-container-inner\"><div class=\"avia-image-overlay-wrap\"><img decoding=\"async\" fetchpriority=\"high\" class='wp-image-11128 avia-img-lazy-loading-not-11128 avia_image ' src=\"https:\/\/www.immowelt.de\/immobilienprofis\/wp-content\/uploads\/2026\/08\/Design-ohne-Titel-14-300x300.png\" alt='' title='Design ohne Titel (14)'  height=\"300\" width=\"300\"  itemprop=\"thumbnailUrl\" srcset=\"https:\/\/www.immowelt.de\/immobilienprofis\/wp-content\/uploads\/2026\/08\/Design-ohne-Titel-14-300x300.png 300w, https:\/\/www.immowelt.de\/immobilienprofis\/wp-content\/uploads\/2026\/08\/Design-ohne-Titel-14-80x80.png 80w, https:\/\/www.immowelt.de\/immobilienprofis\/wp-content\/uploads\/2026\/08\/Design-ohne-Titel-14-768x768.png 768w, https:\/\/www.immowelt.de\/immobilienprofis\/wp-content\/uploads\/2026\/08\/Design-ohne-Titel-14-36x36.png 36w, https:\/\/www.immowelt.de\/immobilienprofis\/wp-content\/uploads\/2026\/08\/Design-ohne-Titel-14-180x180.png 180w, https:\/\/www.immowelt.de\/immobilienprofis\/wp-content\/uploads\/2026\/08\/Design-ohne-Titel-14-705x705.png 705w, https:\/\/www.immowelt.de\/immobilienprofis\/wp-content\/uploads\/2026\/08\/Design-ohne-Titel-14.png 1000w\" sizes=\"(max-width: 300px) 100vw, 300px\" \/><\/div><\/div><\/div><br \/>\n<section  class='av_textblock_section av-mt2sglag-132d42d72357d0b61ff48afb2228e89a '   itemscope=\"itemscope\" itemtype=\"https:\/\/schema.org\/CreativeWork\" ><div class='avia_textblock'  itemprop=\"text\" ><p style=\"text-align: center;\"><strong>Felix Mueller<br \/>\n<\/strong>Regional Key Account Manager &#8211; Makler &#8211; Nord<\/p>\n<\/div><\/section><\/p><\/div><div  class='flex_column av-q81wdp-4a2b2fb9fd151b5c42308b6c94829edb av_one_fifth  avia-builder-el-181  el_after_av_one_fifth  el_before_av_one_fifth  flex_column_div  column-top-margin'     ><p>\n<style type=\"text\/css\" data-created_by=\"avia_inline_auto\" id=\"style-css-av-mt2t1ced-53c3d33cc01c2f5d96bf6ae18398fc9b\">\n.avia-image-container.av-mt2t1ced-53c3d33cc01c2f5d96bf6ae18398fc9b img.avia_image{\nbox-shadow:none;\n}\n.avia-image-container.av-mt2t1ced-53c3d33cc01c2f5d96bf6ae18398fc9b .av-image-caption-overlay-center{\ncolor:#ffffff;\n}\n<\/style>\n<div  class='avia-image-container av-mt2t1ced-53c3d33cc01c2f5d96bf6ae18398fc9b av-styling-circle avia-align-center  avia-builder-el-182  el_before_av_textblock  avia-builder-el-first '   itemprop=\"image\" itemscope=\"itemscope\" itemtype=\"https:\/\/schema.org\/ImageObject\" ><div class=\"avia-image-container-inner\"><div class=\"avia-image-overlay-wrap\"><img decoding=\"async\" fetchpriority=\"high\" class='wp-image-11136 avia-img-lazy-loading-not-11136 avia_image ' src=\"https:\/\/www.immowelt.de\/immobilienprofis\/wp-content\/uploads\/2026\/08\/Gemini_Generated_Image_tdvk7dtdvk7dtdvk-300x300.jpeg\" alt='' title='Gemini_Generated_Image_tdvk7dtdvk7dtdvk'  height=\"300\" width=\"300\"  itemprop=\"thumbnailUrl\" srcset=\"https:\/\/www.immowelt.de\/immobilienprofis\/wp-content\/uploads\/2026\/08\/Gemini_Generated_Image_tdvk7dtdvk7dtdvk-300x300.jpeg 300w, https:\/\/www.immowelt.de\/immobilienprofis\/wp-content\/uploads\/2026\/08\/Gemini_Generated_Image_tdvk7dtdvk7dtdvk-1030x1030.jpeg 1030w, https:\/\/www.immowelt.de\/immobilienprofis\/wp-content\/uploads\/2026\/08\/Gemini_Generated_Image_tdvk7dtdvk7dtdvk-80x80.jpeg 80w, https:\/\/www.immowelt.de\/immobilienprofis\/wp-content\/uploads\/2026\/08\/Gemini_Generated_Image_tdvk7dtdvk7dtdvk-768x768.jpeg 768w, https:\/\/www.immowelt.de\/immobilienprofis\/wp-content\/uploads\/2026\/08\/Gemini_Generated_Image_tdvk7dtdvk7dtdvk-1536x1536.jpeg 1536w, https:\/\/www.immowelt.de\/immobilienprofis\/wp-content\/uploads\/2026\/08\/Gemini_Generated_Image_tdvk7dtdvk7dtdvk-36x36.jpeg 36w, https:\/\/www.immowelt.de\/immobilienprofis\/wp-content\/uploads\/2026\/08\/Gemini_Generated_Image_tdvk7dtdvk7dtdvk-180x180.jpeg 180w, https:\/\/www.immowelt.de\/immobilienprofis\/wp-content\/uploads\/2026\/08\/Gemini_Generated_Image_tdvk7dtdvk7dtdvk-1500x1500.jpeg 1500w, https:\/\/www.immowelt.de\/immobilienprofis\/wp-content\/uploads\/2026\/08\/Gemini_Generated_Image_tdvk7dtdvk7dtdvk-705x705.jpeg 705w, https:\/\/www.immowelt.de\/immobilienprofis\/wp-content\/uploads\/2026\/08\/Gemini_Generated_Image_tdvk7dtdvk7dtdvk.jpeg 2048w\" sizes=\"(max-width: 300px) 100vw, 300px\" \/><\/div><\/div><\/div><br \/>\n<section  class='av_textblock_section av-mt2sxpsl-cb7a66af6660cc219b04a58d750db045 '   itemscope=\"itemscope\" itemtype=\"https:\/\/schema.org\/CreativeWork\" ><div class='avia_textblock'  itemprop=\"text\" ><p style=\"text-align: center;\"><strong>Fabio Kohlenbeck<br \/>\n<\/strong>Key Account Manager Field Sales &#8211; S\u00fcd &#038; West<\/p>\n<\/div><\/section><\/p><\/div><div  class='flex_column av-njpyp9-46d8967228c1d88b14abef22bb60eddb av_one_fifth  avia-builder-el-184  el_after_av_one_fifth  el_before_av_one_fifth  first flex_column_div  column-top-margin'     ><\/div><div  class='flex_column av-mnypal-f7a180d09bb3e098bf5e5ba202b9fa3c av_one_fifth  avia-builder-el-185  el_after_av_one_fifth  el_before_av_one_fifth  flex_column_div  column-top-margin'     ><p>\n<style type=\"text\/css\" data-created_by=\"avia_inline_auto\" id=\"style-css-av-mt2sozqa-bd39cd3e9ef2534659fa198fa316f114\">\n.avia-image-container.av-mt2sozqa-bd39cd3e9ef2534659fa198fa316f114 img.avia_image{\nbox-shadow:none;\n}\n.avia-image-container.av-mt2sozqa-bd39cd3e9ef2534659fa198fa316f114 .av-image-caption-overlay-center{\ncolor:#ffffff;\n}\n<\/style>\n<div  class='avia-image-container av-mt2sozqa-bd39cd3e9ef2534659fa198fa316f114 av-styling-circle avia-align-center  avia-builder-el-186  el_before_av_textblock  avia-builder-el-first '   itemprop=\"image\" itemscope=\"itemscope\" itemtype=\"https:\/\/schema.org\/ImageObject\" ><div class=\"avia-image-container-inner\"><div class=\"avia-image-overlay-wrap\"><img decoding=\"async\" fetchpriority=\"high\" class='wp-image-11131 avia-img-lazy-loading-not-11131 avia_image ' src=\"https:\/\/www.immowelt.de\/immobilienprofis\/wp-content\/uploads\/2026\/08\/Gemini_Generated_Image_b93s7nb93s7nb93s-300x300.jpeg\" alt='' title='Gemini_Generated_Image_b93s7nb93s7nb93s'  height=\"300\" width=\"300\"  itemprop=\"thumbnailUrl\" srcset=\"https:\/\/www.immowelt.de\/immobilienprofis\/wp-content\/uploads\/2026\/08\/Gemini_Generated_Image_b93s7nb93s7nb93s-300x300.jpeg 300w, https:\/\/www.immowelt.de\/immobilienprofis\/wp-content\/uploads\/2026\/08\/Gemini_Generated_Image_b93s7nb93s7nb93s-1030x1030.jpeg 1030w, https:\/\/www.immowelt.de\/immobilienprofis\/wp-content\/uploads\/2026\/08\/Gemini_Generated_Image_b93s7nb93s7nb93s-80x80.jpeg 80w, https:\/\/www.immowelt.de\/immobilienprofis\/wp-content\/uploads\/2026\/08\/Gemini_Generated_Image_b93s7nb93s7nb93s-768x768.jpeg 768w, https:\/\/www.immowelt.de\/immobilienprofis\/wp-content\/uploads\/2026\/08\/Gemini_Generated_Image_b93s7nb93s7nb93s-1536x1536.jpeg 1536w, https:\/\/www.immowelt.de\/immobilienprofis\/wp-content\/uploads\/2026\/08\/Gemini_Generated_Image_b93s7nb93s7nb93s-36x36.jpeg 36w, https:\/\/www.immowelt.de\/immobilienprofis\/wp-content\/uploads\/2026\/08\/Gemini_Generated_Image_b93s7nb93s7nb93s-180x180.jpeg 180w, https:\/\/www.immowelt.de\/immobilienprofis\/wp-content\/uploads\/2026\/08\/Gemini_Generated_Image_b93s7nb93s7nb93s-1500x1500.jpeg 1500w, https:\/\/www.immowelt.de\/immobilienprofis\/wp-content\/uploads\/2026\/08\/Gemini_Generated_Image_b93s7nb93s7nb93s-705x705.jpeg 705w, https:\/\/www.immowelt.de\/immobilienprofis\/wp-content\/uploads\/2026\/08\/Gemini_Generated_Image_b93s7nb93s7nb93s.jpeg 2048w\" sizes=\"(max-width: 300px) 100vw, 300px\" \/><\/div><\/div><\/div><br \/>\n<section  class='av_textblock_section av-mt2smie4-14c7508b16bf93e1e13cfb062d7af27a '   itemscope=\"itemscope\" itemtype=\"https:\/\/schema.org\/CreativeWork\" ><div class='avia_textblock'  itemprop=\"text\" ><p style=\"text-align: center;\"><strong>Ricardo Ernsten<br \/>\n<\/strong>Key Account Manager Field Sales<\/p>\n<\/div><\/section><\/p><\/div><div  class='flex_column av-ka9zwt-8c791a7e0c6f7aba61939feb5d9e9c1f av_one_fifth  avia-builder-el-188  el_after_av_one_fifth  el_before_av_one_fifth  flex_column_div  column-top-margin'     ><p>\n<style type=\"text\/css\" data-created_by=\"avia_inline_auto\" id=\"style-css-av-mt2sex2v-2db6bd92983833ed55d406ef8ce3d952\">\n.avia-image-container.av-mt2sex2v-2db6bd92983833ed55d406ef8ce3d952 img.avia_image{\nbox-shadow:none;\n}\n.avia-image-container.av-mt2sex2v-2db6bd92983833ed55d406ef8ce3d952 .av-image-caption-overlay-center{\ncolor:#ffffff;\n}\n<\/style>\n<div  class='avia-image-container av-mt2sex2v-2db6bd92983833ed55d406ef8ce3d952 av-styling-circle avia-align-center  avia-builder-el-189  el_before_av_textblock  avia-builder-el-first '   itemprop=\"image\" itemscope=\"itemscope\" itemtype=\"https:\/\/schema.org\/ImageObject\" ><div class=\"avia-image-container-inner\"><div class=\"avia-image-overlay-wrap\"><img decoding=\"async\" fetchpriority=\"high\" class='wp-image-11125 avia-img-lazy-loading-not-11125 avia_image ' src=\"https:\/\/www.immowelt.de\/immobilienprofis\/wp-content\/uploads\/2026\/08\/Design-ohne-Titel-13-300x300.png\" alt='' title='Design ohne Titel (13)'  height=\"300\" width=\"300\"  itemprop=\"thumbnailUrl\" srcset=\"https:\/\/www.immowelt.de\/immobilienprofis\/wp-content\/uploads\/2026\/08\/Design-ohne-Titel-13-300x300.png 300w, https:\/\/www.immowelt.de\/immobilienprofis\/wp-content\/uploads\/2026\/08\/Design-ohne-Titel-13-80x80.png 80w, https:\/\/www.immowelt.de\/immobilienprofis\/wp-content\/uploads\/2026\/08\/Design-ohne-Titel-13-768x768.png 768w, https:\/\/www.immowelt.de\/immobilienprofis\/wp-content\/uploads\/2026\/08\/Design-ohne-Titel-13-36x36.png 36w, https:\/\/www.immowelt.de\/immobilienprofis\/wp-content\/uploads\/2026\/08\/Design-ohne-Titel-13-180x180.png 180w, https:\/\/www.immowelt.de\/immobilienprofis\/wp-content\/uploads\/2026\/08\/Design-ohne-Titel-13-705x705.png 705w, https:\/\/www.immowelt.de\/immobilienprofis\/wp-content\/uploads\/2026\/08\/Design-ohne-Titel-13.png 1000w\" sizes=\"(max-width: 300px) 100vw, 300px\" \/><\/div><\/div><\/div><br \/>\n<section  class='av_textblock_section av-mt2sdyr8-7a4b05e7af5eaa25a57c7342f1bd4263 '   itemscope=\"itemscope\" itemtype=\"https:\/\/schema.org\/CreativeWork\" ><div class='avia_textblock'  itemprop=\"text\" ><p style=\"text-align: center;\"><strong>Philip Brusa<br \/>\n<\/strong>Key Account Manager Field Sales<\/p>\n<\/div><\/section><br \/>\n\n<style type=\"text\/css\" data-created_by=\"avia_inline_auto\" id=\"style-css-av-jggtnh-b6142876c9e1e0a771ebc343a4a6ac91\">\n#top .hr.hr-invisible.av-jggtnh-b6142876c9e1e0a771ebc343a4a6ac91{\nheight:30px;\n}\n<\/style>\n<div  class='hr av-jggtnh-b6142876c9e1e0a771ebc343a4a6ac91 hr-invisible  avia-builder-el-191  el_after_av_textblock  avia-builder-el-last '><span class='hr-inner '><span class=\"hr-inner-style\"><\/span><\/span><\/div><\/p><\/div><div  class='flex_column av-i5g80d-882008e39ff7c82427cc8c6f00400d01 av_one_fifth  avia-builder-el-192  el_after_av_one_fifth  el_before_av_one_fifth  flex_column_div  column-top-margin'     ><p>\n<style type=\"text\/css\" data-created_by=\"avia_inline_auto\" id=\"style-css-av-mt2sw403-3af7eafde7507ac05a2df2582039afbf\">\n.avia-image-container.av-mt2sw403-3af7eafde7507ac05a2df2582039afbf img.avia_image{\nbox-shadow:none;\n}\n.avia-image-container.av-mt2sw403-3af7eafde7507ac05a2df2582039afbf .av-image-caption-overlay-center{\ncolor:#ffffff;\n}\n<\/style>\n<div  class='avia-image-container av-mt2sw403-3af7eafde7507ac05a2df2582039afbf av-styling-circle avia-align-center  avia-builder-el-193  el_before_av_textblock  avia-builder-el-first '   itemprop=\"image\" itemscope=\"itemscope\" itemtype=\"https:\/\/schema.org\/ImageObject\" ><div class=\"avia-image-container-inner\"><div class=\"avia-image-overlay-wrap\"><img decoding=\"async\" fetchpriority=\"high\" class='wp-image-11133 avia-img-lazy-loading-not-11133 avia_image ' src=\"https:\/\/www.immowelt.de\/immobilienprofis\/wp-content\/uploads\/2026\/08\/Immowelt-Logo-Removal-2-300x300.png\" alt='' title='Immowelt Logo Removal (2)'  height=\"300\" width=\"300\"  itemprop=\"thumbnailUrl\" srcset=\"https:\/\/www.immowelt.de\/immobilienprofis\/wp-content\/uploads\/2026\/08\/Immowelt-Logo-Removal-2-300x300.png 300w, https:\/\/www.immowelt.de\/immobilienprofis\/wp-content\/uploads\/2026\/08\/Immowelt-Logo-Removal-2-80x80.png 80w, https:\/\/www.immowelt.de\/immobilienprofis\/wp-content\/uploads\/2026\/08\/Immowelt-Logo-Removal-2-768x768.png 768w, https:\/\/www.immowelt.de\/immobilienprofis\/wp-content\/uploads\/2026\/08\/Immowelt-Logo-Removal-2-36x36.png 36w, https:\/\/www.immowelt.de\/immobilienprofis\/wp-content\/uploads\/2026\/08\/Immowelt-Logo-Removal-2-180x180.png 180w, https:\/\/www.immowelt.de\/immobilienprofis\/wp-content\/uploads\/2026\/08\/Immowelt-Logo-Removal-2-705x705.png 705w, https:\/\/www.immowelt.de\/immobilienprofis\/wp-content\/uploads\/2026\/08\/Immowelt-Logo-Removal-2.png 1000w\" sizes=\"(max-width: 300px) 100vw, 300px\" \/><\/div><\/div><\/div><br \/>\n<section  class='av_textblock_section av-mt2sui71-e42e88d66696d9cbb2fa9a9e44f6b2c6 '   itemscope=\"itemscope\" itemtype=\"https:\/\/schema.org\/CreativeWork\" ><div class='avia_textblock'  itemprop=\"text\" ><p style=\"text-align: center;\"><strong>Daniel Grawe<br \/>\n<\/strong>Key Account Manager Field Sales<\/p>\n<\/div><\/section><\/p><\/div><div  class='flex_column av-f56jnh-ad9c645f1ec2ab76ef2bfb4d62409855 av_one_fifth  avia-builder-el-195  el_after_av_one_fifth  el_before_av_hr  flex_column_div  column-top-margin'     ><\/div>\n<style type=\"text\/css\" data-created_by=\"avia_inline_auto\" id=\"style-css-av-1vjjl9-716b63cbdb031ad96198fea05fb80b47\">\n#top .hr.hr-invisible.av-1vjjl9-716b63cbdb031ad96198fea05fb80b47{\nheight:70px;\n}\n<\/style>\n<div  class='hr av-1vjjl9-716b63cbdb031ad96198fea05fb80b47 hr-invisible  avia-builder-el-196  el_after_av_one_fifth  el_before_av_textblock '><span class='hr-inner '><span class=\"hr-inner-style\"><\/span><\/span><\/div>\n\n<style type=\"text\/css\" data-created_by=\"avia_inline_auto\" id=\"style-css-av-mt2t5v25-bcac9ae8f454fe4dcd8f9814ef548f4b\">\n#top .av_textblock_section.av-mt2t5v25-bcac9ae8f454fe4dcd8f9814ef548f4b .avia_textblock{\ncolor:#ffcc01;\ntext-align:center;\n}\n<\/style>\n<section  class='av_textblock_section av-mt2t5v25-bcac9ae8f454fe4dcd8f9814ef548f4b '   itemscope=\"itemscope\" itemtype=\"https:\/\/schema.org\/CreativeWork\" ><div class='avia_textblock av_inherit_color'  itemprop=\"text\" ><p><strong>Marketing Team<\/strong><\/p>\n<\/div><\/section>\n<div  class='flex_column av-eforj1-5023f48bc7a751e13d749d6a9c9d57dc av_one_fifth  avia-builder-el-198  el_after_av_textblock  el_before_av_one_fifth  first flex_column_div  column-top-margin'     ><p>\n<style type=\"text\/css\" data-created_by=\"avia_inline_auto\" id=\"style-css-av-mt2rptpp-6273624fe09c6a7b03bdec9c04507827\">\n.avia-image-container.av-mt2rptpp-6273624fe09c6a7b03bdec9c04507827 img.avia_image{\nbox-shadow:none;\n}\n.avia-image-container.av-mt2rptpp-6273624fe09c6a7b03bdec9c04507827 .av-image-caption-overlay-center{\ncolor:#ffffff;\n}\n<\/style>\n<div  class='avia-image-container av-mt2rptpp-6273624fe09c6a7b03bdec9c04507827 av-styling-circle avia-align-center  avia-builder-el-199  el_before_av_textblock  avia-builder-el-first '   itemprop=\"image\" itemscope=\"itemscope\" itemtype=\"https:\/\/schema.org\/ImageObject\" ><div class=\"avia-image-container-inner\"><div class=\"avia-image-overlay-wrap\"><img decoding=\"async\" fetchpriority=\"high\" class='wp-image-11111 avia-img-lazy-loading-not-11111 avia_image ' src=\"https:\/\/www.immowelt.de\/immobilienprofis\/wp-content\/uploads\/2026\/08\/Design-ohne-Titel-8-300x300.png\" alt='' title='Design ohne Titel (8)'  height=\"300\" width=\"300\"  itemprop=\"thumbnailUrl\" srcset=\"https:\/\/www.immowelt.de\/immobilienprofis\/wp-content\/uploads\/2026\/08\/Design-ohne-Titel-8-300x300.png 300w, https:\/\/www.immowelt.de\/immobilienprofis\/wp-content\/uploads\/2026\/08\/Design-ohne-Titel-8-80x80.png 80w, https:\/\/www.immowelt.de\/immobilienprofis\/wp-content\/uploads\/2026\/08\/Design-ohne-Titel-8-768x768.png 768w, https:\/\/www.immowelt.de\/immobilienprofis\/wp-content\/uploads\/2026\/08\/Design-ohne-Titel-8-36x36.png 36w, https:\/\/www.immowelt.de\/immobilienprofis\/wp-content\/uploads\/2026\/08\/Design-ohne-Titel-8-180x180.png 180w, https:\/\/www.immowelt.de\/immobilienprofis\/wp-content\/uploads\/2026\/08\/Design-ohne-Titel-8-705x705.png 705w, https:\/\/www.immowelt.de\/immobilienprofis\/wp-content\/uploads\/2026\/08\/Design-ohne-Titel-8.png 1000w\" sizes=\"(max-width: 300px) 100vw, 300px\" \/><\/div><\/div><\/div><br \/>\n<section  class='av_textblock_section av-mt2rp88f-55960df3bb5a6bbae1477de276d04ebe '   itemscope=\"itemscope\" itemtype=\"https:\/\/schema.org\/CreativeWork\" ><div class='avia_textblock'  itemprop=\"text\" ><p style=\"text-align: center;\"><strong>Veit Klermund<br \/>\n<\/strong>Head of Strategic Partnerships<\/p>\n<\/div><\/section><\/p><\/div><div  class='flex_column av-72oigd-3cd28d653e501d3f11eb7725948a4b82 av_one_fifth  avia-builder-el-201  el_after_av_one_fifth  el_before_av_one_fifth  flex_column_div  column-top-margin'     ><p>\n<style type=\"text\/css\" data-created_by=\"avia_inline_auto\" id=\"style-css-av-mfxvysl7-33e4a9eda6bd7a2b202797a3fa3ae118\">\n.avia-image-container.av-mfxvysl7-33e4a9eda6bd7a2b202797a3fa3ae118 img.avia_image{\nbox-shadow:none;\n}\n.avia-image-container.av-mfxvysl7-33e4a9eda6bd7a2b202797a3fa3ae118 .av-image-caption-overlay-center{\ncolor:#ffffff;\n}\n<\/style>\n<div  class='avia-image-container av-mfxvysl7-33e4a9eda6bd7a2b202797a3fa3ae118 av-styling-circle avia-align-center  avia-builder-el-202  el_before_av_textblock  avia-builder-el-first '   itemprop=\"image\" itemscope=\"itemscope\" itemtype=\"https:\/\/schema.org\/ImageObject\" ><div class=\"avia-image-container-inner\"><div class=\"avia-image-overlay-wrap\"><img decoding=\"async\" fetchpriority=\"high\" class='wp-image-6443 avia-img-lazy-loading-not-6443 avia_image ' src=\"https:\/\/www.immowelt.de\/immobilienprofis\/wp-content\/uploads\/2025\/09\/julia-oettig-immowelt.png\" alt='' title='julia-oettig-immowelt'  height=\"500\" width=\"500\"  itemprop=\"thumbnailUrl\" srcset=\"https:\/\/www.immowelt.de\/immobilienprofis\/wp-content\/uploads\/2025\/09\/julia-oettig-immowelt.png 500w, https:\/\/www.immowelt.de\/immobilienprofis\/wp-content\/uploads\/2025\/09\/julia-oettig-immowelt-300x300.png 300w, https:\/\/www.immowelt.de\/immobilienprofis\/wp-content\/uploads\/2025\/09\/julia-oettig-immowelt-80x80.png 80w, https:\/\/www.immowelt.de\/immobilienprofis\/wp-content\/uploads\/2025\/09\/julia-oettig-immowelt-36x36.png 36w, https:\/\/www.immowelt.de\/immobilienprofis\/wp-content\/uploads\/2025\/09\/julia-oettig-immowelt-180x180.png 180w\" sizes=\"(max-width: 500px) 100vw, 500px\" \/><\/div><\/div><\/div><br \/>\n<section  class='av_textblock_section av-mfxvymm0-f577ab4118797eb81326bf9462725a63 '   itemscope=\"itemscope\" itemtype=\"https:\/\/schema.org\/CreativeWork\" ><div class='avia_textblock'  itemprop=\"text\" ><p style=\"text-align: center;\"><strong>Julia Oettig<br \/>\n<\/strong>Head of B2B Marketing<\/p>\n<\/div><\/section><\/p><\/div><div  class='flex_column av-64bl4t-ceaf197c6a1cfb5e39714cf72e16dc05 av_one_fifth  avia-builder-el-204  el_after_av_one_fifth  el_before_av_one_fifth  flex_column_div  column-top-margin'     ><p>\n<style type=\"text\/css\" data-created_by=\"avia_inline_auto\" id=\"style-css-av-mfxvxobt-027f16599e135d2847253df3c132ae8f\">\n.avia-image-container.av-mfxvxobt-027f16599e135d2847253df3c132ae8f img.avia_image{\nbox-shadow:none;\n}\n.avia-image-container.av-mfxvxobt-027f16599e135d2847253df3c132ae8f .av-image-caption-overlay-center{\ncolor:#ffffff;\n}\n<\/style>\n<div  class='avia-image-container av-mfxvxobt-027f16599e135d2847253df3c132ae8f av-styling-circle avia-align-center  avia-builder-el-205  el_before_av_textblock  avia-builder-el-first '   itemprop=\"image\" itemscope=\"itemscope\" itemtype=\"https:\/\/schema.org\/ImageObject\" ><div class=\"avia-image-container-inner\"><div class=\"avia-image-overlay-wrap\"><img decoding=\"async\" fetchpriority=\"high\" class='wp-image-10756 avia-img-lazy-loading-not-10756 avia_image ' src=\"https:\/\/www.immowelt.de\/immobilienprofis\/wp-content\/uploads\/2026\/08\/DSCF2077-300x300.jpg\" alt='' title='DSCF2077'  height=\"300\" width=\"300\"  itemprop=\"thumbnailUrl\" srcset=\"https:\/\/www.immowelt.de\/immobilienprofis\/wp-content\/uploads\/2026\/08\/DSCF2077-300x300.jpg 300w, https:\/\/www.immowelt.de\/immobilienprofis\/wp-content\/uploads\/2026\/08\/DSCF2077-1030x1030.jpg 1030w, https:\/\/www.immowelt.de\/immobilienprofis\/wp-content\/uploads\/2026\/08\/DSCF2077-80x80.jpg 80w, https:\/\/www.immowelt.de\/immobilienprofis\/wp-content\/uploads\/2026\/08\/DSCF2077-768x768.jpg 768w, https:\/\/www.immowelt.de\/immobilienprofis\/wp-content\/uploads\/2026\/08\/DSCF2077-1536x1536.jpg 1536w, https:\/\/www.immowelt.de\/immobilienprofis\/wp-content\/uploads\/2026\/08\/DSCF2077-36x36.jpg 36w, https:\/\/www.immowelt.de\/immobilienprofis\/wp-content\/uploads\/2026\/08\/DSCF2077-180x180.jpg 180w, https:\/\/www.immowelt.de\/immobilienprofis\/wp-content\/uploads\/2026\/08\/DSCF2077-1500x1500.jpg 1500w, https:\/\/www.immowelt.de\/immobilienprofis\/wp-content\/uploads\/2026\/08\/DSCF2077-705x705.jpg 705w, https:\/\/www.immowelt.de\/immobilienprofis\/wp-content\/uploads\/2026\/08\/DSCF2077.jpg 1868w\" sizes=\"(max-width: 300px) 100vw, 300px\" \/><\/div><\/div><\/div><br \/>\n<section  class='av_textblock_section av-mfxvydix-6fbb6d31633c6eddb60ba5ae6c751c45 '   itemscope=\"itemscope\" itemtype=\"https:\/\/schema.org\/CreativeWork\" ><div class='avia_textblock'  itemprop=\"text\" ><p style=\"text-align: center;\"><strong>Franziska Kral<br \/>\n<\/strong>Lead B2B Marketing &#038; Events<\/p>\n<\/div><\/section><\/p><\/div><div  class='flex_column av-4b76zh-ba4ea877f219f0a63a6370a9b0395824 av_one_fifth  avia-builder-el-207  el_after_av_one_fifth  el_before_av_one_fifth  flex_column_div  column-top-margin'     ><p>\n<style type=\"text\/css\" data-created_by=\"avia_inline_auto\" id=\"style-css-av-mfxvwdvs-e92f7da6ff8bbbf176a6594f164d5293\">\n.avia-image-container.av-mfxvwdvs-e92f7da6ff8bbbf176a6594f164d5293 img.avia_image{\nbox-shadow:none;\n}\n.avia-image-container.av-mfxvwdvs-e92f7da6ff8bbbf176a6594f164d5293 .av-image-caption-overlay-center{\ncolor:#ffffff;\n}\n<\/style>\n<div  class='avia-image-container av-mfxvwdvs-e92f7da6ff8bbbf176a6594f164d5293 av-styling-circle avia-align-center  avia-builder-el-208  el_before_av_textblock  avia-builder-el-first '   itemprop=\"image\" itemscope=\"itemscope\" itemtype=\"https:\/\/schema.org\/ImageObject\" ><div class=\"avia-image-container-inner\"><div class=\"avia-image-overlay-wrap\"><img decoding=\"async\" fetchpriority=\"high\" class='wp-image-6445 avia-img-lazy-loading-not-6445 avia_image ' src=\"https:\/\/www.immowelt.de\/immobilienprofis\/wp-content\/uploads\/2025\/09\/anja-reichelmann-immowelt.png\" alt='' title='anja-reichelmann-immowelt'  height=\"500\" width=\"500\"  itemprop=\"thumbnailUrl\" srcset=\"https:\/\/www.immowelt.de\/immobilienprofis\/wp-content\/uploads\/2025\/09\/anja-reichelmann-immowelt.png 500w, https:\/\/www.immowelt.de\/immobilienprofis\/wp-content\/uploads\/2025\/09\/anja-reichelmann-immowelt-300x300.png 300w, https:\/\/www.immowelt.de\/immobilienprofis\/wp-content\/uploads\/2025\/09\/anja-reichelmann-immowelt-80x80.png 80w, https:\/\/www.immowelt.de\/immobilienprofis\/wp-content\/uploads\/2025\/09\/anja-reichelmann-immowelt-36x36.png 36w, https:\/\/www.immowelt.de\/immobilienprofis\/wp-content\/uploads\/2025\/09\/anja-reichelmann-immowelt-180x180.png 180w\" sizes=\"(max-width: 500px) 100vw, 500px\" \/><\/div><\/div><\/div><br \/>\n<section  class='av_textblock_section av-mfxvxd9u-e7dd92bf7f5d9f6e312a1dfc35b5f352 '   itemscope=\"itemscope\" itemtype=\"https:\/\/schema.org\/CreativeWork\" ><div class='avia_textblock'  itemprop=\"text\" ><p style=\"text-align: center;\"><strong>Anja Reichelmann<br \/>\n<\/strong>Event Marketing Manager<\/p>\n<\/div><\/section><\/p><\/div><div  class='flex_column av-31avyl-7830136b8e30a445a3d9639976004e17 av_one_fifth  avia-builder-el-210  el_after_av_one_fifth  el_before_av_one_fifth  flex_column_div  column-top-margin'     ><p>\n<style type=\"text\/css\" data-created_by=\"avia_inline_auto\" id=\"style-css-av-mfxvyyct-a6f7956d8f03fa63e707185d9eb4a2c5\">\n.avia-image-container.av-mfxvyyct-a6f7956d8f03fa63e707185d9eb4a2c5 img.avia_image{\nbox-shadow:none;\n}\n.avia-image-container.av-mfxvyyct-a6f7956d8f03fa63e707185d9eb4a2c5 .av-image-caption-overlay-center{\ncolor:#ffffff;\n}\n<\/style>\n<div  class='avia-image-container av-mfxvyyct-a6f7956d8f03fa63e707185d9eb4a2c5 av-styling-circle avia-align-center  avia-builder-el-211  el_before_av_textblock  avia-builder-el-first '   itemprop=\"image\" itemscope=\"itemscope\" itemtype=\"https:\/\/schema.org\/ImageObject\" ><div class=\"avia-image-container-inner\"><div class=\"avia-image-overlay-wrap\"><img decoding=\"async\" fetchpriority=\"high\" class='wp-image-6442 avia-img-lazy-loading-not-6442 avia_image ' src=\"https:\/\/www.immowelt.de\/immobilienprofis\/wp-content\/uploads\/2025\/09\/leonie-raeppgen-immowelt.png\" alt='' title='leonie-raeppgen-immowelt'  height=\"500\" width=\"500\"  itemprop=\"thumbnailUrl\" srcset=\"https:\/\/www.immowelt.de\/immobilienprofis\/wp-content\/uploads\/2025\/09\/leonie-raeppgen-immowelt.png 500w, https:\/\/www.immowelt.de\/immobilienprofis\/wp-content\/uploads\/2025\/09\/leonie-raeppgen-immowelt-300x300.png 300w, https:\/\/www.immowelt.de\/immobilienprofis\/wp-content\/uploads\/2025\/09\/leonie-raeppgen-immowelt-80x80.png 80w, https:\/\/www.immowelt.de\/immobilienprofis\/wp-content\/uploads\/2025\/09\/leonie-raeppgen-immowelt-36x36.png 36w, https:\/\/www.immowelt.de\/immobilienprofis\/wp-content\/uploads\/2025\/09\/leonie-raeppgen-immowelt-180x180.png 180w\" sizes=\"(max-width: 500px) 100vw, 500px\" \/><\/div><\/div><\/div><br \/>\n<section  class='av_textblock_section av-mfxvz87i-99ba05f3688e50f55d1533250324f988 '   itemscope=\"itemscope\" itemtype=\"https:\/\/schema.org\/CreativeWork\" ><div class='avia_textblock'  itemprop=\"text\" ><p style=\"text-align: center;\"><strong>Leonie R\u00e4ppgen<br \/>\n<\/strong>Senior Marketing Manager &#8211; immowelt impuls<\/p>\n<\/div><\/section><\/p><\/div><div  class='flex_column av-by30zh-2dc833001004dffadd20e9cd7f7c3885 av_one_fifth  avia-builder-el-213  el_after_av_one_fifth  el_before_av_one_fifth  first flex_column_div  column-top-margin'     ><p>\n<style type=\"text\/css\" data-created_by=\"avia_inline_auto\" id=\"style-css-av-mt2tftj1-2508ced54be342062822ede6666095a7\">\n.avia-image-container.av-mt2tftj1-2508ced54be342062822ede6666095a7 img.avia_image{\nbox-shadow:none;\n}\n.avia-image-container.av-mt2tftj1-2508ced54be342062822ede6666095a7 .av-image-caption-overlay-center{\ncolor:#ffffff;\n}\n<\/style>\n<div  class='avia-image-container av-mt2tftj1-2508ced54be342062822ede6666095a7 av-styling-circle avia-align-center  avia-builder-el-214  el_before_av_textblock  avia-builder-el-first '   itemprop=\"image\" itemscope=\"itemscope\" itemtype=\"https:\/\/schema.org\/ImageObject\" ><div class=\"avia-image-container-inner\"><div class=\"avia-image-overlay-wrap\"><img decoding=\"async\" fetchpriority=\"high\" class='wp-image-11150 avia-img-lazy-loading-not-11150 avia_image ' src=\"https:\/\/www.immowelt.de\/immobilienprofis\/wp-content\/uploads\/2026\/08\/Immowelt-Logo-Removal-4-300x300.png\" alt='' title='Immowelt Logo Removal (4)'  height=\"300\" width=\"300\"  itemprop=\"thumbnailUrl\" srcset=\"https:\/\/www.immowelt.de\/immobilienprofis\/wp-content\/uploads\/2026\/08\/Immowelt-Logo-Removal-4-300x300.png 300w, https:\/\/www.immowelt.de\/immobilienprofis\/wp-content\/uploads\/2026\/08\/Immowelt-Logo-Removal-4-80x80.png 80w, https:\/\/www.immowelt.de\/immobilienprofis\/wp-content\/uploads\/2026\/08\/Immowelt-Logo-Removal-4-768x768.png 768w, https:\/\/www.immowelt.de\/immobilienprofis\/wp-content\/uploads\/2026\/08\/Immowelt-Logo-Removal-4-36x36.png 36w, https:\/\/www.immowelt.de\/immobilienprofis\/wp-content\/uploads\/2026\/08\/Immowelt-Logo-Removal-4-180x180.png 180w, https:\/\/www.immowelt.de\/immobilienprofis\/wp-content\/uploads\/2026\/08\/Immowelt-Logo-Removal-4-705x705.png 705w, https:\/\/www.immowelt.de\/immobilienprofis\/wp-content\/uploads\/2026\/08\/Immowelt-Logo-Removal-4.png 1000w\" sizes=\"(max-width: 300px) 100vw, 300px\" \/><\/div><\/div><\/div><br \/>\n<section  class='av_textblock_section av-mt2tdb78-7dac687f69e78186bb1446098f13d224 '   itemscope=\"itemscope\" itemtype=\"https:\/\/schema.org\/CreativeWork\" ><div class='avia_textblock'  itemprop=\"text\" ><p style=\"text-align: center;\"><strong>Lena-Jasmin Frohna<br \/>\n<\/strong>Social Media Marketing Manager<\/p>\n<\/div><\/section><\/p><\/div><div  class='flex_column av-amazot-bc6601a9ebfb03b06ba88a088d48a1f7 av_one_fifth  avia-builder-el-216  el_after_av_one_fifth  el_before_av_one_fifth  flex_column_div  column-top-margin'     ><p>\n<style type=\"text\/css\" data-created_by=\"avia_inline_auto\" id=\"style-css-av-mt2tgp7o-26b987d7438958dc37830a954ee88ed6\">\n.avia-image-container.av-mt2tgp7o-26b987d7438958dc37830a954ee88ed6 img.avia_image{\nbox-shadow:none;\n}\n.avia-image-container.av-mt2tgp7o-26b987d7438958dc37830a954ee88ed6 .av-image-caption-overlay-center{\ncolor:#ffffff;\n}\n<\/style>\n<div  class='avia-image-container av-mt2tgp7o-26b987d7438958dc37830a954ee88ed6 av-styling-circle avia-align-center  avia-builder-el-217  el_before_av_textblock  avia-builder-el-first '   itemprop=\"image\" itemscope=\"itemscope\" itemtype=\"https:\/\/schema.org\/ImageObject\" ><div class=\"avia-image-container-inner\"><div class=\"avia-image-overlay-wrap\"><img decoding=\"async\" fetchpriority=\"high\" class='wp-image-11151 avia-img-lazy-loading-not-11151 avia_image ' src=\"https:\/\/www.immowelt.de\/immobilienprofis\/wp-content\/uploads\/2026\/08\/Immowelt-Logo-Removal-5-300x300.png\" alt='' title='Immowelt Logo Removal (5)'  height=\"300\" width=\"300\"  itemprop=\"thumbnailUrl\" srcset=\"https:\/\/www.immowelt.de\/immobilienprofis\/wp-content\/uploads\/2026\/08\/Immowelt-Logo-Removal-5-300x300.png 300w, https:\/\/www.immowelt.de\/immobilienprofis\/wp-content\/uploads\/2026\/08\/Immowelt-Logo-Removal-5-80x80.png 80w, https:\/\/www.immowelt.de\/immobilienprofis\/wp-content\/uploads\/2026\/08\/Immowelt-Logo-Removal-5-768x768.png 768w, https:\/\/www.immowelt.de\/immobilienprofis\/wp-content\/uploads\/2026\/08\/Immowelt-Logo-Removal-5-36x36.png 36w, https:\/\/www.immowelt.de\/immobilienprofis\/wp-content\/uploads\/2026\/08\/Immowelt-Logo-Removal-5-180x180.png 180w, https:\/\/www.immowelt.de\/immobilienprofis\/wp-content\/uploads\/2026\/08\/Immowelt-Logo-Removal-5-705x705.png 705w, https:\/\/www.immowelt.de\/immobilienprofis\/wp-content\/uploads\/2026\/08\/Immowelt-Logo-Removal-5.png 1000w\" sizes=\"(max-width: 300px) 100vw, 300px\" \/><\/div><\/div><\/div><br \/>\n<section  class='av_textblock_section av-mt2teqds-0be7250cba8749e5f949149dc2bc9db5 '   itemscope=\"itemscope\" itemtype=\"https:\/\/schema.org\/CreativeWork\" ><div class='avia_textblock'  itemprop=\"text\" ><p style=\"text-align: center;\"><strong>Marie-Luise Zaehr<br \/>\n<\/strong>Product Marketing Manager<\/p>\n<\/div><\/section><\/p><\/div><div  class='flex_column av-9hfsq5-9ddd2fd306f2a978a52a94129af7c63e av_one_fifth  avia-builder-el-219  el_after_av_one_fifth  el_before_av_one_fifth  flex_column_div  column-top-margin'     ><\/div><div  class='flex_column av-7z7f8d-234e3bb7f674130a7f42e7186e12b1b1 av_one_fifth  avia-builder-el-220  el_after_av_one_fifth  el_before_av_one_fifth  flex_column_div  column-top-margin'     ><\/div><div  class='flex_column av-5eu8fx-16579a264d94ed48c239bb85fd6b68ae av_one_fifth  avia-builder-el-221  el_after_av_one_fifth  avia-builder-el-last  flex_column_div  column-top-margin'     ><\/div>\n\n<\/div><\/div><\/div><!-- close content main div --><\/div><\/div>\n<style type=\"text\/css\" data-created_by=\"avia_inline_auto\" id=\"style-css-av-3kj6st-e15a38526cc01425bb2217be0da4c195\">\n.avia-section.av-3kj6st-e15a38526cc01425bb2217be0da4c195{\nbackground-repeat:no-repeat;\nbackground-image:url(https:\/\/www.immowelt.de\/immobilienprofis\/wp-content\/uploads\/2026\/05\/nyce-immowelt-b2b-hero-bg-1.jpg);\nbackground-position:50% 100%;\nbackground-attachment:scroll;\n}\n<\/style>\n<div id='kontakt'  class='avia-section av-3kj6st-e15a38526cc01425bb2217be0da4c195 main_color avia-section-default avia-no-border-styling  avia-builder-el-222  el_after_av_section  el_before_av_section  avia-full-stretch avia-bg-style-scroll container_wrap fullsize'  data-section-bg-repeat='stretch'><div class='container av-section-cont-open' ><div class='template-page content  av-content-full alpha units'><div class='post-entry post-entry-type-page post-entry-6125'><div class='entry-content-wrapper clearfix'>\n<div  class='flex_column av-obeem5-b21a40477c7c9623db3508eee22d5301 av_one_fifth  avia-builder-el-223  el_before_av_three_fifth  avia-builder-el-first  first flex_column_div  '     ><\/div><div  class='flex_column av-27ckil-d5cbf224e54da523830f84c0039db0ba av_three_fifth  avia-builder-el-224  el_after_av_one_fifth  el_before_av_one_fifth  flex_column_div  '     ><p><section  class='av_textblock_section av-l8phtp-2a2d873b6bda1e56fd8469365b4463bd '   itemscope=\"itemscope\" itemtype=\"https:\/\/schema.org\/CreativeWork\" ><div class='avia_textblock av_inherit_color'  itemprop=\"text\" ><p><strong>Ihr Kontakt zu unserem Messe-Team<\/strong><\/p>\n<\/div><\/section><br \/>\n<section  class='av_textblock_section av-j7o91p-3f5c58574be96ee83c86a0b3ecdcfab9 '   itemscope=\"itemscope\" itemtype=\"https:\/\/schema.org\/CreativeWork\" ><div class='avia_textblock'  itemprop=\"text\" ><h2 class=\"av-special-heading-tag \">Schreiben Sie uns<\/h2>\n<p>Jetzt Termin anfragen und mit dem immowelt Team auf der Expo Real ins Gespr\u00e4ch kommen.<\/p>\n<\/div><\/section><\/p><\/div><div  class='flex_column av-hyz0y5-3e59f99bac7a9b00073453a348395484 av_one_fifth  avia-builder-el-227  el_after_av_three_fifth  el_before_av_one_fifth  flex_column_div  '     ><\/div><div  class='flex_column av-1mejgd-a892f9fa780eeb413f02ad6eec317a9e av_one_fifth  avia-builder-el-228  el_after_av_one_fifth  el_before_av_three_fifth  first av-break-at-tablet flex_column_div  column-top-margin'     ><\/div>\n<style type=\"text\/css\" data-created_by=\"avia_inline_auto\" id=\"style-css-av-egrzkd-1e4cc4c0c4c07f5d9c313bbb190cf443\">\n@keyframes av_boxShadowEffect_av-egrzkd-1e4cc4c0c4c07f5d9c313bbb190cf443-column {\n0%   { box-shadow:  0 0 0 0 #e2e2e2; opacity: 1; }\n100% { box-shadow:  0 0 10px 0 #e2e2e2; opacity: 1; }\n}\n.flex_column.av-egrzkd-1e4cc4c0c4c07f5d9c313bbb190cf443{\nbox-shadow: 0 0 10px 0 #e2e2e2;\nborder-radius:30px 30px 30px 30px;\npadding:40px 40px 40px 40px;\nbackground-color:#ffffff;\n}\n<\/style>\n<div  class='flex_column av-egrzkd-1e4cc4c0c4c07f5d9c313bbb190cf443 av_three_fifth  avia-builder-el-229  el_after_av_one_fifth  el_before_av_one_fifth  av-break-at-tablet flex_column_div shadow-not-animated  column-top-margin'     ><p><br \/>\n<section  class='av_textblock_section av-bgn0yl-ea4ff4d05c7edd7c68dc4fb69955f1bc '   itemscope=\"itemscope\" itemtype=\"https:\/\/schema.org\/CreativeWork\" ><div class='avia_textblock'  itemprop=\"text\" ><p style=\"text-align: center;\">Daraufhin melden wir uns und vereinbaren gern einen Termin mit Ihnen an unserem Messestand (Halle B3, Stand 414).<\/p>\n<\/div><\/section><\/p><\/div><div  class='flex_column av-8nwwu5-2a518adb73d60bc727ba88b808fa47f8 av_one_fifth  avia-builder-el-232  el_after_av_three_fifth  el_before_av_one_fifth  av-break-at-tablet flex_column_div  column-top-margin'     ><\/div><div  class='flex_column av-7eaogt-eb830c82162e057700ca5c8d0562661d av_one_fifth  avia-builder-el-233  el_after_av_one_fifth  el_before_av_three_fifth  first flex_column_div  column-top-margin'     ><\/div>\n<style type=\"text\/css\" data-created_by=\"avia_inline_auto\" id=\"style-css-av-5w18e5-0eccf5e0285fe14f2d03c390bc7ccd7a\">\n.flex_column.av-5w18e5-0eccf5e0285fe14f2d03c390bc7ccd7a{\nborder-radius:30px 30px 30px 30px;\npadding:40px 40px 40px 40px;\n}\n<\/style>\n<div  class='flex_column av-5w18e5-0eccf5e0285fe14f2d03c390bc7ccd7a av_three_fifth  avia-builder-el-234  el_after_av_one_fifth  el_before_av_one_fifth  flex_column_div  column-top-margin'     ><style type=\"text\/css\" data-created_by=\"avia_inline_auto\" id=\"style-css-av-4dy031-dced229cc108d7674f875458edda582c\">\n#top .av_textblock_section.av-4dy031-dced229cc108d7674f875458edda582c .avia_textblock{\nfont-size:12px;\n}\n<\/style>\n<section  class='av_textblock_section av-4dy031-dced229cc108d7674f875458edda582c '   itemscope=\"itemscope\" itemtype=\"https:\/\/schema.org\/CreativeWork\" ><div class='avia_textblock'  itemprop=\"text\" ><p style=\"text-align: center;\">Bitte f\u00fcllen Sie alle mit * gekennzeichneten Felder aus. Mit dem Absenden dieses Formulars akzeptieren Sie unsere\u00a0<a href=\"https:\/\/www.immowelt.de\/immoweltag\/datenschutz\">Datenschutzbestimmungen.<\/a><\/p>\n<\/div><\/section><\/div><div  class='flex_column av-2ihdj1-86842acb20ed363876e67d6efe4cf2cd av_one_fifth  avia-builder-el-236  el_after_av_three_fifth  avia-builder-el-last  flex_column_div  column-top-margin'     ><\/div><\/div><\/div><\/div><!-- close content main div --><\/div><\/div><div id='av_section_9'  class='avia-section av-4yh8ql-c16b7c0031d951cdfd792d660cc219e0 main_color avia-section-default avia-no-border-styling  avia-builder-el-237  el_after_av_section  avia-builder-el-last  avia-bg-style-scroll container_wrap fullsize'  ><div class='container av-section-cont-open' ><div class='template-page content  av-content-full alpha units'><div class='post-entry post-entry-type-page post-entry-6125'><div class='entry-content-wrapper clearfix'>\n\n<style type=\"text\/css\" data-created_by=\"avia_inline_auto\" id=\"style-css-av-25bwrx-bf9cd1371d0519a349f0b58270015080\">\n#top .av_textblock_section.av-25bwrx-bf9cd1371d0519a349f0b58270015080 .avia_textblock{\nfont-size:14px;\n}\n<\/style>\n<section  class='av_textblock_section av-25bwrx-bf9cd1371d0519a349f0b58270015080 '   itemscope=\"itemscope\" itemtype=\"https:\/\/schema.org\/CreativeWork\" ><div class='avia_textblock'  itemprop=\"text\" ><p style=\"text-align: center; font-size: 8px;\">* Quelle: 1. Platz Gesamtsieger Immobilienportale, Studie \u201eDeutschlands Beste Online-Portale: Immobilienportale\u201c \u00a9 DISQ im Auftrag von ntv, Mai 2026<br \/>\n** Quelle:Interne Auswertung immowelt (DE + AT), Stand 04\/2026.<br \/>\n*** Quelle: INNOFACT AG, Befragung von 207 Immobilienprofis (Makler und Vertreter der Immobilienbranche) im Auftrag der AVIV Germany GmbH, Dezember 2025<br \/>\n**** Quelle: Interne immowelt.de Datenanalyse auf Basis aller erfassten Kaufanfragen in Deutschland (bundesweite Aggregation), YoY-Vergleiche 2024\/2025<\/p>\n<\/div><\/section>\n<\/p>\n","protected":false},"excerpt":{"rendered":"","protected":false},"author":5,"featured_media":3291,"parent":0,"menu_order":0,"comment_status":"closed","ping_status":"closed","template":"","meta":{"footnotes":""},"class_list":["post-6125","page","type-page","status-publish","has-post-thumbnail","hentry"],"yoast_head":"<!-- This site is optimized with the Yoast SEO plugin v27.8 - https:\/\/yoast.com\/product\/yoast-seo-wordpress\/ -->\n<title>Treffen Sie uns auf der Expo Real<\/title>\n<meta name=\"description\" content=\"Vom 5. bis 7. Oktober 2026 findet die Expo Real in M\u00fcnchen statt. Treffen Sie unser Team vor Ort!\" \/>\n<meta name=\"robots\" content=\"index, follow, max-snippet:-1, max-image-preview:large, max-video-preview:-1\" \/>\n<link rel=\"canonical\" href=\"https:\/\/www.immowelt.de\/immobilienprofis\/expo-real\" \/>\n<meta property=\"og:locale\" content=\"de_DE\" \/>\n<meta property=\"og:type\" content=\"article\" \/>\n<meta property=\"og:title\" content=\"Treffen Sie uns auf der Expo Real\" \/>\n<meta property=\"og:description\" content=\"Vom 5. bis 7. Oktober 2026 findet die Expo Real in M\u00fcnchen statt. Treffen Sie unser Team vor Ort!\" \/>\n<meta property=\"og:url\" content=\"https:\/\/www.immowelt.de\/immobilienprofis\/expo-real\" \/>\n<meta property=\"article:modified_time\" content=\"2026-09-02T12:26:26+00:00\" \/>\n<meta property=\"og:image\" content=\"https:\/\/www.immowelt.de\/immobilienprofis\/wp-content\/uploads\/2025\/06\/240607_IVD_Muenchen_Bergson_Tag2-0019-1030x687.jpg\" \/>\n\t<meta property=\"og:image:width\" content=\"1030\" \/>\n\t<meta property=\"og:image:height\" content=\"687\" \/>\n\t<meta property=\"og:image:type\" content=\"image\/jpeg\" \/>\n<meta name=\"twitter:card\" content=\"summary_large_image\" \/>\n<meta name=\"twitter:label1\" content=\"Gesch\u00e4tzte Lesezeit\" \/>\n\t<meta name=\"twitter:data1\" content=\"14\u00a0Minuten\" \/>\n<script type=\"application\/ld+json\" class=\"yoast-schema-graph\">{\"@context\":\"https:\\\/\\\/schema.org\",\"@graph\":[{\"@type\":\"WebPage\",\"@id\":\"https:\\\/\\\/www.immowelt.de\\\/immobilienprofis\\\/expo-real\",\"url\":\"https:\\\/\\\/www.immowelt.de\\\/immobilienprofis\\\/expo-real\",\"name\":\"Treffen Sie uns auf der Expo Real\",\"isPartOf\":{\"@id\":\"https:\\\/\\\/www.immowelt.de\\\/immobilienprofis\\\/#website\"},\"primaryImageOfPage\":{\"@id\":\"https:\\\/\\\/www.immowelt.de\\\/immobilienprofis\\\/expo-real#primaryimage\"},\"image\":{\"@id\":\"https:\\\/\\\/www.immowelt.de\\\/immobilienprofis\\\/expo-real#primaryimage\"},\"thumbnailUrl\":\"https:\\\/\\\/www.immowelt.de\\\/immobilienprofis\\\/wp-content\\\/uploads\\\/2025\\\/06\\\/240607_IVD_Muenchen_Bergson_Tag2-0019-scaled.jpg\",\"datePublished\":\"2025-09-23T11:08:11+00:00\",\"dateModified\":\"2026-09-02T12:26:26+00:00\",\"description\":\"Vom 5. bis 7. Oktober 2026 findet die Expo Real in M\u00fcnchen statt. Treffen Sie unser Team vor Ort!\",\"breadcrumb\":{\"@id\":\"https:\\\/\\\/www.immowelt.de\\\/immobilienprofis\\\/expo-real#breadcrumb\"},\"inLanguage\":\"de\",\"potentialAction\":[{\"@type\":\"ReadAction\",\"target\":[\"https:\\\/\\\/www.immowelt.de\\\/immobilienprofis\\\/expo-real\"]}]},{\"@type\":\"ImageObject\",\"inLanguage\":\"de\",\"@id\":\"https:\\\/\\\/www.immowelt.de\\\/immobilienprofis\\\/expo-real#primaryimage\",\"url\":\"https:\\\/\\\/www.immowelt.de\\\/immobilienprofis\\\/wp-content\\\/uploads\\\/2025\\\/06\\\/240607_IVD_Muenchen_Bergson_Tag2-0019-scaled.jpg\",\"contentUrl\":\"https:\\\/\\\/www.immowelt.de\\\/immobilienprofis\\\/wp-content\\\/uploads\\\/2025\\\/06\\\/240607_IVD_Muenchen_Bergson_Tag2-0019-scaled.jpg\",\"width\":2560,\"height\":1707},{\"@type\":\"BreadcrumbList\",\"@id\":\"https:\\\/\\\/www.immowelt.de\\\/immobilienprofis\\\/expo-real#breadcrumb\",\"itemListElement\":[{\"@type\":\"ListItem\",\"position\":1,\"name\":\"Startseite\",\"item\":\"https:\\\/\\\/www.immowelt.de\\\/immobilienprofis\\\/\"},{\"@type\":\"ListItem\",\"position\":2,\"name\":\"Expo Real\"}]},{\"@type\":\"WebSite\",\"@id\":\"https:\\\/\\\/www.immowelt.de\\\/immobilienprofis\\\/#website\",\"url\":\"https:\\\/\\\/www.immowelt.de\\\/immobilienprofis\\\/\",\"name\":\"\",\"description\":\"\",\"potentialAction\":[{\"@type\":\"SearchAction\",\"target\":{\"@type\":\"EntryPoint\",\"urlTemplate\":\"https:\\\/\\\/www.immowelt.de\\\/immobilienprofis\\\/?s={search_term_string}\"},\"query-input\":{\"@type\":\"PropertyValueSpecification\",\"valueRequired\":true,\"valueName\":\"search_term_string\"}}],\"inLanguage\":\"de\"}]}<\/script>\n<!-- \/ Yoast SEO plugin. -->","yoast_head_json":{"title":"Treffen Sie uns auf der Expo Real","description":"Vom 5. bis 7. Oktober 2026 findet die Expo Real in M\u00fcnchen statt. Treffen Sie unser Team vor Ort!","robots":{"index":"index","follow":"follow","max-snippet":"max-snippet:-1","max-image-preview":"max-image-preview:large","max-video-preview":"max-video-preview:-1"},"canonical":"https:\/\/www.immowelt.de\/immobilienprofis\/expo-real","og_locale":"de_DE","og_type":"article","og_title":"Treffen Sie uns auf der Expo Real","og_description":"Vom 5. bis 7. Oktober 2026 findet die Expo Real in M\u00fcnchen statt. Treffen Sie unser Team vor Ort!","og_url":"https:\/\/www.immowelt.de\/immobilienprofis\/expo-real","article_modified_time":"2026-09-02T12:26:26+00:00","og_image":[{"width":1030,"height":687,"url":"https:\/\/www.immowelt.de\/immobilienprofis\/wp-content\/uploads\/2025\/06\/240607_IVD_Muenchen_Bergson_Tag2-0019-1030x687.jpg","type":"image\/jpeg"}],"twitter_card":"summary_large_image","twitter_misc":{"Gesch\u00e4tzte Lesezeit":"14\u00a0Minuten"},"schema":{"@context":"https:\/\/schema.org","@graph":[{"@type":"WebPage","@id":"https:\/\/www.immowelt.de\/immobilienprofis\/expo-real","url":"https:\/\/www.immowelt.de\/immobilienprofis\/expo-real","name":"Treffen Sie uns auf der Expo Real","isPartOf":{"@id":"https:\/\/www.immowelt.de\/immobilienprofis\/#website"},"primaryImageOfPage":{"@id":"https:\/\/www.immowelt.de\/immobilienprofis\/expo-real#primaryimage"},"image":{"@id":"https:\/\/www.immowelt.de\/immobilienprofis\/expo-real#primaryimage"},"thumbnailUrl":"https:\/\/www.immowelt.de\/immobilienprofis\/wp-content\/uploads\/2025\/06\/240607_IVD_Muenchen_Bergson_Tag2-0019-scaled.jpg","datePublished":"2025-09-23T11:08:11+00:00","dateModified":"2026-09-02T12:26:26+00:00","description":"Vom 5. bis 7. Oktober 2026 findet die Expo Real in M\u00fcnchen statt. Treffen Sie unser Team vor Ort!","breadcrumb":{"@id":"https:\/\/www.immowelt.de\/immobilienprofis\/expo-real#breadcrumb"},"inLanguage":"de","potentialAction":[{"@type":"ReadAction","target":["https:\/\/www.immowelt.de\/immobilienprofis\/expo-real"]}]},{"@type":"ImageObject","inLanguage":"de","@id":"https:\/\/www.immowelt.de\/immobilienprofis\/expo-real#primaryimage","url":"https:\/\/www.immowelt.de\/immobilienprofis\/wp-content\/uploads\/2025\/06\/240607_IVD_Muenchen_Bergson_Tag2-0019-scaled.jpg","contentUrl":"https:\/\/www.immowelt.de\/immobilienprofis\/wp-content\/uploads\/2025\/06\/240607_IVD_Muenchen_Bergson_Tag2-0019-scaled.jpg","width":2560,"height":1707},{"@type":"BreadcrumbList","@id":"https:\/\/www.immowelt.de\/immobilienprofis\/expo-real#breadcrumb","itemListElement":[{"@type":"ListItem","position":1,"name":"Startseite","item":"https:\/\/www.immowelt.de\/immobilienprofis\/"},{"@type":"ListItem","position":2,"name":"Expo Real"}]},{"@type":"WebSite","@id":"https:\/\/www.immowelt.de\/immobilienprofis\/#website","url":"https:\/\/www.immowelt.de\/immobilienprofis\/","name":"","description":"","potentialAction":[{"@type":"SearchAction","target":{"@type":"EntryPoint","urlTemplate":"https:\/\/www.immowelt.de\/immobilienprofis\/?s={search_term_string}"},"query-input":{"@type":"PropertyValueSpecification","valueRequired":true,"valueName":"search_term_string"}}],"inLanguage":"de"}]}},"_links":{"self":[{"href":"https:\/\/www.immowelt.de\/immobilienprofis\/wp-json\/wp\/v2\/pages\/6125","targetHints":{"allow":["GET"]}}],"collection":[{"href":"https:\/\/www.immowelt.de\/immobilienprofis\/wp-json\/wp\/v2\/pages"}],"about":[{"href":"https:\/\/www.immowelt.de\/immobilienprofis\/wp-json\/wp\/v2\/types\/page"}],"author":[{"embeddable":true,"href":"https:\/\/www.immowelt.de\/immobilienprofis\/wp-json\/wp\/v2\/users\/5"}],"replies":[{"embeddable":true,"href":"https:\/\/www.immowelt.de\/immobilienprofis\/wp-json\/wp\/v2\/comments?post=6125"}],"version-history":[{"count":10,"href":"https:\/\/www.immowelt.de\/immobilienprofis\/wp-json\/wp\/v2\/pages\/6125\/revisions"}],"predecessor-version":[{"id":11282,"href":"https:\/\/www.immowelt.de\/immobilienprofis\/wp-json\/wp\/v2\/pages\/6125\/revisions\/11282"}],"wp:featuredmedia":[{"embeddable":true,"href":"https:\/\/www.immowelt.de\/immobilienprofis\/wp-json\/wp\/v2\/media\/3291"}],"wp:attachment":[{"href":"https:\/\/www.immowelt.de\/immobilienprofis\/wp-json\/wp\/v2\/media?parent=6125"}],"curies":[{"name":"wp","href":"https:\/\/api.w.org\/{rel}","templated":true}]}}